{"id":2496,"date":"2019-04-06T08:11:49","date_gmt":"2019-04-06T08:11:49","guid":{"rendered":"https:\/\/www.arrosagedujardin.fr\/guide\/?page_id=2496"},"modified":"2026-04-23T18:10:13","modified_gmt":"2026-04-23T18:10:13","slug":"arbres-fruitiers-nains","status":"publish","type":"page","link":"https:\/\/www.arrosagedujardin.fr\/guide\/arbres-fruitiers-nains\/","title":{"rendered":"Arbres fruitiers nains"},"content":{"rendered":"\n<h1><span class=\"ez-toc-section\" id=\"Les_arbres_fruitiers_nains\"><\/span>Les arbres fruitiers nains<span class=\"ez-toc-section-end\"><\/span><\/h1>\n\n\n\n<p>Ce n\u2019est pas parce que vous n\u2019avez pas de jardin que vous ne pouvez pas avoir d\u2019arbres fruitiers ! <\/p>\n\n\n\n<p>\u00c9tonnant, non ?<\/p>\n\n\n\n<p>Si vous disposez d\u2019une terrasse, d\u2019un balcon ou d\u2019un petit jardin, les arbres fruitiers nains vous permettent de cultiver des fruits de la m\u00eame taille et tout aussi go\u00fbteux que leurs grands fr\u00e8res.<\/p>\n\n\n\n<p>En pleine terre ou en pot, \u00e0 l\u2019\u00e2ge adulte, ces <a href=\"https:\/\/www.arrosagedujardin.fr\/guide\/arbres-fruitiers\/\">arbres fruitiers<\/a> ne d\u00e9passent pas deux m\u00e8tres de haut.<\/p>\n\n\n\n<div id=\"ez-toc-container\" class=\"ez-toc-v2_0_71 counter-hierarchy ez-toc-counter ez-toc-grey ez-toc-container-direction\">\n<div class=\"ez-toc-title-container\">\n<p class=\"ez-toc-title\" style=\"cursor:inherit\">Sommaire<\/p>\n<span class=\"ez-toc-title-toggle\"><a href=\"#\" class=\"ez-toc-pull-right ez-toc-btn ez-toc-btn-xs ez-toc-btn-default ez-toc-toggle\" aria-label=\"Toggle Table of Content\"><span class=\"ez-toc-js-icon-con\"><span class=\"\"><span class=\"eztoc-hide\" style=\"display:none;\">Toggle<\/span><span class=\"ez-toc-icon-toggle-span\"><svg style=\"fill: #999;color:#999\" xmlns=\"http:\/\/www.w3.org\/2000\/svg\" class=\"list-377408\" width=\"20px\" height=\"20px\" viewBox=\"0 0 24 24\" fill=\"none\"><path d=\"M6 6H4v2h2V6zm14 0H8v2h12V6zM4 11h2v2H4v-2zm16 0H8v2h12v-2zM4 16h2v2H4v-2zm16 0H8v2h12v-2z\" fill=\"currentColor\"><\/path><\/svg><svg style=\"fill: #999;color:#999\" class=\"arrow-unsorted-368013\" xmlns=\"http:\/\/www.w3.org\/2000\/svg\" width=\"10px\" height=\"10px\" viewBox=\"0 0 24 24\" version=\"1.2\" baseProfile=\"tiny\"><path d=\"M18.2 9.3l-6.2-6.3-6.2 6.3c-.2.2-.3.4-.3.7s.1.5.3.7c.2.2.4.3.7.3h11c.3 0 .5-.1.7-.3.2-.2.3-.5.3-.7s-.1-.5-.3-.7zM5.8 14.7l6.2 6.3 6.2-6.3c.2-.2.3-.5.3-.7s-.1-.5-.3-.7c-.2-.2-.4-.3-.7-.3h-11c-.3 0-.5.1-.7.3-.2.2-.3.5-.3.7s.1.5.3.7z\"\/><\/svg><\/span><\/span><\/span><\/a><\/span><\/div>\n<nav><ul class='ez-toc-list ez-toc-list-level-1 eztoc-toggle-hide-by-default' ><li class='ez-toc-page-1 ez-toc-heading-level-1'><a class=\"ez-toc-link ez-toc-heading-1\" href=\"https:\/\/www.arrosagedujardin.fr\/guide\/arbres-fruitiers-nains\/#Les_arbres_fruitiers_nains\" title=\"Les arbres fruitiers nains\">Les arbres fruitiers nains<\/a><ul class='ez-toc-list-level-2' ><li class='ez-toc-heading-level-2'><a class=\"ez-toc-link ez-toc-heading-2\" href=\"https:\/\/www.arrosagedujardin.fr\/guide\/arbres-fruitiers-nains\/#Les_avantages_des_arbres_fruitiers_nains\" title=\"Les avantages des arbres fruitiers nains\">Les avantages des arbres fruitiers nains<\/a><\/li><li class='ez-toc-page-1 ez-toc-heading-level-2'><a class=\"ez-toc-link ez-toc-heading-3\" href=\"https:\/\/www.arrosagedujardin.fr\/guide\/arbres-fruitiers-nains\/#Les_varietes_darbres_fruitiers_nains\" title=\"Les vari\u00e9t\u00e9s d\u2019arbres fruitiers nains\">Les vari\u00e9t\u00e9s d\u2019arbres fruitiers nains<\/a><\/li><li class='ez-toc-page-1 ez-toc-heading-level-2'><a class=\"ez-toc-link ez-toc-heading-4\" href=\"https:\/\/www.arrosagedujardin.fr\/guide\/arbres-fruitiers-nains\/#Ou_planter_vos_arbres_fruitiers_nains\" title=\"O\u00f9 planter vos arbres fruitiers nains\">O\u00f9 planter vos arbres fruitiers nains<\/a><ul class='ez-toc-list-level-3' ><li class='ez-toc-heading-level-3'><a class=\"ez-toc-link ez-toc-heading-5\" href=\"https:\/\/www.arrosagedujardin.fr\/guide\/arbres-fruitiers-nains\/#La_plantation_en_pleine_terre\" title=\"La plantation en pleine terre :\">La plantation en pleine terre :<\/a><\/li><li class='ez-toc-page-1 ez-toc-heading-level-3'><a class=\"ez-toc-link ez-toc-heading-6\" href=\"https:\/\/www.arrosagedujardin.fr\/guide\/arbres-fruitiers-nains\/#La_plantation_en_pot\" title=\"La plantation en pot :\">La plantation en pot :<\/a><\/li><\/ul><\/li><li class='ez-toc-page-1 ez-toc-heading-level-2'><a class=\"ez-toc-link ez-toc-heading-7\" href=\"https:\/\/www.arrosagedujardin.fr\/guide\/arbres-fruitiers-nains\/#Lentretien_et_la_taille_de_vos_arbres_fruitiers_nains\" title=\"L\u2019entretien et la taille de vos arbres fruitiers nains\">L\u2019entretien et la taille de vos arbres fruitiers nains<\/a><ul class='ez-toc-list-level-4' ><li class='ez-toc-heading-level-4'><ul class='ez-toc-list-level-4' ><li class='ez-toc-heading-level-4'><a class=\"ez-toc-link ez-toc-heading-8\" href=\"https:\/\/www.arrosagedujardin.fr\/guide\/arbres-fruitiers-nains\/#Autour_des_arbres_fruitiers\" title=\"Autour des arbres fruitiers :\">Autour des arbres fruitiers :<\/a><\/li><\/ul><\/li><\/ul><\/li><\/ul><\/li><\/ul><\/nav><\/div>\n\n\n\n\n<h2><span class=\"ez-toc-section\" id=\"Les_avantages_des_arbres_fruitiers_nains\"><\/span>Les avantages des arbres fruitiers nains<span class=\"ez-toc-section-end\"><\/span><\/h2>\n\n\n\n<div class=\"wp-block-media-text alignwide is-stacked-on-mobile\" style=\"grid-template-columns:27% auto\"><figure class=\"wp-block-media-text__media\"><img loading=\"lazy\" width=\"810\" height=\"978\" src=\"https:\/\/www.arrosagedujardin.fr\/guide\/wp-content\/uploads\/2019\/04\/arbre-fruitier-duo-abricot-et-prune.jpg\" alt=\"arbre fruitier duo abricot et prune\" class=\"wp-image-2924 size-full\" srcset=\"https:\/\/www.arrosagedujardin.fr\/guide\/wp-content\/uploads\/2019\/04\/arbre-fruitier-duo-abricot-et-prune.jpg 810w, https:\/\/www.arrosagedujardin.fr\/guide\/wp-content\/uploads\/2019\/04\/arbre-fruitier-duo-abricot-et-prune-248x300.jpg 248w, https:\/\/www.arrosagedujardin.fr\/guide\/wp-content\/uploads\/2019\/04\/arbre-fruitier-duo-abricot-et-prune-768x927.jpg 768w\" sizes=\"(max-width: 810px) 100vw, 810px\" \/><\/figure><div class=\"wp-block-media-text__content\">\n<p>Ces petits arbres cumulent de nombreux avantages.<\/p>\n\n\n\n<p>Gr\u00e2ce \u00e0 leur faible encombrement, vous pouvez en mettre plusieurs m\u00eame si vous ne disposez que d\u2019un espace r\u00e9duit.<\/p>\n\n\n\n<p>Ils sont parfaitement d\u00e9coratifs et produisent des fleurs magnifiques au printemps.<\/p>\n\n\n\n<p>Leur mise \u00e0 fruit est rapide et ils sont faciles \u00e0 cultiver. Gr\u00e2ce \u00e0 leur petite taille, vous pouvez les traiter, les soigner et les tailler tr\u00e8s facilement.<\/p>\n\n\n\n<p>Un simple voile d\u2019hivernage permet de les prot\u00e9ger des rigueurs de l\u2019hiver ou des gel\u00e9es tardives et il est tout aussi efficace si des oiseaux chapardeurs s\u2019y int\u00e9ressent de trop pr\u00e8s.<\/p>\n\n\n\n<p>Pendant l\u2019hiver, vous pouvez aussi les rentrer s\u2019ils sont fragiles comme les citronniers et les orangers.<\/p>\n<\/div><\/div>\n\n\n\n<p>Quand vous d\u00e9m\u00e9nagez, vous les emportez avec vous. Gr\u00e2ce aux arbres fruitiers nains, m\u00eame les locataires peuvent avoir leur verger de poche !<\/p>\n\n\n<div id=\"fox-b-1\">\n<div class=\"fox-best fox-best--grid fox-animate\"\n         id=\"fox-best-e89a4de6\"\n     style=\"--fox-best-cols:3\"\n     >\n\n        \n    \n    <div class=\"fox-best__grid\">\n                <article class=\"fox-best__item fox-best__item--ranked\"\n                 style=\"--fox-item-delay:0ms\">\n\n                        <div class=\"fox-best__rank\"\n                 style=\"background:#ff6b35;color:#ffffff\">\n                1            <\/div>\n            \n            <a href=\"https:\/\/www.amazon.fr\/dp\/B0DMF42MZK?tag=izidata07-21\"\n               target=\"_blank\" rel=\"nofollow noopener sponsored\"\n               class=\"fox-best__image-link\">\n                                <img src=\"https:\/\/m.media-amazon.com\/images\/I\/314YttpBHeL._SL500_.jpg\"\n                     alt=\"Gardena S\u00e9cateur de jardin PremiumCut Pro Flex: coupe en d\u00e9rivation, pour bois frais, diam\u00e8tre de coupe 24 mm, poign\u00e9es ergonomiques, lames PowerCoating, fabriqu\u00e9 en Allemagne (12252-20)\"\n                     class=\"fox-best__image\" loading=\"lazy\">\n                            <\/a>\n\n            <div class=\"fox-best__body\">\n                                <span class=\"fox-best__brand\">Gardena<\/span>\n                                <p class=\"fox-best__item-title\">\n                    <a href=\"https:\/\/www.amazon.fr\/dp\/B0DMF42MZK?tag=izidata07-21\"\n                       target=\"_blank\" rel=\"nofollow noopener sponsored\">\n                        Gardena S\u00e9cateur de jardin PremiumCut Pro Flex: coupe en d\u00e9rivation, pour bois frais, diam\u00e8tre de coupe 24 mm, poign\u00e9es ergonomiques, lames PowerCoating, fabriqu\u00e9 en Allemagne (12252-20)                    <\/a>\n                <\/p>\n                                    <div class=\"fox-best__stars\"><\/div>                <div class=\"fox-best__footer\"><div class=\"fox-best__price-wrap has-promo\"><span class=\"fox-best__price-before\">\u20ac33,99<\/span><span class=\"fox-best__price\">\u20ac25,79<\/span><span class=\"fox-promo-badge\">-24%<\/span><div class=\"fox-best__sparkline-wrap\" title=\"Historique 30 jours\"><div class=\"fox-sparkline\" data-asin=\"B0DMF42MZK\"><svg width=\"72\" height=\"26\" viewBox=\"0 0 72 26\" xmlns=\"http:\/\/www.w3.org\/2000\/svg\" class=\"fox-sparkline__svg\" aria-hidden=\"true\" style=\"overflow:visible\"><defs><linearGradient id=\"fox-spark-ac1e88be\" x1=\"0\" y1=\"0\" x2=\"0\" y2=\"1\"><stop offset=\"0%\" stop-color=\"#DC2626\" stop-opacity=\".25\"\/><stop offset=\"100%\" stop-color=\"#DC2626\" stop-opacity=\"0\"\/><\/linearGradient><\/defs><path d=\"M 2,24 L 2,20.2 L 32.7,2 L 53.8,24 L 67.1,9.8 L 70,2 L 70,24 Z\" fill=\"url(#fox-spark-ac1e88be)\"\/><polyline points=\"2,20.2 32.7,2 53.8,24 67.1,9.8 70,2\" fill=\"none\" stroke=\"#DC2626\" stroke-width=\"1.5\" stroke-linecap=\"round\" stroke-linejoin=\"round\"\/><circle cx=\"70\" cy=\"2\" r=\"3\" fill=\"#DC2626\"\/><\/svg><\/div><\/div><\/div><a href=\"https:\/\/www.amazon.fr\/dp\/B0DMF42MZK?tag=izidata07-21\" class=\"fox-best__cta fox-table__btn\" target=\"_blank\" rel=\"nofollow noopener sponsored\">Voir<\/a><\/div>            <\/div>\n\n        <\/article>\n                <article class=\"fox-best__item fox-best__item--ranked\"\n                 style=\"--fox-item-delay:60ms\">\n\n                        <div class=\"fox-best__rank\"\n                 style=\"background:#64748b;color:#fff\">\n                2            <\/div>\n            \n            <a href=\"https:\/\/www.amazon.fr\/dp\/B0DMF4H4Z8?tag=izidata07-21\"\n               target=\"_blank\" rel=\"nofollow noopener sponsored\"\n               class=\"fox-best__image-link\">\n                                <img src=\"https:\/\/m.media-amazon.com\/images\/I\/31X3TKne03L._SL500_.jpg\"\n                     alt=\"Gardena S\u00e9cateur de jardin EasyCut: coupe en d\u00e9rivation, diam\u00e8tre de coupe 20 mm, poign\u00e9es ergonomiques, lames PowerCoating, qualit\u00e9 durable (12230-20)\"\n                     class=\"fox-best__image\" loading=\"lazy\">\n                            <\/a>\n\n            <div class=\"fox-best__body\">\n                                <span class=\"fox-best__brand\">Gardena<\/span>\n                                <p class=\"fox-best__item-title\">\n                    <a href=\"https:\/\/www.amazon.fr\/dp\/B0DMF4H4Z8?tag=izidata07-21\"\n                       target=\"_blank\" rel=\"nofollow noopener sponsored\">\n                        Gardena S\u00e9cateur de jardin EasyCut: coupe en d\u00e9rivation, diam\u00e8tre de coupe 20 mm, poign\u00e9es ergonomiques, lames PowerCoating, qualit\u00e9 durable (12230-20)                    <\/a>\n                <\/p>\n                                    <div class=\"fox-best__stars\"><\/div>                <div class=\"fox-best__footer\"><div class=\"fox-best__price-wrap has-promo\"><span class=\"fox-best__price-before\">\u20ac11,99<\/span><span class=\"fox-best__price-tag fox-best__price-tag--low\">\ud83d\udd25 Bas<\/span><span class=\"fox-best__price\">\u20ac10,99<\/span><span class=\"fox-promo-badge\">-8%<\/span><div class=\"fox-best__sparkline-wrap\" title=\"Historique 30 jours\"><div class=\"fox-sparkline\" data-asin=\"B0DMF4H4Z8\"><svg width=\"72\" height=\"26\" viewBox=\"0 0 72 26\" xmlns=\"http:\/\/www.w3.org\/2000\/svg\" class=\"fox-sparkline__svg\" aria-hidden=\"true\" style=\"overflow:visible\"><defs><linearGradient id=\"fox-spark-126c8cf2\" x1=\"0\" y1=\"0\" x2=\"0\" y2=\"1\"><stop offset=\"0%\" stop-color=\"#16A34A\" stop-opacity=\".25\"\/><stop offset=\"100%\" stop-color=\"#16A34A\" stop-opacity=\"0\"\/><\/linearGradient><\/defs><path d=\"M 2,24 L 2,2 L 70,24 L 70,24 Z\" fill=\"url(#fox-spark-126c8cf2)\"\/><polyline points=\"2,2 70,24\" fill=\"none\" stroke=\"#16A34A\" stroke-width=\"1.5\" stroke-linecap=\"round\" stroke-linejoin=\"round\"\/><circle cx=\"70\" cy=\"24\" r=\"3\" fill=\"#16A34A\"\/><\/svg><\/div><\/div><\/div><a href=\"https:\/\/www.amazon.fr\/dp\/B0DMF4H4Z8?tag=izidata07-21\" class=\"fox-best__cta fox-table__btn\" target=\"_blank\" rel=\"nofollow noopener sponsored\">Voir<\/a><\/div>            <\/div>\n\n        <\/article>\n                <article class=\"fox-best__item fox-best__item--ranked\"\n                 style=\"--fox-item-delay:120ms\">\n\n                        <div class=\"fox-best__rank\"\n                 style=\"background:#e2e8f0;color:#0f172a\">\n                3            <\/div>\n            \n            <a href=\"https:\/\/www.amazon.fr\/dp\/B01FE8M226?tag=izidata07-21\"\n               target=\"_blank\" rel=\"nofollow noopener sponsored\"\n               class=\"fox-best__image-link\">\n                                <img src=\"https:\/\/m.media-amazon.com\/images\/I\/317OgbHnnEL._SL500_.jpg\"\n                     alt=\"GARDENA S\u00e9cateur alu \u00e0 lame franche gardena comfort b\/l - 8906-20\"\n                     class=\"fox-best__image\" loading=\"lazy\">\n                            <\/a>\n\n            <div class=\"fox-best__body\">\n                                <span class=\"fox-best__brand\">Gardena<\/span>\n                                <p class=\"fox-best__item-title\">\n                    <a href=\"https:\/\/www.amazon.fr\/dp\/B01FE8M226?tag=izidata07-21\"\n                       target=\"_blank\" rel=\"nofollow noopener sponsored\">\n                        GARDENA S\u00e9cateur alu \u00e0 lame franche gardena comfort b\/l &#8211; 8906-20                    <\/a>\n                <\/p>\n                                    <div class=\"fox-best__stars\"><\/div>                <div class=\"fox-best__footer\"><div class=\"fox-best__price-wrap has-promo\"><span class=\"fox-best__price-before\">\u20ac29,90<\/span><span class=\"fox-best__price-tag fox-best__price-tag--low\">\ud83d\udd25 Bas<\/span><span class=\"fox-best__price\">\u20ac25,99<\/span><span class=\"fox-promo-badge\">-13%<\/span><div class=\"fox-best__sparkline-wrap\" title=\"Historique 30 jours\"><div class=\"fox-sparkline\" data-asin=\"B01FE8M226\"><svg width=\"72\" height=\"26\" viewBox=\"0 0 72 26\" xmlns=\"http:\/\/www.w3.org\/2000\/svg\" class=\"fox-sparkline__svg\" aria-hidden=\"true\" style=\"overflow:visible\"><defs><linearGradient id=\"fox-spark-0691b05c\" x1=\"0\" y1=\"0\" x2=\"0\" y2=\"1\"><stop offset=\"0%\" stop-color=\"#16A34A\" stop-opacity=\".25\"\/><stop offset=\"100%\" stop-color=\"#16A34A\" stop-opacity=\"0\"\/><\/linearGradient><\/defs><path d=\"M 2,24 L 2,2 L 70,24 L 70,24 Z\" fill=\"url(#fox-spark-0691b05c)\"\/><polyline points=\"2,2 70,24\" fill=\"none\" stroke=\"#16A34A\" stroke-width=\"1.5\" stroke-linecap=\"round\" stroke-linejoin=\"round\"\/><circle cx=\"70\" cy=\"24\" r=\"3\" fill=\"#16A34A\"\/><\/svg><\/div><\/div><\/div><a href=\"https:\/\/www.amazon.fr\/dp\/B01FE8M226?tag=izidata07-21\" class=\"fox-best__cta fox-table__btn\" target=\"_blank\" rel=\"nofollow noopener sponsored\">Voir<\/a><\/div>            <\/div>\n\n        <\/article>\n                <article class=\"fox-best__item\"\n                 style=\"--fox-item-delay:180ms\">\n\n            \n            <a href=\"https:\/\/www.amazon.fr\/dp\/B0DMDYJFW3?tag=izidata07-21\"\n               target=\"_blank\" rel=\"nofollow noopener sponsored\"\n               class=\"fox-best__image-link\">\n                                <img src=\"https:\/\/m.media-amazon.com\/images\/I\/31mqs+GzZ7L._SL500_.jpg\"\n                     alt=\"Gardena Cisaille de jardin PremiumCut Flex: coupe en d\u00e9rivation, pour bois frais, diam\u00e8tre de coupe 24 mm, poign\u00e9es ergonomiques, lames PowerCoating, fabriqu\u00e9e en Allemagne (12242-20)\"\n                     class=\"fox-best__image\" loading=\"lazy\">\n                            <\/a>\n\n            <div class=\"fox-best__body\">\n                                <span class=\"fox-best__brand\">Gardena<\/span>\n                                <p class=\"fox-best__item-title\">\n                    <a href=\"https:\/\/www.amazon.fr\/dp\/B0DMDYJFW3?tag=izidata07-21\"\n                       target=\"_blank\" rel=\"nofollow noopener sponsored\">\n                        Gardena Cisaille de jardin PremiumCut Flex: coupe en d\u00e9rivation, pour bois frais, diam\u00e8tre de coupe 24 mm, poign\u00e9es ergonomiques, lames PowerCoating, fabriqu\u00e9e en Allemagne (12242-20)                    <\/a>\n                <\/p>\n                                    <div class=\"fox-best__stars\"><\/div>                <div class=\"fox-best__footer\"><div class=\"fox-best__price-wrap has-promo\"><span class=\"fox-best__price-before\">\u20ac16,07<\/span><span class=\"fox-best__price-tag fox-best__price-tag--low\">\ud83d\udd25 Bas<\/span><span class=\"fox-best__price\">\u20ac14,99<\/span><span class=\"fox-promo-badge\">-7%<\/span><div class=\"fox-best__sparkline-wrap\" title=\"Historique 30 jours\"><div class=\"fox-sparkline\" data-asin=\"B0DMDYJFW3\"><svg width=\"72\" height=\"26\" viewBox=\"0 0 72 26\" xmlns=\"http:\/\/www.w3.org\/2000\/svg\" class=\"fox-sparkline__svg\" aria-hidden=\"true\" style=\"overflow:visible\"><defs><linearGradient id=\"fox-spark-60e5715e\" x1=\"0\" y1=\"0\" x2=\"0\" y2=\"1\"><stop offset=\"0%\" stop-color=\"#16A34A\" stop-opacity=\".25\"\/><stop offset=\"100%\" stop-color=\"#16A34A\" stop-opacity=\"0\"\/><\/linearGradient><\/defs><path d=\"M 2,24 L 2,2 L 70,24 L 70,24 Z\" fill=\"url(#fox-spark-60e5715e)\"\/><polyline points=\"2,2 70,24\" fill=\"none\" stroke=\"#16A34A\" stroke-width=\"1.5\" stroke-linecap=\"round\" stroke-linejoin=\"round\"\/><circle cx=\"70\" cy=\"24\" r=\"3\" fill=\"#16A34A\"\/><\/svg><\/div><\/div><\/div><a href=\"https:\/\/www.amazon.fr\/dp\/B0DMDYJFW3?tag=izidata07-21\" class=\"fox-best__cta fox-table__btn\" target=\"_blank\" rel=\"nofollow noopener sponsored\">Voir<\/a><\/div>            <\/div>\n\n        <\/article>\n            <\/div>\n\n    \n<\/div><!-- .fox-best -->\n\n<script type=\"application\/ld+json\">{\"@context\":\"https:\/\/schema.org\",\"@type\":\"ItemList\",\"itemListElement\":[{\"@type\":\"ListItem\",\"position\":1,\"item\":{\"@type\":\"Product\",\"name\":\"Gardena S\u00e9cateur de jardin PremiumCut Pro Flex: coupe en d\u00e9rivation, pour bois frais, diam\u00e8tre de coupe 24 mm, poign\u00e9es ergonomiques, lames PowerCoating, fabriqu\u00e9 en Allemagne (12252-20)\",\"image\":\"https:\/\/m.media-amazon.com\/images\/I\/314YttpBHeL._SL500_.jpg\",\"sku\":\"B0DMF42MZK\",\"productID\":\"B0DMF42MZK\",\"brand\":{\"@type\":\"Brand\",\"name\":\"Gardena\"},\"description\":\"Poign\u00e9es ergonomiques pour un travail confortable : les poign\u00e9es ergonomiques SoftGrip sont fabriqu\u00e9es \u00e0 45 % en plastique recycl\u00e9 et offrent une coupe sans fatigue Lames tranchantes avec PowerCoating pour des coupes pr\u00e9cises : Lames aff\u00fbt\u00e9es avec pr\u00e9cision avec PowerCoating pour des coupes nettes et sans effort Excellentes performances de coupe pour le bois vert : lames en acier de qualit\u00e9 pour une coupe sans effort de branches plus \u00e9paisses et de brindilles de plus grand diam\u00e8tre\",\"offers\":{\"@type\":\"Offer\",\"url\":\"https:\/\/www.amazon.fr\/dp\/B0DMF42MZK?tag=izidata07-21\",\"seller\":{\"@type\":\"Organization\",\"name\":\"Amazon\"},\"availability\":\"https:\/\/schema.org\/InStock\",\"price\":\"25.79\",\"priceCurrency\":\"EUR\",\"priceValidUntil\":\"2026-04-28\"}}},{\"@type\":\"ListItem\",\"position\":2,\"item\":{\"@type\":\"Product\",\"name\":\"Gardena S\u00e9cateur de jardin EasyCut: coupe en d\u00e9rivation, diam\u00e8tre de coupe 20 mm, poign\u00e9es ergonomiques, lames PowerCoating, qualit\u00e9 durable (12230-20)\",\"image\":\"https:\/\/m.media-amazon.com\/images\/I\/31X3TKne03L._SL500_.jpg\",\"sku\":\"B0DMF4H4Z8\",\"productID\":\"B0DMF4H4Z8\",\"brand\":{\"@type\":\"Brand\",\"name\":\"Gardena\"},\"description\":\"Poign\u00e9es ergonomiques pour un travail confortable : poign\u00e9es de forme ergonomique pour une coupe sans fatigue, fabriqu\u00e9es \u00e0 partir de 45 % de plastique recycl\u00e9 pour une stabilit\u00e9 durable Lames tranchantes avec PowerCoating pour des coupes pr\u00e9cises : Lames aff\u00fbt\u00e9es avec pr\u00e9cision avec PowerCoating pour des coupes nettes et sans effort L\u00e9ger et puissant pour une coupe sans effort : lames en acier de qualit\u00e9 pour une coupe puissante de branches jusqu'\u00e0 20 mm de diam\u00e8tre\",\"offers\":{\"@type\":\"Offer\",\"url\":\"https:\/\/www.amazon.fr\/dp\/B0DMF4H4Z8?tag=izidata07-21\",\"seller\":{\"@type\":\"Organization\",\"name\":\"Amazon\"},\"availability\":\"https:\/\/schema.org\/InStock\",\"price\":\"10.99\",\"priceCurrency\":\"EUR\",\"priceValidUntil\":\"2026-04-28\"}}},{\"@type\":\"ListItem\",\"position\":3,\"item\":{\"@type\":\"Product\",\"name\":\"GARDENA S\u00e9cateur alu \u00e0 lame franche gardena comfort b\/l - 8906-20\",\"image\":\"https:\/\/m.media-amazon.com\/images\/I\/317OgbHnnEL._SL500_.jpg\",\"sku\":\"B01FE8M226\",\"productID\":\"B01FE8M226\",\"brand\":{\"@type\":\"Brand\",\"name\":\"Gardena\"},\"description\":\"Outil polyvalent super l\u00e9ger : le s\u00e9cateur en alu coupe les fleurs, les jeunes pousses, le bois frais, mais aussi les branches et le bois plus \u00e9pais jusqu'\u00e0 un diam\u00e8tre de 25 mm Maniable et s\u00fbr : gr\u00e2ce aux poign\u00e9es ergonomiques et au verrou de s\u00e9curit\u00e9 actionnable d\u2019une seule main S\u00e9cateur de qualit\u00e9 durable : le s\u00e9cateur dispose de lames interchangeables pour une utilisation particuli\u00e8rement longue et une tension ajustable de la lame\",\"offers\":{\"@type\":\"Offer\",\"url\":\"https:\/\/www.amazon.fr\/dp\/B01FE8M226?tag=izidata07-21\",\"seller\":{\"@type\":\"Organization\",\"name\":\"Amazon\"},\"availability\":\"https:\/\/schema.org\/InStock\",\"price\":\"25.99\",\"priceCurrency\":\"EUR\",\"priceValidUntil\":\"2026-04-28\"}}},{\"@type\":\"ListItem\",\"position\":4,\"item\":{\"@type\":\"Product\",\"name\":\"Gardena Cisaille de jardin PremiumCut Flex: coupe en d\u00e9rivation, pour bois frais, diam\u00e8tre de coupe 24 mm, poign\u00e9es ergonomiques, lames PowerCoating, fabriqu\u00e9e en Allemagne (12242-20)\",\"image\":\"https:\/\/m.media-amazon.com\/images\/I\/31mqs+GzZ7L._SL500_.jpg\",\"sku\":\"B0DMDYJFW3\",\"productID\":\"B0DMDYJFW3\",\"brand\":{\"@type\":\"Brand\",\"name\":\"Gardena\"},\"description\":\"Poign\u00e9es ergonomiques pour un travail confortable : les poign\u00e9es ergonomiques SoftGrip avec ouverture en 2 \u00e9tapes fabriqu\u00e9es \u00e0 45 % en plastique recycl\u00e9 offrent une coupe sans fatigue Lames tranchantes avec PowerCoating pour des coupes pr\u00e9cises : Lames aff\u00fbt\u00e9es avec pr\u00e9cision avec PowerCoating pour des coupes nettes et sans effort Excellentes performances de coupe pour le bois vert : lames en acier de qualit\u00e9 pour une coupe sans effort des fleurs et des jeunes pousses ainsi que du bois vert jusqu'\u00e0 24 mm de diam\u00e8tre\",\"offers\":{\"@type\":\"Offer\",\"url\":\"https:\/\/www.amazon.fr\/dp\/B0DMDYJFW3?tag=izidata07-21\",\"seller\":{\"@type\":\"Organization\",\"name\":\"Amazon\"},\"availability\":\"https:\/\/schema.org\/InStock\",\"price\":\"14.99\",\"priceCurrency\":\"EUR\",\"priceValidUntil\":\"2026-04-28\"}}}]}<\/script>\n\n<script type=\"application\/ld+json\">{\"@context\":\"https:\/\/schema.org\",\"@type\":\"ItemList\",\"itemListElement\":[{\"@type\":\"ListItem\",\"position\":1,\"item\":{\"@type\":\"Product\",\"name\":\"Gardena S\u00e9cateur de jardin PremiumCut Pro Flex: coupe en d\u00e9rivation, pour bois frais, diam\u00e8tre de coupe 24 mm, poign\u00e9es ergonomiques, lames PowerCoating, fabriqu\u00e9 en Allemagne (12252-20)\",\"image\":\"https:\/\/m.media-amazon.com\/images\/I\/314YttpBHeL._SL500_.jpg\",\"sku\":\"B0DMF42MZK\",\"productID\":\"B0DMF42MZK\",\"brand\":{\"@type\":\"Brand\",\"name\":\"Gardena\"},\"description\":\"Poign\u00e9es ergonomiques pour un travail confortable : les poign\u00e9es ergonomiques SoftGrip sont fabriqu\u00e9es \u00e0 45 % en plastique recycl\u00e9 et offrent une coupe sans fatigue Lames tranchantes avec PowerCoating pour des coupes pr\u00e9cises : Lames aff\u00fbt\u00e9es avec pr\u00e9cision avec PowerCoating pour des coupes nettes et sans effort Excellentes performances de coupe pour le bois vert : lames en acier de qualit\u00e9 pour une coupe sans effort de branches plus \u00e9paisses et de brindilles de plus grand diam\u00e8tre\",\"offers\":{\"@type\":\"Offer\",\"url\":\"https:\/\/www.amazon.fr\/dp\/B0DMF42MZK?tag=izidata07-21\",\"seller\":{\"@type\":\"Organization\",\"name\":\"Amazon\"},\"availability\":\"https:\/\/schema.org\/InStock\",\"price\":\"25.79\",\"priceCurrency\":\"EUR\",\"priceValidUntil\":\"2026-04-28\"}}},{\"@type\":\"ListItem\",\"position\":2,\"item\":{\"@type\":\"Product\",\"name\":\"Gardena S\u00e9cateur de jardin EasyCut: coupe en d\u00e9rivation, diam\u00e8tre de coupe 20 mm, poign\u00e9es ergonomiques, lames PowerCoating, qualit\u00e9 durable (12230-20)\",\"image\":\"https:\/\/m.media-amazon.com\/images\/I\/31X3TKne03L._SL500_.jpg\",\"sku\":\"B0DMF4H4Z8\",\"productID\":\"B0DMF4H4Z8\",\"brand\":{\"@type\":\"Brand\",\"name\":\"Gardena\"},\"description\":\"Poign\u00e9es ergonomiques pour un travail confortable : poign\u00e9es de forme ergonomique pour une coupe sans fatigue, fabriqu\u00e9es \u00e0 partir de 45 % de plastique recycl\u00e9 pour une stabilit\u00e9 durable Lames tranchantes avec PowerCoating pour des coupes pr\u00e9cises : Lames aff\u00fbt\u00e9es avec pr\u00e9cision avec PowerCoating pour des coupes nettes et sans effort L\u00e9ger et puissant pour une coupe sans effort : lames en acier de qualit\u00e9 pour une coupe puissante de branches jusqu'\u00e0 20 mm de diam\u00e8tre\",\"offers\":{\"@type\":\"Offer\",\"url\":\"https:\/\/www.amazon.fr\/dp\/B0DMF4H4Z8?tag=izidata07-21\",\"seller\":{\"@type\":\"Organization\",\"name\":\"Amazon\"},\"availability\":\"https:\/\/schema.org\/InStock\",\"price\":\"10.99\",\"priceCurrency\":\"EUR\",\"priceValidUntil\":\"2026-04-28\"}}},{\"@type\":\"ListItem\",\"position\":3,\"item\":{\"@type\":\"Product\",\"name\":\"GARDENA S\u00e9cateur alu \u00e0 lame franche gardena comfort b\/l - 8906-20\",\"image\":\"https:\/\/m.media-amazon.com\/images\/I\/317OgbHnnEL._SL500_.jpg\",\"sku\":\"B01FE8M226\",\"productID\":\"B01FE8M226\",\"brand\":{\"@type\":\"Brand\",\"name\":\"Gardena\"},\"description\":\"Outil polyvalent super l\u00e9ger : le s\u00e9cateur en alu coupe les fleurs, les jeunes pousses, le bois frais, mais aussi les branches et le bois plus \u00e9pais jusqu'\u00e0 un diam\u00e8tre de 25 mm Maniable et s\u00fbr : gr\u00e2ce aux poign\u00e9es ergonomiques et au verrou de s\u00e9curit\u00e9 actionnable d\u2019une seule main S\u00e9cateur de qualit\u00e9 durable : le s\u00e9cateur dispose de lames interchangeables pour une utilisation particuli\u00e8rement longue et une tension ajustable de la lame\",\"offers\":{\"@type\":\"Offer\",\"url\":\"https:\/\/www.amazon.fr\/dp\/B01FE8M226?tag=izidata07-21\",\"seller\":{\"@type\":\"Organization\",\"name\":\"Amazon\"},\"availability\":\"https:\/\/schema.org\/InStock\",\"price\":\"25.99\",\"priceCurrency\":\"EUR\",\"priceValidUntil\":\"2026-04-28\"}}},{\"@type\":\"ListItem\",\"position\":4,\"item\":{\"@type\":\"Product\",\"name\":\"Gardena Cisaille de jardin PremiumCut Flex: coupe en d\u00e9rivation, pour bois frais, diam\u00e8tre de coupe 24 mm, poign\u00e9es ergonomiques, lames PowerCoating, fabriqu\u00e9e en Allemagne (12242-20)\",\"image\":\"https:\/\/m.media-amazon.com\/images\/I\/31mqs+GzZ7L._SL500_.jpg\",\"sku\":\"B0DMDYJFW3\",\"productID\":\"B0DMDYJFW3\",\"brand\":{\"@type\":\"Brand\",\"name\":\"Gardena\"},\"description\":\"Poign\u00e9es ergonomiques pour un travail confortable : les poign\u00e9es ergonomiques SoftGrip avec ouverture en 2 \u00e9tapes fabriqu\u00e9es \u00e0 45 % en plastique recycl\u00e9 offrent une coupe sans fatigue Lames tranchantes avec PowerCoating pour des coupes pr\u00e9cises : Lames aff\u00fbt\u00e9es avec pr\u00e9cision avec PowerCoating pour des coupes nettes et sans effort Excellentes performances de coupe pour le bois vert : lames en acier de qualit\u00e9 pour une coupe sans effort des fleurs et des jeunes pousses ainsi que du bois vert jusqu'\u00e0 24 mm de diam\u00e8tre\",\"offers\":{\"@type\":\"Offer\",\"url\":\"https:\/\/www.amazon.fr\/dp\/B0DMDYJFW3?tag=izidata07-21\",\"seller\":{\"@type\":\"Organization\",\"name\":\"Amazon\"},\"availability\":\"https:\/\/schema.org\/InStock\",\"price\":\"14.99\",\"priceCurrency\":\"EUR\",\"priceValidUntil\":\"2026-04-28\"}}}]}<\/script>\n<\/div>\n\n\n<h2><span class=\"ez-toc-section\" id=\"Les_varietes_darbres_fruitiers_nains\"><\/span>Les vari\u00e9t\u00e9s d\u2019arbres fruitiers nains<span class=\"ez-toc-section-end\"><\/span><\/h2>\n\n\n\n<p>C\u2019est simple, vous trouvez tout ! Pommes, poires, nectarines, prunes, cerises, p\u00eaches, figues, citrons, oranges, kiwis\u2026<\/p>\n\n\n\n<p>En plus ils existent en version auto-fertile donc inutile d\u2019en avoir deux compatibles pour la pollinisation.<\/p>\n\n\n\n<h2><span class=\"ez-toc-section\" id=\"Ou_planter_vos_arbres_fruitiers_nains\"><\/span>O\u00f9 planter vos arbres fruitiers nains<span class=\"ez-toc-section-end\"><\/span><\/h2>\n\n\n\n<p>Comme les arbres fruitiers classiques, ils aiment le soleil et ils sont peut-\u00eatre un peu plus sensibles au froid et surtout au vent froid mais un voile d\u2019hivernage les prot\u00e8ge efficacement.<\/p>\n\n\n\n<p>Vous pouvez les planter en pleine terre ou m\u00eame en pot.<\/p>\n\n\n\n<h3><span class=\"ez-toc-section\" id=\"La_plantation_en_pleine_terre\"><\/span>La plantation en pleine terre :<span class=\"ez-toc-section-end\"><\/span><\/h3>\n\n\n\n<p>Les arbres fruitiers nains peuvent se planter en pleine terre mais comme leur d\u00e9veloppement est restreint, vous pouvez diminuer leur distance d\u2019espacement \u00e0 un m\u00e8tre et demi.<\/p>\n\n\n\n<h3><span class=\"ez-toc-section\" id=\"La_plantation_en_pot\"><\/span>La plantation en pot :<span class=\"ez-toc-section-end\"><\/span><\/h3>\n\n\n\n<p>Choisissez des pots d\u2019une cinquantaine de centim\u00e8tres de diam\u00e8tre et ayant une contenance minimum de vingt-cinq litres.<\/p>\n\n\n\n<div class=\"wp-block-media-text alignwide is-stacked-on-mobile\" style=\"grid-template-columns:26% auto\"><figure class=\"wp-block-media-text__media\"><img loading=\"lazy\" width=\"350\" height=\"350\" src=\"https:\/\/www.arrosagedujardin.fr\/guide\/wp-content\/uploads\/2019\/04\/arbre-fruitier-nain-abricotier.jpg\" alt=\"arbre fruitier nain - abricotier\" class=\"wp-image-2902 size-full\" srcset=\"https:\/\/www.arrosagedujardin.fr\/guide\/wp-content\/uploads\/2019\/04\/arbre-fruitier-nain-abricotier.jpg 350w, https:\/\/www.arrosagedujardin.fr\/guide\/wp-content\/uploads\/2019\/04\/arbre-fruitier-nain-abricotier-150x150.jpg 150w, https:\/\/www.arrosagedujardin.fr\/guide\/wp-content\/uploads\/2019\/04\/arbre-fruitier-nain-abricotier-300x300.jpg 300w\" sizes=\"(max-width: 350px) 100vw, 350px\" \/><\/figure><div class=\"wp-block-media-text__content\">\n<p>Il vaut mieux \u00e9viter le plastique qui devient vite trop chaud en \u00e9t\u00e9 mais vous avez d\u00e9j\u00e0 du choix dans les mod\u00e8les en fibre de terre ou tout simplement en terre cuite.<\/p>\n\n\n\n<p>Vous pouvez aussi choisir les sacs de culture, appel\u00e9s les smart pots.<\/p>\n\n\n\n<p>On trouve maintenant des bacs orangerie \u00e0 des prix abordables qui sont vraiment tr\u00e8s beaux et tr\u00e8s \u00e9l\u00e9gants.<\/p>\n\n\n\n<p>Il est essentiel que le pot soit trou\u00e9 dans le fond pour le drainage et la respiration. Pour cela, utilisez des billes d\u2019argile ou du gravier dont vous disposez une couche au fond du pot.<\/p>\n\n\n\n<p>C\u2019est la technique la plus efficace pour limiter les exc\u00e8s d\u2019humidit\u00e9, particuli\u00e8rement en automne et en hiver.<\/p>\n<\/div><\/div>\n\n\n\n<p>Remplissez ensuite le pot avec du terreau et \u00e9ventuellement du compost si vous en disposez.<\/p>\n\n\n\n<p>Si votre arbre est en racines nues, c\u2019est-\u00e0-dire qu\u2019il n\u2019y a pas de terre autour de ses racines contrairement aux arbres en motte, vous devez habiller ses racines.<\/p>\n\n\n\n<p>Il s\u2019agit de couper les racines trop longues ou abim\u00e9es pour avoir une coupe franche.<\/p>\n\n\n\n<p>Ensuite, pralinez les racines en appliquant un m\u00e9lange boueux d\u2019argile et de terreau humidifi\u00e9s qui doit adh\u00e9rer aux racines. Il existe aussi du pralin dans les jardineries pour lequel vous avez juste \u00e0 ajouter de l\u2019eau pour qu\u2019il soit pr\u00eat \u00e0 l\u2019emploi.<\/p>\n\n\n\n<p>Ensuite vous plantez votre arbre en prenant juste la pr\u00e9caution de ne pas enterrer le point de greffe et il ne vous reste plus qu\u2019\u00e0 arroser.<\/p>\n\n\n<div id=\"fox-b-2\"><div class=\"fox-placeholder fox-search-placeholder fox-skeleton-wrap fox-skeleton-wrap--grid\" data-search=\"1\" data-cache-key=\"e779ae8cfed557732b6f\" data-keyword=\"cisailles gardena\" data-node=\"\" data-locale=\"FR\" data-count=\"4\" data-sort=\"Featured\" data-layout=\"grid\" data-title=\"\" data-class=\"\" data-worker=\"1\"><div class=\"fox-skeleton-card fox-skeleton-card--vertical\"><div class=\"fox-skeleton__image fox-skeleton__image--tall fox-shimmer\"><\/div><div class=\"fox-skeleton__body\"><div class=\"fox-skeleton__line fox-skeleton__line--title fox-shimmer\"><\/div><div class=\"fox-skeleton__line fox-skeleton__line--short fox-shimmer\"><\/div><div class=\"fox-skeleton__footer\"><div class=\"fox-skeleton__line fox-skeleton__line--price fox-shimmer\"><\/div><div class=\"fox-skeleton__line fox-skeleton__line--btn fox-shimmer\"><\/div><\/div><\/div><\/div><div class=\"fox-skeleton-card fox-skeleton-card--vertical\"><div class=\"fox-skeleton__image fox-skeleton__image--tall fox-shimmer\"><\/div><div class=\"fox-skeleton__body\"><div class=\"fox-skeleton__line fox-skeleton__line--title fox-shimmer\"><\/div><div class=\"fox-skeleton__line fox-skeleton__line--short fox-shimmer\"><\/div><div class=\"fox-skeleton__footer\"><div class=\"fox-skeleton__line fox-skeleton__line--price fox-shimmer\"><\/div><div class=\"fox-skeleton__line fox-skeleton__line--btn fox-shimmer\"><\/div><\/div><\/div><\/div><div class=\"fox-skeleton-card fox-skeleton-card--vertical\"><div class=\"fox-skeleton__image fox-skeleton__image--tall fox-shimmer\"><\/div><div class=\"fox-skeleton__body\"><div class=\"fox-skeleton__line fox-skeleton__line--title fox-shimmer\"><\/div><div class=\"fox-skeleton__line fox-skeleton__line--short fox-shimmer\"><\/div><div class=\"fox-skeleton__footer\"><div class=\"fox-skeleton__line fox-skeleton__line--price fox-shimmer\"><\/div><div class=\"fox-skeleton__line fox-skeleton__line--btn fox-shimmer\"><\/div><\/div><\/div><\/div><div class=\"fox-skeleton-card fox-skeleton-card--vertical\"><div class=\"fox-skeleton__image fox-skeleton__image--tall fox-shimmer\"><\/div><div class=\"fox-skeleton__body\"><div class=\"fox-skeleton__line fox-skeleton__line--title fox-shimmer\"><\/div><div class=\"fox-skeleton__line fox-skeleton__line--short fox-shimmer\"><\/div><div class=\"fox-skeleton__footer\"><div class=\"fox-skeleton__line fox-skeleton__line--price fox-shimmer\"><\/div><div class=\"fox-skeleton__line fox-skeleton__line--btn fox-shimmer\"><\/div><\/div><\/div><\/div><\/div><\/div>\n\n\n<h2><span class=\"ez-toc-section\" id=\"Lentretien_et_la_taille_de_vos_arbres_fruitiers_nains\"><\/span>L\u2019entretien et la taille de vos arbres fruitiers nains<span class=\"ez-toc-section-end\"><\/span><\/h2>\n\n\n\n<p>Comme ils se d\u00e9veloppent moins vite, il n\u2019y a que peu de taille \u00e0 effectuer. Il suffit seulement d\u2019\u00e9claircir un peu de temps en temps.<\/p>\n\n\n\n<p>Si vous constatez qu\u2019une branche porte trop de fruits, vous devez \u2013 m\u00eame si \u00e7a vous fend le c\u0153ur \u2013 supprimer quelques fruits pour ne pas risquer qu\u2019elle se casse avant qu\u2019ils ne soient arriv\u00e9s \u00e0 maturit\u00e9.<\/p>\n\n\n\n<p>Pour l\u2019entretien, n\u2019oubliez jamais d\u2019arroser vos arbres fruitiers nains surtout en \u00e9t\u00e9. La terre ne doit jamais \u00eatre dess\u00e9ch\u00e9e, au contraire, elle doit toujours rester humide mais sans exc\u00e8s, ne laissez pas le pot tremper dans une soucoupe remplie d\u2019eau, cela emp\u00eache les racines de respirer.<\/p>\n\n\n\n<p>Si vous sentez que votre arbre commence \u00e0 \u00eatre un peu \u00e0 l\u2019\u00e9troit, vous pouvez le rempoter dans un pot plus grand.<\/p>\n\n\n\n<p>Voil\u00e0, vous n\u2019avez plus qu\u2019\u00e0 attendre pour <a name=\"_GoBack\"><\/a><a name=\"_GoBack\"><\/a>profiter de vos fruits qui, rappelons-le, sont de taille normale !<\/p>\n\n\n<div id=\"fox-b-3\">\n<div class=\"fox-best fox-best--grid fox-animate\"\n         id=\"fox-best-9c175bf9\"\n     style=\"--fox-best-cols:3\"\n     >\n\n        \n    \n    <div class=\"fox-best__grid\">\n                <article class=\"fox-best__item fox-best__item--ranked\"\n                 style=\"--fox-item-delay:0ms\">\n\n                        <div class=\"fox-best__rank\"\n                 style=\"background:#ff6b35;color:#ffffff\">\n                1            <\/div>\n            \n            <a href=\"https:\/\/www.amazon.fr\/dp\/B0GV496TBX?tag=izidata07-21\"\n               target=\"_blank\" rel=\"nofollow noopener sponsored\"\n               class=\"fox-best__image-link\">\n                                <img src=\"https:\/\/m.media-amazon.com\/images\/I\/41lt6uVixwL._SL500_.jpg\"\n                     alt=\"Lot de 2 50cm Petit citronnier Artificiel avec Pot,Arbre Artificiel Nain avec Citron,Branche&amp;Feuillage,sans Entretien,Mini Fausse Plante d\u00e9corative pour Salon,Bureau,Banquet-Int\u00e9rieur\/Ext\u00e9rieur\"\n                     class=\"fox-best__image\" loading=\"lazy\">\n                            <\/a>\n\n            <div class=\"fox-best__body\">\n                                <span class=\"fox-best__brand\">OPULENTHOME<\/span>\n                                <p class=\"fox-best__item-title\">\n                    <a href=\"https:\/\/www.amazon.fr\/dp\/B0GV496TBX?tag=izidata07-21\"\n                       target=\"_blank\" rel=\"nofollow noopener sponsored\">\n                        Lot de 2 50cm Petit citronnier Artificiel avec Pot,Arbre Artificiel Nain avec Citron,Branche&amp;Feuillage,sans Entretien,Mini Fausse Plante d\u00e9corative pour Salon,Bureau,Banquet-Int\u00e9rieur\/Ext\u00e9rieur                    <\/a>\n                <\/p>\n                                    <div class=\"fox-best__stars\"><\/div>                <div class=\"fox-best__footer\"><div class=\"fox-best__price-wrap\"><span class=\"fox-best__price\">\u20ac41,99<\/span><\/div><a href=\"https:\/\/www.amazon.fr\/dp\/B0GV496TBX?tag=izidata07-21\" class=\"fox-best__cta fox-table__btn\" target=\"_blank\" rel=\"nofollow noopener sponsored\">Voir<\/a><\/div>            <\/div>\n\n        <\/article>\n                <article class=\"fox-best__item fox-best__item--ranked\"\n                 style=\"--fox-item-delay:60ms\">\n\n                        <div class=\"fox-best__rank\"\n                 style=\"background:#64748b;color:#fff\">\n                2            <\/div>\n            \n            <a href=\"https:\/\/www.amazon.fr\/dp\/B0F1D2DDM6?tag=izidata07-21\"\n               target=\"_blank\" rel=\"nofollow noopener sponsored\"\n               class=\"fox-best__image-link\">\n                                <img src=\"https:\/\/m.media-amazon.com\/images\/I\/41Xc5H8XVkL._SL500_.jpg\"\n                     alt=\"Citronnier artificiel Arbre artificiel dans un pot noir 118 x 40 cm - Plante d\u00e9corative - Arbre d\u00e9coratif d&#039;int\u00e9rieur\"\n                     class=\"fox-best__image\" loading=\"lazy\">\n                            <\/a>\n\n            <div class=\"fox-best__body\">\n                                <span class=\"fox-best__brand\">Spetebo<\/span>\n                                <p class=\"fox-best__item-title\">\n                    <a href=\"https:\/\/www.amazon.fr\/dp\/B0F1D2DDM6?tag=izidata07-21\"\n                       target=\"_blank\" rel=\"nofollow noopener sponsored\">\n                        Citronnier artificiel Arbre artificiel dans un pot noir 118 x 40 cm &#8211; Plante d\u00e9corative &#8211; Arbre d\u00e9coratif d&#039;int\u00e9rieur                    <\/a>\n                <\/p>\n                                    <div class=\"fox-best__stars\"><\/div>                <div class=\"fox-best__footer\"><div class=\"fox-best__price-wrap\"><span class=\"fox-best__price\">\u20ac29,95<\/span><\/div><a href=\"https:\/\/www.amazon.fr\/dp\/B0F1D2DDM6?tag=izidata07-21\" class=\"fox-best__cta fox-table__btn\" target=\"_blank\" rel=\"nofollow noopener sponsored\">Voir<\/a><\/div>            <\/div>\n\n        <\/article>\n                <article class=\"fox-best__item fox-best__item--ranked\"\n                 style=\"--fox-item-delay:120ms\">\n\n                        <div class=\"fox-best__rank\"\n                 style=\"background:#e2e8f0;color:#0f172a\">\n                3            <\/div>\n            \n            <a href=\"https:\/\/www.amazon.fr\/dp\/B0D4YQ9R4P?tag=izidata07-21\"\n               target=\"_blank\" rel=\"nofollow noopener sponsored\"\n               class=\"fox-best__image-link\">\n                                <img src=\"https:\/\/m.media-amazon.com\/images\/I\/41kTqx8-8iL._SL500_.jpg\"\n                     alt=\"Plant in a Box - Arbres fruitiers - Lot de 4 - Pommier, Cerisier, Poirier et Prunier - Hauteur 60-70cm - Pot 9cm - Id\u00e9al balcon &amp; jardin - Fleurs printani\u00e8res et r\u00e9colte rapide\"\n                     class=\"fox-best__image\" loading=\"lazy\">\n                            <\/a>\n\n            <div class=\"fox-best__body\">\n                                <span class=\"fox-best__brand\">Plant in a Box<\/span>\n                                <p class=\"fox-best__item-title\">\n                    <a href=\"https:\/\/www.amazon.fr\/dp\/B0D4YQ9R4P?tag=izidata07-21\"\n                       target=\"_blank\" rel=\"nofollow noopener sponsored\">\n                        Plant in a Box &#8211; Arbres fruitiers &#8211; Lot de 4 &#8211; Pommier, Cerisier, Poirier et Prunier &#8211; Hauteur 60-70cm &#8211; Pot 9cm &#8211; Id\u00e9al balcon &amp; jardin &#8211; Fleurs printani\u00e8res et r\u00e9colte rapide                    <\/a>\n                <\/p>\n                                    <div class=\"fox-best__stars\"><\/div>                <div class=\"fox-best__footer\"><div class=\"fox-best__price-wrap\"><span class=\"fox-best__price\">\u20ac50,99<\/span><\/div><a href=\"https:\/\/www.amazon.fr\/dp\/B0D4YQ9R4P?tag=izidata07-21\" class=\"fox-best__cta fox-table__btn\" target=\"_blank\" rel=\"nofollow noopener sponsored\">Voir<\/a><\/div>            <\/div>\n\n        <\/article>\n                <article class=\"fox-best__item\"\n                 style=\"--fox-item-delay:180ms\">\n\n            \n            <a href=\"https:\/\/www.amazon.fr\/dp\/B09GBLGB4S?tag=izidata07-21\"\n               target=\"_blank\" rel=\"nofollow noopener sponsored\"\n               class=\"fox-best__image-link\">\n                                <img src=\"https:\/\/m.media-amazon.com\/images\/I\/51BscMYGONL._SL500_.jpg\"\n                     alt=\"Ficus Brown Turkey | Arbre Fruitier Figuier Robuste | Plante en Pot d&#039;Ext\u00e9rieur 20-30 cm\"\n                     class=\"fox-best__image\" loading=\"lazy\">\n                            <\/a>\n\n            <div class=\"fox-best__body\">\n                                <span class=\"fox-best__brand\">GardenersDream<\/span>\n                                <p class=\"fox-best__item-title\">\n                    <a href=\"https:\/\/www.amazon.fr\/dp\/B09GBLGB4S?tag=izidata07-21\"\n                       target=\"_blank\" rel=\"nofollow noopener sponsored\">\n                        Ficus Brown Turkey | Arbre Fruitier Figuier Robuste | Plante en Pot d&#039;Ext\u00e9rieur 20-30 cm                    <\/a>\n                <\/p>\n                                    <div class=\"fox-best__stars\"><\/div>                <div class=\"fox-best__footer\"><div class=\"fox-best__price-wrap\"><span class=\"fox-best__price\">\u20ac18,95<\/span><\/div><a href=\"https:\/\/www.amazon.fr\/dp\/B09GBLGB4S?tag=izidata07-21\" class=\"fox-best__cta fox-table__btn\" target=\"_blank\" rel=\"nofollow noopener sponsored\">Voir<\/a><\/div>            <\/div>\n\n        <\/article>\n            <\/div>\n\n    \n<\/div><!-- .fox-best -->\n\n<script type=\"application\/ld+json\">{\"@context\":\"https:\/\/schema.org\",\"@type\":\"ItemList\",\"itemListElement\":[{\"@type\":\"ListItem\",\"position\":1,\"item\":{\"@type\":\"Product\",\"name\":\"Lot de 2 50cm Petit citronnier Artificiel avec Pot,Arbre Artificiel Nain avec Citron,Branche&Feuillage,sans Entretien,Mini Fausse Plante d\u00e9corative pour Salon,Bureau,Banquet-Int\u00e9rieur\/Ext\u00e9rieur\",\"image\":\"https:\/\/m.media-amazon.com\/images\/I\/41lt6uVixwL._SL500_.jpg\",\"sku\":\"B0GV496TBX\",\"productID\":\"B0GV496TBX\",\"brand\":{\"@type\":\"Brand\",\"name\":\"OPULENTHOME\"},\"description\":\"Citronnier Nain 50cm \u2013 Un Petit Arbre D\u00e9coratif Plein de Charme: Ce petit citronnier artificiel 50cm avec pot est parfait pour ajouter une touche m\u00e9diterran\u00e9enne \u00e0 votre int\u00e9rieur ou ext\u00e9rieur. Son format compact et sa taille nain en font un arbre artificiel id\u00e9al pour les salons, les bureaux ou les balcons. Un d\u00e9cor v\u00e9g\u00e9tal r\u00e9aliste qui s\u2019int\u00e8gre partout, m\u00eame dans les petits espaces. Citrons R\u00e9alistes et Feuillage PE pour un Rendu Authentique: Avec ses citrons r\u00e9alistes jaune vif, ses multi branches naturelles et son feuillage PE dense, cette mini fausse plante d\u00e9corative capture l\u2019essence du sud de la France. Chaque d\u00e9tail est soign\u00e9 pour offrir un aspect tr\u00e8s r\u00e9aliste, sans les contraintes d\u2019une plante vivante. Sans Entretien et Assemblage Facile pour un Gain de Temps: Fini l\u2019arrosage et la taille ! Ce citronnier artificiel nain ne demande aucun entretien et reste impeccable toute l\u2019ann\u00e9e. L\u2019assemblage facile permet de l\u2019installer en quelques minutes, pour une d\u00e9coration imm\u00e9diate sans effort, que ce soit \u00e0 l\u2019int\u00e9rieur ou \u00e0 l\u2019ext\u00e9rieur.\",\"offers\":{\"@type\":\"Offer\",\"url\":\"https:\/\/www.amazon.fr\/dp\/B0GV496TBX?tag=izidata07-21\",\"seller\":{\"@type\":\"Organization\",\"name\":\"Amazon\"},\"availability\":\"https:\/\/schema.org\/InStock\",\"price\":\"41.99\",\"priceCurrency\":\"EUR\",\"priceValidUntil\":\"2026-04-28\"}}},{\"@type\":\"ListItem\",\"position\":2,\"item\":{\"@type\":\"Product\",\"name\":\"Citronnier artificiel Arbre artificiel dans un pot noir 118 x 40 cm - Plante d\u00e9corative - Arbre d\u00e9coratif d'int\u00e9rieur\",\"image\":\"https:\/\/m.media-amazon.com\/images\/I\/41Xc5H8XVkL._SL500_.jpg\",\"sku\":\"B0F1D2DDM6\",\"productID\":\"B0F1D2DDM6\",\"brand\":{\"@type\":\"Brand\",\"name\":\"Spetebo\"},\"description\":\"La taille est d'environ 118 cm x 40 cm (hauteur x diam\u00e8tre) Mat\u00e9riau : plastique - Type de plante : citronnier Arbre d\u00e9coratif artificiel dans un pot de fleurs noir\",\"offers\":{\"@type\":\"Offer\",\"url\":\"https:\/\/www.amazon.fr\/dp\/B0F1D2DDM6?tag=izidata07-21\",\"seller\":{\"@type\":\"Organization\",\"name\":\"Amazon\"},\"availability\":\"https:\/\/schema.org\/InStock\",\"price\":\"29.95\",\"priceCurrency\":\"EUR\",\"priceValidUntil\":\"2026-04-28\"}}},{\"@type\":\"ListItem\",\"position\":3,\"item\":{\"@type\":\"Product\",\"name\":\"Plant in a Box - Arbres fruitiers - Lot de 4 - Pommier, Cerisier, Poirier et Prunier - Hauteur 60-70cm - Pot 9cm - Id\u00e9al balcon & jardin - Fleurs printani\u00e8res et r\u00e9colte rapide\",\"image\":\"https:\/\/m.media-amazon.com\/images\/I\/41kTqx8-8iL._SL500_.jpg\",\"sku\":\"B0D4YQ9R4P\",\"productID\":\"B0D4YQ9R4P\",\"brand\":{\"@type\":\"Brand\",\"name\":\"Plant in a Box\"},\"description\":\"Quatre arbres fruitiers en forme de colonne \u2013 pommier, poirier et prunier. Croissance compacte, entretien simple et production abondante dans un espace r\u00e9duit. Rustiques et robustes \u2013 Ces arbres fruitiers r\u00e9sistent au froid jusqu\u2019\u00e0 \u201320 \u00b0C, ce qui les rend parfaits pour le climat europ\u00e9en. Ils se plantent toute l\u2019ann\u00e9e tant que le sol n\u2019est pas gel\u00e9. Les arbres fruitiers en colonne \u00e0 pomme, poire et prune donnent une r\u00e9colte riche sur peu d\u2019espace \u2013 parfait pour terrasses et petits jardins.\",\"offers\":{\"@type\":\"Offer\",\"url\":\"https:\/\/www.amazon.fr\/dp\/B0D4YQ9R4P?tag=izidata07-21\",\"seller\":{\"@type\":\"Organization\",\"name\":\"Amazon\"},\"availability\":\"https:\/\/schema.org\/InStock\",\"price\":\"50.99\",\"priceCurrency\":\"EUR\",\"priceValidUntil\":\"2026-04-28\"}}},{\"@type\":\"ListItem\",\"position\":4,\"item\":{\"@type\":\"Product\",\"name\":\"Ficus Brown Turkey | Arbre Fruitier Figuier Robuste | Plante en Pot d'Ext\u00e9rieur 20-30 cm\",\"image\":\"https:\/\/m.media-amazon.com\/images\/I\/51BscMYGONL._SL500_.jpg\",\"sku\":\"B09GBLGB4S\",\"productID\":\"B09GBLGB4S\",\"brand\":{\"@type\":\"Brand\",\"name\":\"GardenersDream\"},\"description\":\"FRUIT SUCRE COMESTIBLE \u2013 Le Ficus Brown Turkey produit des fruits tr\u00e8s riches, frais et d\u00e9licieux \u00e0 l'approche de l'automne. Ces fruits peuvent appara\u00eetre jusqu'\u00e0 deux fois par an dans des conditions chaudes, mais le plus souvent, ils n'apparaissent qu'une fois au cours des mois d'ao\u00fbt et de septembre. FEUILLES VERTES LOBEES \u2013 Les feuilles du Ficus Brown Turkey sont de forme de lobe et constituent une excellente base pour la croissance des figues. La couleur verte est un excellent contrepoids pour la plante qui ajoute une bonne quantit\u00e9 de couleur au jardin avant l'apparition des fruits en automne. ARBUSTE A PORT BUISSONNANT - Ce petit arbuste \u00e0 feuilles caduques est agr\u00e9able \u00e0 cultiver car il offre une abondance de couleurs et de fruits, tout en \u00e9tant robuste avec un port buissonnant. Le Ficus Brown Turkey demande assez peu d'entretien, ce qui le rend plus facile \u00e0 cultiver pour les amateurs de plantes de tous niveaux.\",\"offers\":{\"@type\":\"Offer\",\"url\":\"https:\/\/www.amazon.fr\/dp\/B09GBLGB4S?tag=izidata07-21\",\"seller\":{\"@type\":\"Organization\",\"name\":\"Amazon\"},\"availability\":\"https:\/\/schema.org\/InStock\",\"price\":\"18.95\",\"priceCurrency\":\"EUR\",\"priceValidUntil\":\"2026-04-28\"}}}]}<\/script>\n\n<script type=\"application\/ld+json\">{\"@context\":\"https:\/\/schema.org\",\"@type\":\"ItemList\",\"itemListElement\":[{\"@type\":\"ListItem\",\"position\":1,\"item\":{\"@type\":\"Product\",\"name\":\"Lot de 2 50cm Petit citronnier Artificiel avec Pot,Arbre Artificiel Nain avec Citron,Branche&Feuillage,sans Entretien,Mini Fausse Plante d\u00e9corative pour Salon,Bureau,Banquet-Int\u00e9rieur\/Ext\u00e9rieur\",\"image\":\"https:\/\/m.media-amazon.com\/images\/I\/41lt6uVixwL._SL500_.jpg\",\"sku\":\"B0GV496TBX\",\"productID\":\"B0GV496TBX\",\"brand\":{\"@type\":\"Brand\",\"name\":\"OPULENTHOME\"},\"description\":\"Citronnier Nain 50cm \u2013 Un Petit Arbre D\u00e9coratif Plein de Charme: Ce petit citronnier artificiel 50cm avec pot est parfait pour ajouter une touche m\u00e9diterran\u00e9enne \u00e0 votre int\u00e9rieur ou ext\u00e9rieur. Son format compact et sa taille nain en font un arbre artificiel id\u00e9al pour les salons, les bureaux ou les balcons. Un d\u00e9cor v\u00e9g\u00e9tal r\u00e9aliste qui s\u2019int\u00e8gre partout, m\u00eame dans les petits espaces. Citrons R\u00e9alistes et Feuillage PE pour un Rendu Authentique: Avec ses citrons r\u00e9alistes jaune vif, ses multi branches naturelles et son feuillage PE dense, cette mini fausse plante d\u00e9corative capture l\u2019essence du sud de la France. Chaque d\u00e9tail est soign\u00e9 pour offrir un aspect tr\u00e8s r\u00e9aliste, sans les contraintes d\u2019une plante vivante. Sans Entretien et Assemblage Facile pour un Gain de Temps: Fini l\u2019arrosage et la taille ! Ce citronnier artificiel nain ne demande aucun entretien et reste impeccable toute l\u2019ann\u00e9e. L\u2019assemblage facile permet de l\u2019installer en quelques minutes, pour une d\u00e9coration imm\u00e9diate sans effort, que ce soit \u00e0 l\u2019int\u00e9rieur ou \u00e0 l\u2019ext\u00e9rieur.\",\"offers\":{\"@type\":\"Offer\",\"url\":\"https:\/\/www.amazon.fr\/dp\/B0GV496TBX?tag=izidata07-21\",\"seller\":{\"@type\":\"Organization\",\"name\":\"Amazon\"},\"availability\":\"https:\/\/schema.org\/InStock\",\"price\":\"41.99\",\"priceCurrency\":\"EUR\",\"priceValidUntil\":\"2026-04-28\"}}},{\"@type\":\"ListItem\",\"position\":2,\"item\":{\"@type\":\"Product\",\"name\":\"Citronnier artificiel Arbre artificiel dans un pot noir 118 x 40 cm - Plante d\u00e9corative - Arbre d\u00e9coratif d'int\u00e9rieur\",\"image\":\"https:\/\/m.media-amazon.com\/images\/I\/41Xc5H8XVkL._SL500_.jpg\",\"sku\":\"B0F1D2DDM6\",\"productID\":\"B0F1D2DDM6\",\"brand\":{\"@type\":\"Brand\",\"name\":\"Spetebo\"},\"description\":\"La taille est d'environ 118 cm x 40 cm (hauteur x diam\u00e8tre) Mat\u00e9riau : plastique - Type de plante : citronnier Arbre d\u00e9coratif artificiel dans un pot de fleurs noir\",\"offers\":{\"@type\":\"Offer\",\"url\":\"https:\/\/www.amazon.fr\/dp\/B0F1D2DDM6?tag=izidata07-21\",\"seller\":{\"@type\":\"Organization\",\"name\":\"Amazon\"},\"availability\":\"https:\/\/schema.org\/InStock\",\"price\":\"29.95\",\"priceCurrency\":\"EUR\",\"priceValidUntil\":\"2026-04-28\"}}},{\"@type\":\"ListItem\",\"position\":3,\"item\":{\"@type\":\"Product\",\"name\":\"Plant in a Box - Arbres fruitiers - Lot de 4 - Pommier, Cerisier, Poirier et Prunier - Hauteur 60-70cm - Pot 9cm - Id\u00e9al balcon & jardin - Fleurs printani\u00e8res et r\u00e9colte rapide\",\"image\":\"https:\/\/m.media-amazon.com\/images\/I\/41kTqx8-8iL._SL500_.jpg\",\"sku\":\"B0D4YQ9R4P\",\"productID\":\"B0D4YQ9R4P\",\"brand\":{\"@type\":\"Brand\",\"name\":\"Plant in a Box\"},\"description\":\"Quatre arbres fruitiers en forme de colonne \u2013 pommier, poirier et prunier. Croissance compacte, entretien simple et production abondante dans un espace r\u00e9duit. Rustiques et robustes \u2013 Ces arbres fruitiers r\u00e9sistent au froid jusqu\u2019\u00e0 \u201320 \u00b0C, ce qui les rend parfaits pour le climat europ\u00e9en. Ils se plantent toute l\u2019ann\u00e9e tant que le sol n\u2019est pas gel\u00e9. Les arbres fruitiers en colonne \u00e0 pomme, poire et prune donnent une r\u00e9colte riche sur peu d\u2019espace \u2013 parfait pour terrasses et petits jardins.\",\"offers\":{\"@type\":\"Offer\",\"url\":\"https:\/\/www.amazon.fr\/dp\/B0D4YQ9R4P?tag=izidata07-21\",\"seller\":{\"@type\":\"Organization\",\"name\":\"Amazon\"},\"availability\":\"https:\/\/schema.org\/InStock\",\"price\":\"50.99\",\"priceCurrency\":\"EUR\",\"priceValidUntil\":\"2026-04-28\"}}},{\"@type\":\"ListItem\",\"position\":4,\"item\":{\"@type\":\"Product\",\"name\":\"Ficus Brown Turkey | Arbre Fruitier Figuier Robuste | Plante en Pot d'Ext\u00e9rieur 20-30 cm\",\"image\":\"https:\/\/m.media-amazon.com\/images\/I\/51BscMYGONL._SL500_.jpg\",\"sku\":\"B09GBLGB4S\",\"productID\":\"B09GBLGB4S\",\"brand\":{\"@type\":\"Brand\",\"name\":\"GardenersDream\"},\"description\":\"FRUIT SUCRE COMESTIBLE \u2013 Le Ficus Brown Turkey produit des fruits tr\u00e8s riches, frais et d\u00e9licieux \u00e0 l'approche de l'automne. Ces fruits peuvent appara\u00eetre jusqu'\u00e0 deux fois par an dans des conditions chaudes, mais le plus souvent, ils n'apparaissent qu'une fois au cours des mois d'ao\u00fbt et de septembre. FEUILLES VERTES LOBEES \u2013 Les feuilles du Ficus Brown Turkey sont de forme de lobe et constituent une excellente base pour la croissance des figues. La couleur verte est un excellent contrepoids pour la plante qui ajoute une bonne quantit\u00e9 de couleur au jardin avant l'apparition des fruits en automne. ARBUSTE A PORT BUISSONNANT - Ce petit arbuste \u00e0 feuilles caduques est agr\u00e9able \u00e0 cultiver car il offre une abondance de couleurs et de fruits, tout en \u00e9tant robuste avec un port buissonnant. Le Ficus Brown Turkey demande assez peu d'entretien, ce qui le rend plus facile \u00e0 cultiver pour les amateurs de plantes de tous niveaux.\",\"offers\":{\"@type\":\"Offer\",\"url\":\"https:\/\/www.amazon.fr\/dp\/B09GBLGB4S?tag=izidata07-21\",\"seller\":{\"@type\":\"Organization\",\"name\":\"Amazon\"},\"availability\":\"https:\/\/schema.org\/InStock\",\"price\":\"18.95\",\"priceCurrency\":\"EUR\",\"priceValidUntil\":\"2026-04-28\"}}}]}<\/script>\n<\/div>\n\n\n<h4><span class=\"ez-toc-section\" id=\"Autour_des_arbres_fruitiers\"><\/span>Autour des arbres fruitiers :<span class=\"ez-toc-section-end\"><\/span><\/h4>\n\n\n\n<ul class=\"links\"><li><a href=\"https:\/\/www.arrosagedujardin.fr\/guide\/taille-des-arbres-fruitiers\/\">Taille des arbres fruitiers<\/a><\/li><li><a href=\"https:\/\/www.arrosagedujardin.fr\/guide\/greffe-des-arbres-fruitiers-2\/\">Greffe des arbres fruitiers<\/a><\/li><li><a href=\"https:\/\/www.arrosagedujardin.fr\/guide\/tout-sur-l-olivier\/\">Tout savoir sur l&rsquo;olivier<\/a><\/li><\/ul>\n\n\n\n<p><\/p>\n","protected":false},"excerpt":{"rendered":"<p>Les arbres fruitiers nains Ce n\u2019est pas parce que vous n\u2019avez pas de jardin que vous ne pouvez pas avoir d\u2019arbres fruitiers ! \u00c9tonnant, non ? Si vous disposez d\u2019une terrasse, d\u2019un balcon ou d\u2019un petit jardin, les arbres fruitiers nains vous permettent de cultiver des fruits de la m\u00eame taille et tout aussi go\u00fbteux [&hellip;]<\/p>\n","protected":false},"author":1,"featured_media":0,"parent":0,"menu_order":0,"comment_status":"closed","ping_status":"closed","template":"","meta":{"_links_to":"","_links_to_target":""},"yoast_head":"<!-- This site is optimized with the Yoast SEO plugin v20.6 - https:\/\/yoast.com\/wordpress\/plugins\/seo\/ -->\n<title>Arbres fruitiers nains<\/title>\n<meta name=\"robots\" content=\"index, follow, max-snippet:-1, max-image-preview:large, max-video-preview:-1\" \/>\n<link rel=\"canonical\" href=\"https:\/\/www.arrosagedujardin.fr\/guide\/arbres-fruitiers-nains\/\" \/>\n<meta property=\"og:locale\" content=\"fr_FR\" \/>\n<meta property=\"og:type\" content=\"article\" \/>\n<meta property=\"og:title\" content=\"Arbres fruitiers nains\" \/>\n<meta property=\"og:description\" content=\"Les arbres fruitiers nains Ce n\u2019est pas parce que vous n\u2019avez pas de jardin que vous ne pouvez pas avoir d\u2019arbres fruitiers ! \u00c9tonnant, non ? Si vous disposez d\u2019une terrasse, d\u2019un balcon ou d\u2019un petit jardin, les arbres fruitiers nains vous permettent de cultiver des fruits de la m\u00eame taille et tout aussi go\u00fbteux [&hellip;]\" \/>\n<meta property=\"og:url\" content=\"https:\/\/www.arrosagedujardin.fr\/guide\/arbres-fruitiers-nains\/\" \/>\n<meta property=\"article:modified_time\" content=\"2026-04-23T18:10:13+00:00\" \/>\n<meta property=\"og:image\" content=\"https:\/\/www.arrosagedujardin.fr\/guide\/wp-content\/uploads\/2019\/04\/arbre-fruitier-duo-abricot-et-prune.jpg\" \/>\n<meta name=\"twitter:card\" content=\"summary_large_image\" \/>\n<meta name=\"twitter:label1\" content=\"Dur\u00e9e de lecture estim\u00e9e\" \/>\n\t<meta name=\"twitter:data1\" content=\"5 minutes\" \/>\n<script type=\"application\/ld+json\" class=\"yoast-schema-graph\">{\"@context\":\"https:\/\/schema.org\",\"@graph\":[{\"@type\":\"WebPage\",\"@id\":\"https:\/\/www.arrosagedujardin.fr\/guide\/arbres-fruitiers-nains\/\",\"url\":\"https:\/\/www.arrosagedujardin.fr\/guide\/arbres-fruitiers-nains\/\",\"name\":\"Arbres fruitiers nains\",\"isPartOf\":{\"@id\":\"https:\/\/www.arrosagedujardin.fr\/guide\/#website\"},\"datePublished\":\"2019-04-06T08:11:49+00:00\",\"dateModified\":\"2026-04-23T18:10:13+00:00\",\"breadcrumb\":{\"@id\":\"https:\/\/www.arrosagedujardin.fr\/guide\/arbres-fruitiers-nains\/#breadcrumb\"},\"inLanguage\":\"fr-FR\",\"potentialAction\":[{\"@type\":\"ReadAction\",\"target\":[\"https:\/\/www.arrosagedujardin.fr\/guide\/arbres-fruitiers-nains\/\"]}]},{\"@type\":\"BreadcrumbList\",\"@id\":\"https:\/\/www.arrosagedujardin.fr\/guide\/arbres-fruitiers-nains\/#breadcrumb\",\"itemListElement\":[{\"@type\":\"ListItem\",\"position\":1,\"name\":\"Home\",\"item\":\"https:\/\/www.arrosagedujardin.fr\/guide\/\"},{\"@type\":\"ListItem\",\"position\":2,\"name\":\"Arbres fruitiers nains\"}]},{\"@type\":\"WebSite\",\"@id\":\"https:\/\/www.arrosagedujardin.fr\/guide\/#website\",\"url\":\"https:\/\/www.arrosagedujardin.fr\/guide\/\",\"name\":\"\",\"description\":\"Guide sur l&#039;entretien et l&#039;arrosage du jardin\",\"potentialAction\":[{\"@type\":\"SearchAction\",\"target\":{\"@type\":\"EntryPoint\",\"urlTemplate\":\"https:\/\/www.arrosagedujardin.fr\/guide\/?s={search_term_string}\"},\"query-input\":\"required name=search_term_string\"}],\"inLanguage\":\"fr-FR\"}]}<\/script>\n<!-- \/ Yoast SEO plugin. -->","yoast_head_json":{"title":"Arbres fruitiers nains","robots":{"index":"index","follow":"follow","max-snippet":"max-snippet:-1","max-image-preview":"max-image-preview:large","max-video-preview":"max-video-preview:-1"},"canonical":"https:\/\/www.arrosagedujardin.fr\/guide\/arbres-fruitiers-nains\/","og_locale":"fr_FR","og_type":"article","og_title":"Arbres fruitiers nains","og_description":"Les arbres fruitiers nains Ce n\u2019est pas parce que vous n\u2019avez pas de jardin que vous ne pouvez pas avoir d\u2019arbres fruitiers ! \u00c9tonnant, non ? Si vous disposez d\u2019une terrasse, d\u2019un balcon ou d\u2019un petit jardin, les arbres fruitiers nains vous permettent de cultiver des fruits de la m\u00eame taille et tout aussi go\u00fbteux [&hellip;]","og_url":"https:\/\/www.arrosagedujardin.fr\/guide\/arbres-fruitiers-nains\/","article_modified_time":"2026-04-23T18:10:13+00:00","og_image":[{"url":"https:\/\/www.arrosagedujardin.fr\/guide\/wp-content\/uploads\/2019\/04\/arbre-fruitier-duo-abricot-et-prune.jpg"}],"twitter_card":"summary_large_image","twitter_misc":{"Dur\u00e9e de lecture estim\u00e9e":"5 minutes"},"schema":{"@context":"https:\/\/schema.org","@graph":[{"@type":"WebPage","@id":"https:\/\/www.arrosagedujardin.fr\/guide\/arbres-fruitiers-nains\/","url":"https:\/\/www.arrosagedujardin.fr\/guide\/arbres-fruitiers-nains\/","name":"Arbres fruitiers nains","isPartOf":{"@id":"https:\/\/www.arrosagedujardin.fr\/guide\/#website"},"datePublished":"2019-04-06T08:11:49+00:00","dateModified":"2026-04-23T18:10:13+00:00","breadcrumb":{"@id":"https:\/\/www.arrosagedujardin.fr\/guide\/arbres-fruitiers-nains\/#breadcrumb"},"inLanguage":"fr-FR","potentialAction":[{"@type":"ReadAction","target":["https:\/\/www.arrosagedujardin.fr\/guide\/arbres-fruitiers-nains\/"]}]},{"@type":"BreadcrumbList","@id":"https:\/\/www.arrosagedujardin.fr\/guide\/arbres-fruitiers-nains\/#breadcrumb","itemListElement":[{"@type":"ListItem","position":1,"name":"Home","item":"https:\/\/www.arrosagedujardin.fr\/guide\/"},{"@type":"ListItem","position":2,"name":"Arbres fruitiers nains"}]},{"@type":"WebSite","@id":"https:\/\/www.arrosagedujardin.fr\/guide\/#website","url":"https:\/\/www.arrosagedujardin.fr\/guide\/","name":"","description":"Guide sur l&#039;entretien et l&#039;arrosage du jardin","potentialAction":[{"@type":"SearchAction","target":{"@type":"EntryPoint","urlTemplate":"https:\/\/www.arrosagedujardin.fr\/guide\/?s={search_term_string}"},"query-input":"required name=search_term_string"}],"inLanguage":"fr-FR"}]}},"_links":{"self":[{"href":"https:\/\/www.arrosagedujardin.fr\/guide\/wp-json\/wp\/v2\/pages\/2496"}],"collection":[{"href":"https:\/\/www.arrosagedujardin.fr\/guide\/wp-json\/wp\/v2\/pages"}],"about":[{"href":"https:\/\/www.arrosagedujardin.fr\/guide\/wp-json\/wp\/v2\/types\/page"}],"author":[{"embeddable":true,"href":"https:\/\/www.arrosagedujardin.fr\/guide\/wp-json\/wp\/v2\/users\/1"}],"replies":[{"embeddable":true,"href":"https:\/\/www.arrosagedujardin.fr\/guide\/wp-json\/wp\/v2\/comments?post=2496"}],"version-history":[{"count":27,"href":"https:\/\/www.arrosagedujardin.fr\/guide\/wp-json\/wp\/v2\/pages\/2496\/revisions"}],"predecessor-version":[{"id":8630,"href":"https:\/\/www.arrosagedujardin.fr\/guide\/wp-json\/wp\/v2\/pages\/2496\/revisions\/8630"}],"wp:attachment":[{"href":"https:\/\/www.arrosagedujardin.fr\/guide\/wp-json\/wp\/v2\/media?parent=2496"}],"curies":[{"name":"wp","href":"https:\/\/api.w.org\/{rel}","templated":true}]}}