{"id":2506,"date":"2019-04-05T10:56:08","date_gmt":"2019-04-05T10:56:08","guid":{"rendered":"https:\/\/www.arrosagedujardin.fr\/guide\/?page_id=2506"},"modified":"2026-04-23T18:20:11","modified_gmt":"2026-04-23T18:20:11","slug":"arbres-fruitiers","status":"publish","type":"page","link":"https:\/\/www.arrosagedujardin.fr\/guide\/arbres-fruitiers\/","title":{"rendered":"Arbres fruitiers"},"content":{"rendered":"\n<h1><span class=\"ez-toc-section\" id=\"Lessentiel_de_ce_que_vous_devez_savoir_sur_les_arbres_fruitiers\"><\/span>L\u2019essentiel de ce que vous devez savoir sur les arbres fruitiers<span class=\"ez-toc-section-end\"><\/span><\/h1>\n\n\n\n<p>Si vous avez des arbres fruitiers dans votre jardin ou si vous d\u00e9sirez en planter, il est essentiel de bien savoir les entretenir pour qu\u2019il puisse croitre en bonne sant\u00e9.<\/p>\n\n\n\n<p>Dans cet article nous essayer de vous prodiguer quelques conseils utiles pour bien prendre soin de son arbre fruitier. <\/p>\n\n\n\n<p>Bien prendre soin de son verger ou arbre fruitier fait partie int\u00e9grante de l&rsquo;<a href=\"https:\/\/www.arrosagedujardin.fr\/guide\/\">entretien de votre jardin <\/a> .<\/p>\n\n\n\n<p>Si vous d\u00e9cidez d\u2019en planter, comment choisir son arbre fruitier ? En fonction de quels crit\u00e8res ? Quand le planter ? Comment s\u2019assurer d\u2019avoir une bonne r\u00e9colte ?<\/p>\n\n\n<div id=\"fox-b-1\">\n<div class=\"fox-best fox-best--grid fox-animate\"\n         id=\"fox-best-b6d22a74\"\n     style=\"--fox-best-cols:3\"\n     >\n\n        \n    \n    <div class=\"fox-best__grid\">\n                <article class=\"fox-best__item fox-best__item--ranked\"\n                 style=\"--fox-item-delay:0ms\">\n\n                        <div class=\"fox-best__rank\"\n                 style=\"background:#ff6b35;color:#ffffff\">\n                1            <\/div>\n            \n            <a href=\"https:\/\/www.amazon.fr\/dp\/B0013BBT0U?tag=izidata07-21\"\n               target=\"_blank\" rel=\"nofollow noopener sponsored\"\n               class=\"fox-best__image-link\">\n                                <img src=\"https:\/\/m.media-amazon.com\/images\/I\/314ck8EXCTL._SL500_.jpg\"\n                     alt=\"Gardena Cisailles \u00e0 gazon orientables Comfort: tranchants orientables \u00e0 360\u00b0 pour droitiers et gauchers, rev\u00eatement anti-adh\u00e9sif, poign\u00e9e confortable (8734-20)\"\n                     class=\"fox-best__image\" loading=\"lazy\">\n                            <\/a>\n\n            <div class=\"fox-best__body\">\n                                <span class=\"fox-best__brand\">Gardena<\/span>\n                                <p class=\"fox-best__item-title\">\n                    <a href=\"https:\/\/www.amazon.fr\/dp\/B0013BBT0U?tag=izidata07-21\"\n                       target=\"_blank\" rel=\"nofollow noopener sponsored\">\n                        Gardena Cisailles \u00e0 gazon orientables Comfort: tranchants orientables \u00e0 360\u00b0 pour droitiers et gauchers, rev\u00eatement anti-adh\u00e9sif, poign\u00e9e confortable (8734-20)                    <\/a>\n                <\/p>\n                                    <div class=\"fox-best__stars\"><\/div>                <div class=\"fox-best__footer\"><div class=\"fox-best__price-wrap has-promo\"><span class=\"fox-best__price-before\">\u20ac31,99<\/span><span class=\"fox-best__price\">\u20ac18,99<\/span><span class=\"fox-promo-badge\">-41%<\/span><div class=\"fox-best__sparkline-wrap\" title=\"Historique 30 jours\"><div class=\"fox-sparkline\" data-asin=\"B0013BBT0U\"><svg width=\"72\" height=\"26\" viewBox=\"0 0 72 26\" xmlns=\"http:\/\/www.w3.org\/2000\/svg\" class=\"fox-sparkline__svg\" aria-hidden=\"true\" style=\"overflow:visible\"><defs><linearGradient id=\"fox-spark-b4539e8f\" x1=\"0\" y1=\"0\" x2=\"0\" y2=\"1\"><stop offset=\"0%\" stop-color=\"var(--fox-accent, #FF6B35)\" stop-opacity=\".25\"\/><stop offset=\"100%\" stop-color=\"var(--fox-accent, #FF6B35)\" stop-opacity=\"0\"\/><\/linearGradient><\/defs><path d=\"M 2,24 L 2,24 L 38.7,2 L 70,21 L 70,24 Z\" fill=\"url(#fox-spark-b4539e8f)\"\/><polyline points=\"2,24 38.7,2 70,21\" fill=\"none\" stroke=\"var(--fox-accent, #FF6B35)\" stroke-width=\"1.5\" stroke-linecap=\"round\" stroke-linejoin=\"round\"\/><circle cx=\"70\" cy=\"21\" r=\"3\" fill=\"var(--fox-accent, #FF6B35)\"\/><\/svg><\/div><\/div><\/div><a href=\"https:\/\/www.amazon.fr\/dp\/B0013BBT0U?tag=izidata07-21\" class=\"fox-best__cta fox-table__btn\" target=\"_blank\" rel=\"nofollow noopener sponsored\">Voir<\/a><\/div>            <\/div>\n\n        <\/article>\n                <article class=\"fox-best__item fox-best__item--ranked\"\n                 style=\"--fox-item-delay:60ms\">\n\n                        <div class=\"fox-best__rank\"\n                 style=\"background:#64748b;color:#fff\">\n                2            <\/div>\n            \n            <a href=\"https:\/\/www.amazon.fr\/dp\/B0BNLN8VYF?tag=izidata07-21\"\n               target=\"_blank\" rel=\"nofollow noopener sponsored\"\n               class=\"fox-best__image-link\">\n                                <img src=\"https:\/\/m.media-amazon.com\/images\/I\/31GzLRkAJYL._SL500_.jpg\"\n                     alt=\"Cisaille \u00e0 Gazon sans Fil Gardena ComfortCut Li : cisaille \u00e0 Gazon avec Largeur de Coupe de 8 cm, poign\u00e9e Confort r\u00e9glable avec Affichage LED, Changement de Lame sans Outils (9887-20)\"\n                     class=\"fox-best__image\" loading=\"lazy\">\n                            <\/a>\n\n            <div class=\"fox-best__body\">\n                                <span class=\"fox-best__brand\">Gardena<\/span>\n                                <p class=\"fox-best__item-title\">\n                    <a href=\"https:\/\/www.amazon.fr\/dp\/B0BNLN8VYF?tag=izidata07-21\"\n                       target=\"_blank\" rel=\"nofollow noopener sponsored\">\n                        Cisaille \u00e0 Gazon sans Fil Gardena ComfortCut Li : cisaille \u00e0 Gazon avec Largeur de Coupe de 8 cm, poign\u00e9e Confort r\u00e9glable avec Affichage LED, Changement de Lame sans Outils (9887-20)                    <\/a>\n                <\/p>\n                                    <div class=\"fox-best__stars\"><\/div>                <div class=\"fox-best__footer\"><div class=\"fox-best__price-wrap\"><span class=\"fox-best__price\">\u20ac78,71<\/span><\/div><a href=\"https:\/\/www.amazon.fr\/dp\/B0BNLN8VYF?tag=izidata07-21\" class=\"fox-best__cta fox-table__btn\" target=\"_blank\" rel=\"nofollow noopener sponsored\">Voir<\/a><\/div>            <\/div>\n\n        <\/article>\n                <article class=\"fox-best__item fox-best__item--ranked\"\n                 style=\"--fox-item-delay:120ms\">\n\n                        <div class=\"fox-best__rank\"\n                 style=\"background:#e2e8f0;color:#0f172a\">\n                3            <\/div>\n            \n            <a href=\"https:\/\/www.amazon.fr\/dp\/B076WSFFXP?tag=izidata07-21\"\n               target=\"_blank\" rel=\"nofollow noopener sponsored\"\n               class=\"fox-best__image-link\">\n                                <img src=\"https:\/\/m.media-amazon.com\/images\/I\/218SLQy3sQL._SL500_.jpg\"\n                     alt=\"Cisailles \u00e0 gazon \u00e0 long manche Comfort de Gardena : coupe-gazon avec manche, prot\u00e9geant le dos, poign\u00e9e confort (12100-20)\"\n                     class=\"fox-best__image\" loading=\"lazy\">\n                            <\/a>\n\n            <div class=\"fox-best__body\">\n                                <span class=\"fox-best__brand\">Gardena<\/span>\n                                <p class=\"fox-best__item-title\">\n                    <a href=\"https:\/\/www.amazon.fr\/dp\/B076WSFFXP?tag=izidata07-21\"\n                       target=\"_blank\" rel=\"nofollow noopener sponsored\">\n                        Cisailles \u00e0 gazon \u00e0 long manche Comfort de Gardena : coupe-gazon avec manche, prot\u00e9geant le dos, poign\u00e9e confort (12100-20)                    <\/a>\n                <\/p>\n                                    <div class=\"fox-best__stars\"><\/div>                <div class=\"fox-best__footer\"><div class=\"fox-best__price-wrap\"><span class=\"fox-best__price\">\u20ac54,54<\/span><\/div><a href=\"https:\/\/www.amazon.fr\/dp\/B076WSFFXP?tag=izidata07-21\" class=\"fox-best__cta fox-table__btn\" target=\"_blank\" rel=\"nofollow noopener sponsored\">Voir<\/a><\/div>            <\/div>\n\n        <\/article>\n                <article class=\"fox-best__item\"\n                 style=\"--fox-item-delay:180ms\">\n\n            \n            <a href=\"https:\/\/www.amazon.fr\/dp\/B0DMF5Q2HX?tag=izidata07-21\"\n               target=\"_blank\" rel=\"nofollow noopener sponsored\"\n               class=\"fox-best__image-link\">\n                                <img src=\"https:\/\/m.media-amazon.com\/images\/I\/31ra4BvgiLL._SL500_.jpg\"\n                     alt=\"Gardena Cisaille \u00e0 branches TeleCut Pro S: cisaille \u00e0 branches t\u00e9lescopique pour bois frais jusqu&#039;\u00e0 50 mm, extensible jusqu&#039;\u00e0 670 mm, lames aff\u00fbt\u00e9es avec pr\u00e9cision (12040-88)\"\n                     class=\"fox-best__image\" loading=\"lazy\">\n                            <\/a>\n\n            <div class=\"fox-best__body\">\n                                <span class=\"fox-best__brand\">Gardena<\/span>\n                                <p class=\"fox-best__item-title\">\n                    <a href=\"https:\/\/www.amazon.fr\/dp\/B0DMF5Q2HX?tag=izidata07-21\"\n                       target=\"_blank\" rel=\"nofollow noopener sponsored\">\n                        Gardena Cisaille \u00e0 branches TeleCut Pro S: cisaille \u00e0 branches t\u00e9lescopique pour bois frais jusqu&#039;\u00e0 50 mm, extensible jusqu&#039;\u00e0 670 mm, lames aff\u00fbt\u00e9es avec pr\u00e9cision (12040-88)                    <\/a>\n                <\/p>\n                                    <div class=\"fox-best__stars\"><\/div>                <div class=\"fox-best__footer\"><div class=\"fox-best__price-wrap\"><span class=\"fox-best__price\">\u20ac51,99<\/span><div class=\"fox-best__sparkline-wrap\" title=\"Historique 30 jours\"><div class=\"fox-sparkline\" data-asin=\"B0DMF5Q2HX\"><svg width=\"72\" height=\"26\" viewBox=\"0 0 72 26\" xmlns=\"http:\/\/www.w3.org\/2000\/svg\" class=\"fox-sparkline__svg\" aria-hidden=\"true\" style=\"overflow:visible\"><defs><linearGradient id=\"fox-spark-038aab85\" x1=\"0\" y1=\"0\" x2=\"0\" y2=\"1\"><stop offset=\"0%\" stop-color=\"#DC2626\" stop-opacity=\".25\"\/><stop offset=\"100%\" stop-color=\"#DC2626\" stop-opacity=\"0\"\/><\/linearGradient><\/defs><path d=\"M 2,24 L 2,24 L 70,2 L 70,24 Z\" fill=\"url(#fox-spark-038aab85)\"\/><polyline points=\"2,24 70,2\" fill=\"none\" stroke=\"#DC2626\" stroke-width=\"1.5\" stroke-linecap=\"round\" stroke-linejoin=\"round\"\/><circle cx=\"70\" cy=\"2\" r=\"3\" fill=\"#DC2626\"\/><\/svg><\/div><\/div><\/div><a href=\"https:\/\/www.amazon.fr\/dp\/B0DMF5Q2HX?tag=izidata07-21\" class=\"fox-best__cta fox-table__btn\" target=\"_blank\" rel=\"nofollow noopener sponsored\">Voir<\/a><\/div>            <\/div>\n\n        <\/article>\n                <article class=\"fox-best__item\"\n                 style=\"--fox-item-delay:240ms\">\n\n            \n            <a href=\"https:\/\/www.amazon.fr\/dp\/B0BNLMS52P?tag=izidata07-21\"\n               target=\"_blank\" rel=\"nofollow noopener sponsored\"\n               class=\"fox-best__image-link\">\n                                <img src=\"https:\/\/m.media-amazon.com\/images\/I\/31CJ6n9gVFL._SL500_.jpg\"\n                     alt=\"Gardena Set de cisailles \u00e0 Gazon sans Fil ClassicCut Li: avec Largeur de Coupe de 8 cm et Manche t\u00e9lescopique \u00e0 roulettes, poign\u00e9e Confortable avec Affichage de l&#039;\u00e9tat de Charge LED (9886-20)\"\n                     class=\"fox-best__image\" loading=\"lazy\">\n                            <\/a>\n\n            <div class=\"fox-best__body\">\n                                <span class=\"fox-best__brand\">Gardena<\/span>\n                                <p class=\"fox-best__item-title\">\n                    <a href=\"https:\/\/www.amazon.fr\/dp\/B0BNLMS52P?tag=izidata07-21\"\n                       target=\"_blank\" rel=\"nofollow noopener sponsored\">\n                        Gardena Set de cisailles \u00e0 Gazon sans Fil ClassicCut Li: avec Largeur de Coupe de 8 cm et Manche t\u00e9lescopique \u00e0 roulettes, poign\u00e9e Confortable avec Affichage de l&#039;\u00e9tat de Charge LED (9886-20)                    <\/a>\n                <\/p>\n                                    <div class=\"fox-best__stars\"><\/div>                <div class=\"fox-best__footer\"><div class=\"fox-best__price-wrap has-promo\"><span class=\"fox-best__price-before\">\u20ac104,99<\/span><span class=\"fox-best__price-tag fox-best__price-tag--low\">\ud83d\udd25 Bas<\/span><span class=\"fox-best__price\">\u20ac83,61<\/span><span class=\"fox-promo-badge\">-20%<\/span><div class=\"fox-best__sparkline-wrap\" title=\"Historique 30 jours\"><div class=\"fox-sparkline\" data-asin=\"B0BNLMS52P\"><svg width=\"72\" height=\"26\" viewBox=\"0 0 72 26\" xmlns=\"http:\/\/www.w3.org\/2000\/svg\" class=\"fox-sparkline__svg\" aria-hidden=\"true\" style=\"overflow:visible\"><defs><linearGradient id=\"fox-spark-fd112566\" x1=\"0\" y1=\"0\" x2=\"0\" y2=\"1\"><stop offset=\"0%\" stop-color=\"#16A34A\" stop-opacity=\".25\"\/><stop offset=\"100%\" stop-color=\"#16A34A\" stop-opacity=\"0\"\/><\/linearGradient><\/defs><path d=\"M 2,24 L 2,2 L 70,24 L 70,24 Z\" fill=\"url(#fox-spark-fd112566)\"\/><polyline points=\"2,2 70,24\" fill=\"none\" stroke=\"#16A34A\" stroke-width=\"1.5\" stroke-linecap=\"round\" stroke-linejoin=\"round\"\/><circle cx=\"70\" cy=\"24\" r=\"3\" fill=\"#16A34A\"\/><\/svg><\/div><\/div><\/div><a href=\"https:\/\/www.amazon.fr\/dp\/B0BNLMS52P?tag=izidata07-21\" class=\"fox-best__cta fox-table__btn\" target=\"_blank\" rel=\"nofollow noopener sponsored\">Voir<\/a><\/div>            <\/div>\n\n        <\/article>\n                <article class=\"fox-best__item\"\n                 style=\"--fox-item-delay:300ms\">\n\n            \n            <a href=\"https:\/\/www.amazon.fr\/dp\/B0BNLM85ZH?tag=izidata07-21\"\n               target=\"_blank\" rel=\"nofollow noopener sponsored\"\n               class=\"fox-best__image-link\">\n                                <img src=\"https:\/\/m.media-amazon.com\/images\/I\/316XaxL8eDL._SL500_.jpg\"\n                     alt=\"Gardena Set de cisailles \u00e0 Gazon sans Fil ComfortCut Li :cisaille \u00e0 Gazon et Manche t\u00e9lescopique avec roulettes, poign\u00e9e Confort r\u00e9glable avec Affichage LED, Changement de Lame sans Outils (9889-20)\"\n                     class=\"fox-best__image\" loading=\"lazy\">\n                            <\/a>\n\n            <div class=\"fox-best__body\">\n                                <span class=\"fox-best__brand\">Gardena<\/span>\n                                <p class=\"fox-best__item-title\">\n                    <a href=\"https:\/\/www.amazon.fr\/dp\/B0BNLM85ZH?tag=izidata07-21\"\n                       target=\"_blank\" rel=\"nofollow noopener sponsored\">\n                        Gardena Set de cisailles \u00e0 Gazon sans Fil ComfortCut Li :cisaille \u00e0 Gazon et Manche t\u00e9lescopique avec roulettes, poign\u00e9e Confort r\u00e9glable avec Affichage LED, Changement de Lame sans Outils (9889-20)                    <\/a>\n                <\/p>\n                                    <div class=\"fox-best__stars\"><\/div>                <div class=\"fox-best__footer\"><div class=\"fox-best__price-wrap has-promo\"><span class=\"fox-best__price-before\">\u20ac114,99<\/span><span class=\"fox-best__price\">\u20ac95,99<\/span><span class=\"fox-promo-badge\">-17%<\/span><\/div><a href=\"https:\/\/www.amazon.fr\/dp\/B0BNLM85ZH?tag=izidata07-21\" class=\"fox-best__cta fox-table__btn\" target=\"_blank\" rel=\"nofollow noopener sponsored\">Voir<\/a><\/div>            <\/div>\n\n        <\/article>\n                <article class=\"fox-best__item\"\n                 style=\"--fox-item-delay:360ms\">\n\n            \n            <a href=\"https:\/\/www.amazon.fr\/dp\/B0BNLMFRKM?tag=izidata07-21\"\n               target=\"_blank\" rel=\"nofollow noopener sponsored\"\n               class=\"fox-best__image-link\">\n                                <img src=\"https:\/\/m.media-amazon.com\/images\/I\/31C37pAb0RL._SL500_.jpg\"\n                     alt=\"Cisaille \u00e0 Gazon sans Fil Gardena ClassicCut Li : cisaille \u00e0 Gazon avec Largeur de Coupe de 8 cm, poign\u00e9e Confortable avec indicateur d&#039;\u00e9tat de Charge LED, Changement de Lame sans Outils (9884-20)\"\n                     class=\"fox-best__image\" loading=\"lazy\">\n                            <\/a>\n\n            <div class=\"fox-best__body\">\n                                <span class=\"fox-best__brand\">Gardena<\/span>\n                                <p class=\"fox-best__item-title\">\n                    <a href=\"https:\/\/www.amazon.fr\/dp\/B0BNLMFRKM?tag=izidata07-21\"\n                       target=\"_blank\" rel=\"nofollow noopener sponsored\">\n                        Cisaille \u00e0 Gazon sans Fil Gardena ClassicCut Li : cisaille \u00e0 Gazon avec Largeur de Coupe de 8 cm, poign\u00e9e Confortable avec indicateur d&#039;\u00e9tat de Charge LED, Changement de Lame sans Outils (9884-20)                    <\/a>\n                <\/p>\n                                    <div class=\"fox-best__stars\"><\/div>                <div class=\"fox-best__footer\"><div class=\"fox-best__price-wrap\"><span class=\"fox-best__price\">\u20ac69,55<\/span><div class=\"fox-best__sparkline-wrap\" title=\"Historique 30 jours\"><div class=\"fox-sparkline\" data-asin=\"B0BNLMFRKM\"><svg width=\"72\" height=\"26\" viewBox=\"0 0 72 26\" xmlns=\"http:\/\/www.w3.org\/2000\/svg\" class=\"fox-sparkline__svg\" aria-hidden=\"true\" style=\"overflow:visible\"><defs><linearGradient id=\"fox-spark-ffa56f10\" x1=\"0\" y1=\"0\" x2=\"0\" y2=\"1\"><stop offset=\"0%\" stop-color=\"#DC2626\" stop-opacity=\".25\"\/><stop offset=\"100%\" stop-color=\"#DC2626\" stop-opacity=\"0\"\/><\/linearGradient><\/defs><path d=\"M 2,24 L 2,24 L 70,2 L 70,24 Z\" fill=\"url(#fox-spark-ffa56f10)\"\/><polyline points=\"2,24 70,2\" fill=\"none\" stroke=\"#DC2626\" stroke-width=\"1.5\" stroke-linecap=\"round\" stroke-linejoin=\"round\"\/><circle cx=\"70\" cy=\"2\" r=\"3\" fill=\"#DC2626\"\/><\/svg><\/div><\/div><\/div><a href=\"https:\/\/www.amazon.fr\/dp\/B0BNLMFRKM?tag=izidata07-21\" class=\"fox-best__cta fox-table__btn\" target=\"_blank\" rel=\"nofollow noopener sponsored\">Voir<\/a><\/div>            <\/div>\n\n        <\/article>\n                <article class=\"fox-best__item\"\n                 style=\"--fox-item-delay:420ms\">\n\n            \n            <a href=\"https:\/\/www.amazon.fr\/dp\/B0BNLP8KZS?tag=izidata07-21\"\n               target=\"_blank\" rel=\"nofollow noopener sponsored\"\n               class=\"fox-best__image-link\">\n                                <img src=\"https:\/\/m.media-amazon.com\/images\/I\/31Abru8cXNL._SL500_.jpg\"\n                     alt=\"Gardena cisailles \u00e0 Gazon et arbustes sans Fil ClassicCut Li: cisaille \u00e0 Gazon et Coupe-arbustes, poign\u00e9e Confortable avec indicateur d&#039;\u00e9tat de Charge LED, Changement de Lame sans Outils (9885-20)\"\n                     class=\"fox-best__image\" loading=\"lazy\">\n                            <\/a>\n\n            <div class=\"fox-best__body\">\n                                <span class=\"fox-best__brand\">Gardena<\/span>\n                                <p class=\"fox-best__item-title\">\n                    <a href=\"https:\/\/www.amazon.fr\/dp\/B0BNLP8KZS?tag=izidata07-21\"\n                       target=\"_blank\" rel=\"nofollow noopener sponsored\">\n                        Gardena cisailles \u00e0 Gazon et arbustes sans Fil ClassicCut Li: cisaille \u00e0 Gazon et Coupe-arbustes, poign\u00e9e Confortable avec indicateur d&#039;\u00e9tat de Charge LED, Changement de Lame sans Outils (9885-20)                    <\/a>\n                <\/p>\n                                    <div class=\"fox-best__stars\"><\/div>                <div class=\"fox-best__footer\"><div class=\"fox-best__price-wrap has-promo\"><span class=\"fox-best__price-before\">\u20ac92,99<\/span><span class=\"fox-best__price\">\u20ac61,00<\/span><span class=\"fox-promo-badge\">-34%<\/span><\/div><a href=\"https:\/\/www.amazon.fr\/dp\/B0BNLP8KZS?tag=izidata07-21\" class=\"fox-best__cta fox-table__btn\" target=\"_blank\" rel=\"nofollow noopener sponsored\">Voir<\/a><\/div>            <\/div>\n\n        <\/article>\n            <\/div>\n\n    \n<\/div><!-- .fox-best -->\n\n<script type=\"application\/ld+json\">{\"@context\":\"https:\/\/schema.org\",\"@type\":\"ItemList\",\"itemListElement\":[{\"@type\":\"ListItem\",\"position\":1,\"item\":{\"@type\":\"Product\",\"name\":\"Gardena Cisailles \u00e0 gazon orientables Comfort: tranchants orientables \u00e0 360\u00b0 pour droitiers et gauchers, rev\u00eatement anti-adh\u00e9sif, poign\u00e9e confortable (8734-20)\",\"image\":\"https:\/\/m.media-amazon.com\/images\/I\/314ck8EXCTL._SL500_.jpg\",\"sku\":\"B0013BBT0U\",\"productID\":\"B0013BBT0U\",\"brand\":{\"@type\":\"Brand\",\"name\":\"Gardena\"},\"description\":\"Confortable pour les gauchers et les droitiers : la rotation facile et rapide des tranchants sur 360\u00b0 permet aux droitiers et aux gauchers de couper facilement avec les cisailles \u00e0 gazon Bonne prise en main : poign\u00e9e ergonomique et confortable pour une manipulation facile Coupe pr\u00e9cise, facile et puissante : la lame dent\u00e9e permet une coupe pr\u00e9cise et le support de lame permet une coupe puissante sur toute la longueur de la lame\",\"offers\":{\"@type\":\"Offer\",\"url\":\"https:\/\/www.amazon.fr\/dp\/B0013BBT0U?tag=izidata07-21\",\"seller\":{\"@type\":\"Organization\",\"name\":\"Amazon\"},\"availability\":\"https:\/\/schema.org\/InStock\",\"price\":\"18.99\",\"priceCurrency\":\"EUR\",\"priceValidUntil\":\"2026-04-28\"}}},{\"@type\":\"ListItem\",\"position\":2,\"item\":{\"@type\":\"Product\",\"name\":\"Cisaille \u00e0 Gazon sans Fil Gardena ComfortCut Li : cisaille \u00e0 Gazon avec Largeur de Coupe de 8 cm, poign\u00e9e Confort r\u00e9glable avec Affichage LED, Changement de Lame sans Outils (9887-20)\",\"image\":\"https:\/\/m.media-amazon.com\/images\/I\/31GzLRkAJYL._SL500_.jpg\",\"sku\":\"B0BNLN8VYF\",\"productID\":\"B0BNLN8VYF\",\"brand\":{\"@type\":\"Brand\",\"name\":\"Gardena\"},\"description\":\"Lame de haute qualit\u00e9: Les lames antiadh\u00e9sives de haute qualit\u00e9 vous permettent d\u2019atteindre tous les recoins difficiles d\u2019acc\u00e8s de votre jardin et m\u00eame de tailler des buis Ergonomique et confortable: Poign\u00e9e compacte et maniable pour tous travaux gr\u00e2ce au m\u00e9canisme pivotant Indicateur de l\u2019\u00e9tat de charge dans la poign\u00e9e: L\u2019autonomie maximale est de 80 minutes avec une batterie enti\u00e8rement charg\u00e9e, ce qui correspond \u00e0 environ 1 400 m de bordures\",\"offers\":{\"@type\":\"Offer\",\"url\":\"https:\/\/www.amazon.fr\/dp\/B0BNLN8VYF?tag=izidata07-21\",\"seller\":{\"@type\":\"Organization\",\"name\":\"Amazon\"},\"availability\":\"https:\/\/schema.org\/InStock\",\"price\":\"78.71\",\"priceCurrency\":\"EUR\",\"priceValidUntil\":\"2026-04-28\"}}},{\"@type\":\"ListItem\",\"position\":3,\"item\":{\"@type\":\"Product\",\"name\":\"Cisailles \u00e0 gazon \u00e0 long manche Comfort de Gardena : coupe-gazon avec manche, prot\u00e9geant le dos, poign\u00e9e confort (12100-20)\",\"image\":\"https:\/\/m.media-amazon.com\/images\/I\/218SLQy3sQL._SL500_.jpg\",\"sku\":\"B076WSFFXP\",\"productID\":\"B076WSFFXP\",\"brand\":{\"@type\":\"Brand\",\"name\":\"Gardena\"},\"description\":\"Travailler en prot\u00e9geant son dos : le manche r\u00e9glable permet de travailler en position verticale Coupe facile : gr\u00e2ce \u00e0 la poign\u00e9e ergonomique, les cisailles \u00e0 gazon s'adaptent parfaitement \u00e0 la main Le confort \u00e0 l'\u00e9tat pur : l'angle d'inclinaison r\u00e9glable du manche et l'angle de coupe flexible sont particuli\u00e8rement pratiques\",\"offers\":{\"@type\":\"Offer\",\"url\":\"https:\/\/www.amazon.fr\/dp\/B076WSFFXP?tag=izidata07-21\",\"seller\":{\"@type\":\"Organization\",\"name\":\"Amazon\"},\"availability\":\"https:\/\/schema.org\/InStock\",\"price\":\"54.54\",\"priceCurrency\":\"EUR\",\"priceValidUntil\":\"2026-04-28\"}}},{\"@type\":\"ListItem\",\"position\":4,\"item\":{\"@type\":\"Product\",\"name\":\"Gardena Cisaille \u00e0 branches TeleCut Pro S: cisaille \u00e0 branches t\u00e9lescopique pour bois frais jusqu'\u00e0 50 mm, extensible jusqu'\u00e0 670 mm, lames aff\u00fbt\u00e9es avec pr\u00e9cision (12040-88)\",\"image\":\"https:\/\/m.media-amazon.com\/images\/I\/31ra4BvgiLL._SL500_.jpg\",\"sku\":\"B0DMF5Q2HX\",\"productID\":\"B0DMF5Q2HX\",\"brand\":{\"@type\":\"Brand\",\"name\":\"Gardena\"},\"description\":\"Lames en acier de qualit\u00e9 pour une grande force de coupe avec un diam\u00e8tre de coupe de 50 mm S'\u00e9tend jusqu'\u00e0 670 mm, offrant une coupe de pr\u00e9cision puissante et sans effort pour les branches difficiles d'acc\u00e8s Lames tranchantes de pr\u00e9cision avec rev\u00eatement PowerCoating pour des coupes propres et pr\u00e9cises\",\"offers\":{\"@type\":\"Offer\",\"url\":\"https:\/\/www.amazon.fr\/dp\/B0DMF5Q2HX?tag=izidata07-21\",\"seller\":{\"@type\":\"Organization\",\"name\":\"Amazon\"},\"availability\":\"https:\/\/schema.org\/InStock\",\"price\":\"51.99\",\"priceCurrency\":\"EUR\",\"priceValidUntil\":\"2026-04-28\"}}},{\"@type\":\"ListItem\",\"position\":5,\"item\":{\"@type\":\"Product\",\"name\":\"Gardena Set de cisailles \u00e0 Gazon sans Fil ClassicCut Li: avec Largeur de Coupe de 8 cm et Manche t\u00e9lescopique \u00e0 roulettes, poign\u00e9e Confortable avec Affichage de l'\u00e9tat de Charge LED (9886-20)\",\"image\":\"https:\/\/m.media-amazon.com\/images\/I\/31CJ6n9gVFL._SL500_.jpg\",\"sku\":\"B0BNLMS52P\",\"productID\":\"B0BNLMS52P\",\"brand\":{\"@type\":\"Brand\",\"name\":\"Gardena\"},\"description\":\"Lame de haute qualit\u00e9: Les lames antiadh\u00e9sives de haute qualit\u00e9 vous permettent d\u2019atteindre tous les recoins difficiles d\u2019acc\u00e8s de votre jardin et m\u00eame de tailler des buis Maniable et confortable: Le manche t\u00e9lescopique r\u00e9glable en hauteur en continu s\u2019adapte parfaitement \u00e0 la morphologie et au type de travaux, permettant ainsi de travailler debout sans se baisser L\u2019\u00e9tat de charge de la batterie en un coup d\u2019\u0153il: L\u2019affichage LED pratique indique \u00e0 tout moment l\u2019\u00e9tat de la batterie afin que vous puissiez la recharger \u00e0 temps, sans interrompre vos travaux\",\"offers\":{\"@type\":\"Offer\",\"url\":\"https:\/\/www.amazon.fr\/dp\/B0BNLMS52P?tag=izidata07-21\",\"seller\":{\"@type\":\"Organization\",\"name\":\"Amazon\"},\"availability\":\"https:\/\/schema.org\/InStock\",\"price\":\"83.61\",\"priceCurrency\":\"EUR\",\"priceValidUntil\":\"2026-04-28\"}}},{\"@type\":\"ListItem\",\"position\":6,\"item\":{\"@type\":\"Product\",\"name\":\"Gardena Set de cisailles \u00e0 Gazon sans Fil ComfortCut Li :cisaille \u00e0 Gazon et Manche t\u00e9lescopique avec roulettes, poign\u00e9e Confort r\u00e9glable avec Affichage LED, Changement de Lame sans Outils (9889-20)\",\"image\":\"https:\/\/m.media-amazon.com\/images\/I\/316XaxL8eDL._SL500_.jpg\",\"sku\":\"B0BNLM85ZH\",\"productID\":\"B0BNLM85ZH\",\"brand\":{\"@type\":\"Brand\",\"name\":\"Gardena\"},\"description\":\"Lame de haute qualit\u00e9: Les lames antiadh\u00e9sives de haute qualit\u00e9 d\u2019une largeur de coupe de 8 cm vous permettent d\u2019atteindre tous les endroits difficiles d\u2019acc\u00e8s de votre jardin Confortable pour pr\u00e9server le dos: Le manche t\u00e9lescopique r\u00e9glable en hauteur et le m\u00e9canisme pivotant de la poign\u00e9e permettent d\u2019adapter parfaitement l\u2019outil afin de travailler sans se pencher Indicateur de l\u2019\u00e9tat de charge dans la poign\u00e9e: L\u2019autonomie maximale est de 80 minutes avec une batterie enti\u00e8rement charg\u00e9e, ce qui correspond \u00e0 environ 1 400 m de bordures\",\"offers\":{\"@type\":\"Offer\",\"url\":\"https:\/\/www.amazon.fr\/dp\/B0BNLM85ZH?tag=izidata07-21\",\"seller\":{\"@type\":\"Organization\",\"name\":\"Amazon\"},\"availability\":\"https:\/\/schema.org\/InStock\",\"price\":\"95.99\",\"priceCurrency\":\"EUR\",\"priceValidUntil\":\"2026-04-28\"}}},{\"@type\":\"ListItem\",\"position\":7,\"item\":{\"@type\":\"Product\",\"name\":\"Cisaille \u00e0 Gazon sans Fil Gardena ClassicCut Li : cisaille \u00e0 Gazon avec Largeur de Coupe de 8 cm, poign\u00e9e Confortable avec indicateur d'\u00e9tat de Charge LED, Changement de Lame sans Outils (9884-20)\",\"image\":\"https:\/\/m.media-amazon.com\/images\/I\/31C37pAb0RL._SL500_.jpg\",\"sku\":\"B0BNLMFRKM\",\"productID\":\"B0BNLMFRKM\",\"brand\":{\"@type\":\"Brand\",\"name\":\"Gardena\"},\"description\":\"Lame de haute qualit\u00e9: Les lames antiadh\u00e9sives de haute qualit\u00e9 vous permettent d\u2019atteindre tous les recoins difficiles d\u2019acc\u00e8s de votre jardin et m\u00eame de tailler des buis Maniable et l\u00e9g\u00e8re: La poign\u00e9e ergonomique et le poids total de seulement 550 g font de la ClassicCut l\u2019outil de jardin id\u00e9al pour des travaux pr\u00e9cis au niveau des bordures L\u2019\u00e9tat de charge de la batterie en un coup d\u2019\u0153il: L\u2019affichage LED pratique indique \u00e0 tout moment l\u2019\u00e9tat de la batterie afin que vous puissiez la recharger \u00e0 temps, sans interrompre vos travaux\",\"offers\":{\"@type\":\"Offer\",\"url\":\"https:\/\/www.amazon.fr\/dp\/B0BNLMFRKM?tag=izidata07-21\",\"seller\":{\"@type\":\"Organization\",\"name\":\"Amazon\"},\"availability\":\"https:\/\/schema.org\/InStock\",\"price\":\"69.55\",\"priceCurrency\":\"EUR\",\"priceValidUntil\":\"2026-04-28\"}}},{\"@type\":\"ListItem\",\"position\":8,\"item\":{\"@type\":\"Product\",\"name\":\"Gardena cisailles \u00e0 Gazon et arbustes sans Fil ClassicCut Li: cisaille \u00e0 Gazon et Coupe-arbustes, poign\u00e9e Confortable avec indicateur d'\u00e9tat de Charge LED, Changement de Lame sans Outils (9885-20)\",\"image\":\"https:\/\/m.media-amazon.com\/images\/I\/31Abru8cXNL._SL500_.jpg\",\"sku\":\"B0BNLP8KZS\",\"productID\":\"B0BNLP8KZS\",\"brand\":{\"@type\":\"Brand\",\"name\":\"Gardena\"},\"description\":\"Lame de haute qualit\u00e9: Les lames antiadh\u00e9sives de haute qualit\u00e9 vous permettent d\u2019atteindre tous les recoins difficiles d\u2019acc\u00e8s et m\u00eame de tailler des buis ou des arbustes Maniable et l\u00e9g\u00e8re: La poign\u00e9e ergonomique et le poids total de seulement 550 g font de la ClassicCut l\u2019outil de jardin id\u00e9al pour des travaux pr\u00e9cis au niveau des pelouses, arbustes et buissons L\u2019\u00e9tat de charge de la batterie en un coup d\u2019\u0153il: L\u2019affichage LED pratique indique \u00e0 tout moment l\u2019\u00e9tat de la batterie afin que vous puissiez la recharger \u00e0 temps, sans interrompre vos travaux\",\"offers\":{\"@type\":\"Offer\",\"url\":\"https:\/\/www.amazon.fr\/dp\/B0BNLP8KZS?tag=izidata07-21\",\"seller\":{\"@type\":\"Organization\",\"name\":\"Amazon\"},\"availability\":\"https:\/\/schema.org\/InStock\",\"price\":\"61.00\",\"priceCurrency\":\"EUR\",\"priceValidUntil\":\"2026-04-28\"}}}]}<\/script>\n\n<script type=\"application\/ld+json\">{\"@context\":\"https:\/\/schema.org\",\"@type\":\"ItemList\",\"itemListElement\":[{\"@type\":\"ListItem\",\"position\":1,\"item\":{\"@type\":\"Product\",\"name\":\"Gardena Cisailles \u00e0 gazon orientables Comfort: tranchants orientables \u00e0 360\u00b0 pour droitiers et gauchers, rev\u00eatement anti-adh\u00e9sif, poign\u00e9e confortable (8734-20)\",\"image\":\"https:\/\/m.media-amazon.com\/images\/I\/314ck8EXCTL._SL500_.jpg\",\"sku\":\"B0013BBT0U\",\"productID\":\"B0013BBT0U\",\"brand\":{\"@type\":\"Brand\",\"name\":\"Gardena\"},\"description\":\"Confortable pour les gauchers et les droitiers : la rotation facile et rapide des tranchants sur 360\u00b0 permet aux droitiers et aux gauchers de couper facilement avec les cisailles \u00e0 gazon Bonne prise en main : poign\u00e9e ergonomique et confortable pour une manipulation facile Coupe pr\u00e9cise, facile et puissante : la lame dent\u00e9e permet une coupe pr\u00e9cise et le support de lame permet une coupe puissante sur toute la longueur de la lame\",\"offers\":{\"@type\":\"Offer\",\"url\":\"https:\/\/www.amazon.fr\/dp\/B0013BBT0U?tag=izidata07-21\",\"seller\":{\"@type\":\"Organization\",\"name\":\"Amazon\"},\"availability\":\"https:\/\/schema.org\/InStock\",\"price\":\"18.99\",\"priceCurrency\":\"EUR\",\"priceValidUntil\":\"2026-04-28\"}}},{\"@type\":\"ListItem\",\"position\":2,\"item\":{\"@type\":\"Product\",\"name\":\"Cisaille \u00e0 Gazon sans Fil Gardena ComfortCut Li : cisaille \u00e0 Gazon avec Largeur de Coupe de 8 cm, poign\u00e9e Confort r\u00e9glable avec Affichage LED, Changement de Lame sans Outils (9887-20)\",\"image\":\"https:\/\/m.media-amazon.com\/images\/I\/31GzLRkAJYL._SL500_.jpg\",\"sku\":\"B0BNLN8VYF\",\"productID\":\"B0BNLN8VYF\",\"brand\":{\"@type\":\"Brand\",\"name\":\"Gardena\"},\"description\":\"Lame de haute qualit\u00e9: Les lames antiadh\u00e9sives de haute qualit\u00e9 vous permettent d\u2019atteindre tous les recoins difficiles d\u2019acc\u00e8s de votre jardin et m\u00eame de tailler des buis Ergonomique et confortable: Poign\u00e9e compacte et maniable pour tous travaux gr\u00e2ce au m\u00e9canisme pivotant Indicateur de l\u2019\u00e9tat de charge dans la poign\u00e9e: L\u2019autonomie maximale est de 80 minutes avec une batterie enti\u00e8rement charg\u00e9e, ce qui correspond \u00e0 environ 1 400 m de bordures\",\"offers\":{\"@type\":\"Offer\",\"url\":\"https:\/\/www.amazon.fr\/dp\/B0BNLN8VYF?tag=izidata07-21\",\"seller\":{\"@type\":\"Organization\",\"name\":\"Amazon\"},\"availability\":\"https:\/\/schema.org\/InStock\",\"price\":\"78.71\",\"priceCurrency\":\"EUR\",\"priceValidUntil\":\"2026-04-28\"}}},{\"@type\":\"ListItem\",\"position\":3,\"item\":{\"@type\":\"Product\",\"name\":\"Cisailles \u00e0 gazon \u00e0 long manche Comfort de Gardena : coupe-gazon avec manche, prot\u00e9geant le dos, poign\u00e9e confort (12100-20)\",\"image\":\"https:\/\/m.media-amazon.com\/images\/I\/218SLQy3sQL._SL500_.jpg\",\"sku\":\"B076WSFFXP\",\"productID\":\"B076WSFFXP\",\"brand\":{\"@type\":\"Brand\",\"name\":\"Gardena\"},\"description\":\"Travailler en prot\u00e9geant son dos : le manche r\u00e9glable permet de travailler en position verticale Coupe facile : gr\u00e2ce \u00e0 la poign\u00e9e ergonomique, les cisailles \u00e0 gazon s'adaptent parfaitement \u00e0 la main Le confort \u00e0 l'\u00e9tat pur : l'angle d'inclinaison r\u00e9glable du manche et l'angle de coupe flexible sont particuli\u00e8rement pratiques\",\"offers\":{\"@type\":\"Offer\",\"url\":\"https:\/\/www.amazon.fr\/dp\/B076WSFFXP?tag=izidata07-21\",\"seller\":{\"@type\":\"Organization\",\"name\":\"Amazon\"},\"availability\":\"https:\/\/schema.org\/InStock\",\"price\":\"54.54\",\"priceCurrency\":\"EUR\",\"priceValidUntil\":\"2026-04-28\"}}},{\"@type\":\"ListItem\",\"position\":4,\"item\":{\"@type\":\"Product\",\"name\":\"Gardena Cisaille \u00e0 branches TeleCut Pro S: cisaille \u00e0 branches t\u00e9lescopique pour bois frais jusqu'\u00e0 50 mm, extensible jusqu'\u00e0 670 mm, lames aff\u00fbt\u00e9es avec pr\u00e9cision (12040-88)\",\"image\":\"https:\/\/m.media-amazon.com\/images\/I\/31ra4BvgiLL._SL500_.jpg\",\"sku\":\"B0DMF5Q2HX\",\"productID\":\"B0DMF5Q2HX\",\"brand\":{\"@type\":\"Brand\",\"name\":\"Gardena\"},\"description\":\"Lames en acier de qualit\u00e9 pour une grande force de coupe avec un diam\u00e8tre de coupe de 50 mm S'\u00e9tend jusqu'\u00e0 670 mm, offrant une coupe de pr\u00e9cision puissante et sans effort pour les branches difficiles d'acc\u00e8s Lames tranchantes de pr\u00e9cision avec rev\u00eatement PowerCoating pour des coupes propres et pr\u00e9cises\",\"offers\":{\"@type\":\"Offer\",\"url\":\"https:\/\/www.amazon.fr\/dp\/B0DMF5Q2HX?tag=izidata07-21\",\"seller\":{\"@type\":\"Organization\",\"name\":\"Amazon\"},\"availability\":\"https:\/\/schema.org\/InStock\",\"price\":\"51.99\",\"priceCurrency\":\"EUR\",\"priceValidUntil\":\"2026-04-28\"}}},{\"@type\":\"ListItem\",\"position\":5,\"item\":{\"@type\":\"Product\",\"name\":\"Gardena Set de cisailles \u00e0 Gazon sans Fil ClassicCut Li: avec Largeur de Coupe de 8 cm et Manche t\u00e9lescopique \u00e0 roulettes, poign\u00e9e Confortable avec Affichage de l'\u00e9tat de Charge LED (9886-20)\",\"image\":\"https:\/\/m.media-amazon.com\/images\/I\/31CJ6n9gVFL._SL500_.jpg\",\"sku\":\"B0BNLMS52P\",\"productID\":\"B0BNLMS52P\",\"brand\":{\"@type\":\"Brand\",\"name\":\"Gardena\"},\"description\":\"Lame de haute qualit\u00e9: Les lames antiadh\u00e9sives de haute qualit\u00e9 vous permettent d\u2019atteindre tous les recoins difficiles d\u2019acc\u00e8s de votre jardin et m\u00eame de tailler des buis Maniable et confortable: Le manche t\u00e9lescopique r\u00e9glable en hauteur en continu s\u2019adapte parfaitement \u00e0 la morphologie et au type de travaux, permettant ainsi de travailler debout sans se baisser L\u2019\u00e9tat de charge de la batterie en un coup d\u2019\u0153il: L\u2019affichage LED pratique indique \u00e0 tout moment l\u2019\u00e9tat de la batterie afin que vous puissiez la recharger \u00e0 temps, sans interrompre vos travaux\",\"offers\":{\"@type\":\"Offer\",\"url\":\"https:\/\/www.amazon.fr\/dp\/B0BNLMS52P?tag=izidata07-21\",\"seller\":{\"@type\":\"Organization\",\"name\":\"Amazon\"},\"availability\":\"https:\/\/schema.org\/InStock\",\"price\":\"83.61\",\"priceCurrency\":\"EUR\",\"priceValidUntil\":\"2026-04-28\"}}},{\"@type\":\"ListItem\",\"position\":6,\"item\":{\"@type\":\"Product\",\"name\":\"Gardena Set de cisailles \u00e0 Gazon sans Fil ComfortCut Li :cisaille \u00e0 Gazon et Manche t\u00e9lescopique avec roulettes, poign\u00e9e Confort r\u00e9glable avec Affichage LED, Changement de Lame sans Outils (9889-20)\",\"image\":\"https:\/\/m.media-amazon.com\/images\/I\/316XaxL8eDL._SL500_.jpg\",\"sku\":\"B0BNLM85ZH\",\"productID\":\"B0BNLM85ZH\",\"brand\":{\"@type\":\"Brand\",\"name\":\"Gardena\"},\"description\":\"Lame de haute qualit\u00e9: Les lames antiadh\u00e9sives de haute qualit\u00e9 d\u2019une largeur de coupe de 8 cm vous permettent d\u2019atteindre tous les endroits difficiles d\u2019acc\u00e8s de votre jardin Confortable pour pr\u00e9server le dos: Le manche t\u00e9lescopique r\u00e9glable en hauteur et le m\u00e9canisme pivotant de la poign\u00e9e permettent d\u2019adapter parfaitement l\u2019outil afin de travailler sans se pencher Indicateur de l\u2019\u00e9tat de charge dans la poign\u00e9e: L\u2019autonomie maximale est de 80 minutes avec une batterie enti\u00e8rement charg\u00e9e, ce qui correspond \u00e0 environ 1 400 m de bordures\",\"offers\":{\"@type\":\"Offer\",\"url\":\"https:\/\/www.amazon.fr\/dp\/B0BNLM85ZH?tag=izidata07-21\",\"seller\":{\"@type\":\"Organization\",\"name\":\"Amazon\"},\"availability\":\"https:\/\/schema.org\/InStock\",\"price\":\"95.99\",\"priceCurrency\":\"EUR\",\"priceValidUntil\":\"2026-04-28\"}}},{\"@type\":\"ListItem\",\"position\":7,\"item\":{\"@type\":\"Product\",\"name\":\"Cisaille \u00e0 Gazon sans Fil Gardena ClassicCut Li : cisaille \u00e0 Gazon avec Largeur de Coupe de 8 cm, poign\u00e9e Confortable avec indicateur d'\u00e9tat de Charge LED, Changement de Lame sans Outils (9884-20)\",\"image\":\"https:\/\/m.media-amazon.com\/images\/I\/31C37pAb0RL._SL500_.jpg\",\"sku\":\"B0BNLMFRKM\",\"productID\":\"B0BNLMFRKM\",\"brand\":{\"@type\":\"Brand\",\"name\":\"Gardena\"},\"description\":\"Lame de haute qualit\u00e9: Les lames antiadh\u00e9sives de haute qualit\u00e9 vous permettent d\u2019atteindre tous les recoins difficiles d\u2019acc\u00e8s de votre jardin et m\u00eame de tailler des buis Maniable et l\u00e9g\u00e8re: La poign\u00e9e ergonomique et le poids total de seulement 550 g font de la ClassicCut l\u2019outil de jardin id\u00e9al pour des travaux pr\u00e9cis au niveau des bordures L\u2019\u00e9tat de charge de la batterie en un coup d\u2019\u0153il: L\u2019affichage LED pratique indique \u00e0 tout moment l\u2019\u00e9tat de la batterie afin que vous puissiez la recharger \u00e0 temps, sans interrompre vos travaux\",\"offers\":{\"@type\":\"Offer\",\"url\":\"https:\/\/www.amazon.fr\/dp\/B0BNLMFRKM?tag=izidata07-21\",\"seller\":{\"@type\":\"Organization\",\"name\":\"Amazon\"},\"availability\":\"https:\/\/schema.org\/InStock\",\"price\":\"69.55\",\"priceCurrency\":\"EUR\",\"priceValidUntil\":\"2026-04-28\"}}},{\"@type\":\"ListItem\",\"position\":8,\"item\":{\"@type\":\"Product\",\"name\":\"Gardena cisailles \u00e0 Gazon et arbustes sans Fil ClassicCut Li: cisaille \u00e0 Gazon et Coupe-arbustes, poign\u00e9e Confortable avec indicateur d'\u00e9tat de Charge LED, Changement de Lame sans Outils (9885-20)\",\"image\":\"https:\/\/m.media-amazon.com\/images\/I\/31Abru8cXNL._SL500_.jpg\",\"sku\":\"B0BNLP8KZS\",\"productID\":\"B0BNLP8KZS\",\"brand\":{\"@type\":\"Brand\",\"name\":\"Gardena\"},\"description\":\"Lame de haute qualit\u00e9: Les lames antiadh\u00e9sives de haute qualit\u00e9 vous permettent d\u2019atteindre tous les recoins difficiles d\u2019acc\u00e8s et m\u00eame de tailler des buis ou des arbustes Maniable et l\u00e9g\u00e8re: La poign\u00e9e ergonomique et le poids total de seulement 550 g font de la ClassicCut l\u2019outil de jardin id\u00e9al pour des travaux pr\u00e9cis au niveau des pelouses, arbustes et buissons L\u2019\u00e9tat de charge de la batterie en un coup d\u2019\u0153il: L\u2019affichage LED pratique indique \u00e0 tout moment l\u2019\u00e9tat de la batterie afin que vous puissiez la recharger \u00e0 temps, sans interrompre vos travaux\",\"offers\":{\"@type\":\"Offer\",\"url\":\"https:\/\/www.amazon.fr\/dp\/B0BNLP8KZS?tag=izidata07-21\",\"seller\":{\"@type\":\"Organization\",\"name\":\"Amazon\"},\"availability\":\"https:\/\/schema.org\/InStock\",\"price\":\"61.00\",\"priceCurrency\":\"EUR\",\"priceValidUntil\":\"2026-04-28\"}}}]}<\/script>\n<\/div>\n\n\n<p>Restez jusqu&rsquo;au bout de l&rsquo;article, nous allons r\u00e9pondre \u00e0 toutes vos questions.<\/p>\n\n\n\n<p>Consultez le sommaire si vous souhaitez aller directement sur la partie qui vous int\u00e9resse.<\/p>\n\n\n<div id=\"ez-toc-container\" class=\"ez-toc-v2_0_71 counter-hierarchy ez-toc-counter ez-toc-grey ez-toc-container-direction\">\n<div class=\"ez-toc-title-container\">\n<p class=\"ez-toc-title\" style=\"cursor:inherit\">Sommaire<\/p>\n<span class=\"ez-toc-title-toggle\"><a href=\"#\" class=\"ez-toc-pull-right ez-toc-btn ez-toc-btn-xs ez-toc-btn-default ez-toc-toggle\" aria-label=\"Toggle Table of Content\"><span class=\"ez-toc-js-icon-con\"><span class=\"\"><span class=\"eztoc-hide\" style=\"display:none;\">Toggle<\/span><span class=\"ez-toc-icon-toggle-span\"><svg style=\"fill: #999;color:#999\" xmlns=\"http:\/\/www.w3.org\/2000\/svg\" class=\"list-377408\" width=\"20px\" height=\"20px\" viewBox=\"0 0 24 24\" fill=\"none\"><path d=\"M6 6H4v2h2V6zm14 0H8v2h12V6zM4 11h2v2H4v-2zm16 0H8v2h12v-2zM4 16h2v2H4v-2zm16 0H8v2h12v-2z\" fill=\"currentColor\"><\/path><\/svg><svg style=\"fill: #999;color:#999\" class=\"arrow-unsorted-368013\" xmlns=\"http:\/\/www.w3.org\/2000\/svg\" width=\"10px\" height=\"10px\" viewBox=\"0 0 24 24\" version=\"1.2\" baseProfile=\"tiny\"><path d=\"M18.2 9.3l-6.2-6.3-6.2 6.3c-.2.2-.3.4-.3.7s.1.5.3.7c.2.2.4.3.7.3h11c.3 0 .5-.1.7-.3.2-.2.3-.5.3-.7s-.1-.5-.3-.7zM5.8 14.7l6.2 6.3 6.2-6.3c.2-.2.3-.5.3-.7s-.1-.5-.3-.7c-.2-.2-.4-.3-.7-.3h-11c-.3 0-.5.1-.7.3-.2.2-.3.5-.3.7s.1.5.3.7z\"\/><\/svg><\/span><\/span><\/span><\/a><\/span><\/div>\n<nav><ul class='ez-toc-list ez-toc-list-level-1 eztoc-toggle-hide-by-default' ><li class='ez-toc-page-1 ez-toc-heading-level-1'><a class=\"ez-toc-link ez-toc-heading-1\" href=\"https:\/\/www.arrosagedujardin.fr\/guide\/arbres-fruitiers\/#Lessentiel_de_ce_que_vous_devez_savoir_sur_les_arbres_fruitiers\" title=\"L\u2019essentiel de ce que vous devez savoir sur les arbres fruitiers\">L\u2019essentiel de ce que vous devez savoir sur les arbres fruitiers<\/a><ul class='ez-toc-list-level-2' ><li class='ez-toc-heading-level-2'><a class=\"ez-toc-link ez-toc-heading-2\" href=\"https:\/\/www.arrosagedujardin.fr\/guide\/arbres-fruitiers\/#Entretien_de_votre_verger_et_vos_arbres_fruitiers\" title=\"Entretien de votre verger et vos arbres fruitiers\">Entretien de votre verger et vos arbres fruitiers<\/a><\/li><li class='ez-toc-page-1 ez-toc-heading-level-2'><a class=\"ez-toc-link ez-toc-heading-3\" href=\"https:\/\/www.arrosagedujardin.fr\/guide\/arbres-fruitiers\/#Criteres_de_choix_pour_votre_arbre_fruitier\" title=\"Crit\u00e8res de choix pour votre arbre fruitier\">Crit\u00e8res de choix pour votre arbre fruitier<\/a><ul class='ez-toc-list-level-3' ><li class='ez-toc-heading-level-3'><a class=\"ez-toc-link ez-toc-heading-4\" href=\"https:\/\/www.arrosagedujardin.fr\/guide\/arbres-fruitiers\/#Lespace_disponible\" title=\"L\u2019espace disponible\">L\u2019espace disponible<\/a><\/li><li class='ez-toc-page-1 ez-toc-heading-level-3'><a class=\"ez-toc-link ez-toc-heading-5\" href=\"https:\/\/www.arrosagedujardin.fr\/guide\/arbres-fruitiers\/#Le_climat\" title=\"Le climat\">Le climat<\/a><\/li><\/ul><\/li><li class='ez-toc-page-1 ez-toc-heading-level-2'><a class=\"ez-toc-link ez-toc-heading-6\" href=\"https:\/\/www.arrosagedujardin.fr\/guide\/arbres-fruitiers\/#Quel_arbre_fruitier_planter\" title=\"Quel arbre fruitier planter?\">Quel arbre fruitier planter?<\/a><ul class='ez-toc-list-level-3' ><li class='ez-toc-heading-level-3'><a class=\"ez-toc-link ez-toc-heading-7\" href=\"https:\/\/www.arrosagedujardin.fr\/guide\/arbres-fruitiers\/#Lolivier\" title=\"L&rsquo;olivier\">L&rsquo;olivier<\/a><\/li><li class='ez-toc-page-1 ez-toc-heading-level-3'><a class=\"ez-toc-link ez-toc-heading-8\" href=\"https:\/\/www.arrosagedujardin.fr\/guide\/arbres-fruitiers\/#Le_pommier_et_le_poirier\" title=\"Le pommier et le poirier\">Le pommier et le poirier<\/a><\/li><li class='ez-toc-page-1 ez-toc-heading-level-3'><a class=\"ez-toc-link ez-toc-heading-9\" href=\"https:\/\/www.arrosagedujardin.fr\/guide\/arbres-fruitiers\/#Le_cerisier\" title=\"Le cerisier\">Le cerisier<\/a><\/li><li class='ez-toc-page-1 ez-toc-heading-level-3'><a class=\"ez-toc-link ez-toc-heading-10\" href=\"https:\/\/www.arrosagedujardin.fr\/guide\/arbres-fruitiers\/#Les_prunier\" title=\"Les prunier\">Les prunier<\/a><\/li><li class='ez-toc-page-1 ez-toc-heading-level-3'><a class=\"ez-toc-link ez-toc-heading-11\" href=\"https:\/\/www.arrosagedujardin.fr\/guide\/arbres-fruitiers\/#Le_pecher\" title=\"Le p\u00eacher\">Le p\u00eacher<\/a><\/li><li class='ez-toc-page-1 ez-toc-heading-level-3'><a class=\"ez-toc-link ez-toc-heading-12\" href=\"https:\/\/www.arrosagedujardin.fr\/guide\/arbres-fruitiers\/#L_abricotier\" title=\"L\u2019 abricotier\">L\u2019 abricotier<\/a><ul class='ez-toc-list-level-5' ><li class='ez-toc-heading-level-5'><ul class='ez-toc-list-level-5' ><li class='ez-toc-heading-level-5'><a class=\"ez-toc-link ez-toc-heading-13\" href=\"https:\/\/www.arrosagedujardin.fr\/guide\/arbres-fruitiers\/#Pour_poursuivre_votre_lecture_une_selection_darticles_qui_peuvent_tinteresser\" title=\"Pour poursuivre votre lecture, une s\u00e9lection d&rsquo;articles qui peuvent t&rsquo;int\u00e9resser :\">Pour poursuivre votre lecture, une s\u00e9lection d&rsquo;articles qui peuvent t&rsquo;int\u00e9resser :<\/a><\/li><\/ul><\/li><\/ul><\/li><\/ul><\/li><\/ul><\/li><\/ul><\/nav><\/div>\n\n\n\n\n<h2><span class=\"ez-toc-section\" id=\"Entretien_de_votre_verger_et_vos_arbres_fruitiers\"><\/span>Entretien de votre verger et vos arbres fruitiers<span class=\"ez-toc-section-end\"><\/span><\/h2>\n\n\n\n<p>Les arbres fruitiers ont besoin de soins particuliers pour qu\u2019ils puissent bien cro\u00eetre et donner une bonne r\u00e9colte.<\/p>\n\n\n\n<p>Que vous ayez un pommier, cerisier, agricotier ou figuier, l\u2019entretien est le m\u00eame quelque soit votre type d\u2019arbre.<\/p>\n\n\n\n<p>Comme vos plantes, fleurs ou rosiers, il y\u2019a plusieurs points auquels il faut que vous y pr\u00e9tiez attention :<\/p>\n\n\n\n<ul><li>Nettoyez votre arbre en \u00e9laguant les le bois mort, endommag\u00e9s ou malades<\/li><li>\u200b<a href=\"https:\/\/www.arrosagedujardin.fr\/guide\/taille-des-arbres-fruitiers\/\">Taillez vos arbres fruitiers<\/a> : en les taillant les vous leur permettez de prendre une forme ma\u00eetris\u00e9e, en les aidant \u00e0 grandir<\/li><li>Fertilisez votre sol<\/li><li>Irriguez vos arbres : un bon <a href=\"https:\/\/www.arrosagedujardin.fr\/guide\/arrosage\/\">arrosage<\/a>  de vos arbres fruitiers est primordial<\/li><li>Appliquez un paillage :  le <a href=\"https:\/\/www.arrosagedujardin.fr\/guide\/binage-et-paillage\/\">paillage<\/a> permet d\u2019\u00e9viter le dess\u00e8chement rapide du sol, et vous \u00e9pargne d\u2019arroser plus souvent<\/li><\/ul>\n\n\n\n<p>Evitez la propagation des maladies : il y\u2019a beaucoup de parasites ou maladies qui peuvent attaquer votre arbre. Il est important donc de pouvoir surveiller votre arbre et en le traitant si besoin.<\/p>\n\n\n<div id=\"fox-b-2\">\n<div class=\"fox-best fox-best--grid fox-animate\"\n         id=\"fox-best-a8bcca2e\"\n     style=\"--fox-best-cols:3\"\n     >\n\n        \n    \n    <div class=\"fox-best__grid\">\n                <article class=\"fox-best__item fox-best__item--ranked\"\n                 style=\"--fox-item-delay:0ms\">\n\n                        <div class=\"fox-best__rank\"\n                 style=\"background:#ff6b35;color:#ffffff\">\n                1            <\/div>\n            \n            <a href=\"https:\/\/www.amazon.fr\/dp\/B0DMF42MZK?tag=izidata07-21\"\n               target=\"_blank\" rel=\"nofollow noopener sponsored\"\n               class=\"fox-best__image-link\">\n                                <img src=\"https:\/\/m.media-amazon.com\/images\/I\/314YttpBHeL._SL500_.jpg\"\n                     alt=\"Gardena S\u00e9cateur de jardin PremiumCut Pro Flex: coupe en d\u00e9rivation, pour bois frais, diam\u00e8tre de coupe 24 mm, poign\u00e9es ergonomiques, lames PowerCoating, fabriqu\u00e9 en Allemagne (12252-20)\"\n                     class=\"fox-best__image\" loading=\"lazy\">\n                            <\/a>\n\n            <div class=\"fox-best__body\">\n                                <span class=\"fox-best__brand\">Gardena<\/span>\n                                <p class=\"fox-best__item-title\">\n                    <a href=\"https:\/\/www.amazon.fr\/dp\/B0DMF42MZK?tag=izidata07-21\"\n                       target=\"_blank\" rel=\"nofollow noopener sponsored\">\n                        Gardena S\u00e9cateur de jardin PremiumCut Pro Flex: coupe en d\u00e9rivation, pour bois frais, diam\u00e8tre de coupe 24 mm, poign\u00e9es ergonomiques, lames PowerCoating, fabriqu\u00e9 en Allemagne (12252-20)                    <\/a>\n                <\/p>\n                                    <div class=\"fox-best__stars\"><\/div>                <div class=\"fox-best__footer\"><div class=\"fox-best__price-wrap has-promo\"><span class=\"fox-best__price-before\">\u20ac33,99<\/span><span class=\"fox-best__price\">\u20ac25,79<\/span><span class=\"fox-promo-badge\">-24%<\/span><div class=\"fox-best__sparkline-wrap\" title=\"Historique 30 jours\"><div class=\"fox-sparkline\" data-asin=\"B0DMF42MZK\"><svg width=\"72\" height=\"26\" viewBox=\"0 0 72 26\" xmlns=\"http:\/\/www.w3.org\/2000\/svg\" class=\"fox-sparkline__svg\" aria-hidden=\"true\" style=\"overflow:visible\"><defs><linearGradient id=\"fox-spark-ac1e88be\" x1=\"0\" y1=\"0\" x2=\"0\" y2=\"1\"><stop offset=\"0%\" stop-color=\"#DC2626\" stop-opacity=\".25\"\/><stop offset=\"100%\" stop-color=\"#DC2626\" stop-opacity=\"0\"\/><\/linearGradient><\/defs><path d=\"M 2,24 L 2,20.2 L 32.7,2 L 53.8,24 L 67.1,9.8 L 70,2 L 70,24 Z\" fill=\"url(#fox-spark-ac1e88be)\"\/><polyline points=\"2,20.2 32.7,2 53.8,24 67.1,9.8 70,2\" fill=\"none\" stroke=\"#DC2626\" stroke-width=\"1.5\" stroke-linecap=\"round\" stroke-linejoin=\"round\"\/><circle cx=\"70\" cy=\"2\" r=\"3\" fill=\"#DC2626\"\/><\/svg><\/div><\/div><\/div><a href=\"https:\/\/www.amazon.fr\/dp\/B0DMF42MZK?tag=izidata07-21\" class=\"fox-best__cta fox-table__btn\" target=\"_blank\" rel=\"nofollow noopener sponsored\">Voir<\/a><\/div>            <\/div>\n\n        <\/article>\n                <article class=\"fox-best__item fox-best__item--ranked\"\n                 style=\"--fox-item-delay:60ms\">\n\n                        <div class=\"fox-best__rank\"\n                 style=\"background:#64748b;color:#fff\">\n                2            <\/div>\n            \n            <a href=\"https:\/\/www.amazon.fr\/dp\/B0DMF4H4Z8?tag=izidata07-21\"\n               target=\"_blank\" rel=\"nofollow noopener sponsored\"\n               class=\"fox-best__image-link\">\n                                <img src=\"https:\/\/m.media-amazon.com\/images\/I\/31X3TKne03L._SL500_.jpg\"\n                     alt=\"Gardena S\u00e9cateur de jardin EasyCut: coupe en d\u00e9rivation, diam\u00e8tre de coupe 20 mm, poign\u00e9es ergonomiques, lames PowerCoating, qualit\u00e9 durable (12230-20)\"\n                     class=\"fox-best__image\" loading=\"lazy\">\n                            <\/a>\n\n            <div class=\"fox-best__body\">\n                                <span class=\"fox-best__brand\">Gardena<\/span>\n                                <p class=\"fox-best__item-title\">\n                    <a href=\"https:\/\/www.amazon.fr\/dp\/B0DMF4H4Z8?tag=izidata07-21\"\n                       target=\"_blank\" rel=\"nofollow noopener sponsored\">\n                        Gardena S\u00e9cateur de jardin EasyCut: coupe en d\u00e9rivation, diam\u00e8tre de coupe 20 mm, poign\u00e9es ergonomiques, lames PowerCoating, qualit\u00e9 durable (12230-20)                    <\/a>\n                <\/p>\n                                    <div class=\"fox-best__stars\"><\/div>                <div class=\"fox-best__footer\"><div class=\"fox-best__price-wrap has-promo\"><span class=\"fox-best__price-before\">\u20ac11,99<\/span><span class=\"fox-best__price-tag fox-best__price-tag--low\">\ud83d\udd25 Bas<\/span><span class=\"fox-best__price\">\u20ac10,99<\/span><span class=\"fox-promo-badge\">-8%<\/span><div class=\"fox-best__sparkline-wrap\" title=\"Historique 30 jours\"><div class=\"fox-sparkline\" data-asin=\"B0DMF4H4Z8\"><svg width=\"72\" height=\"26\" viewBox=\"0 0 72 26\" xmlns=\"http:\/\/www.w3.org\/2000\/svg\" class=\"fox-sparkline__svg\" aria-hidden=\"true\" style=\"overflow:visible\"><defs><linearGradient id=\"fox-spark-126c8cf2\" x1=\"0\" y1=\"0\" x2=\"0\" y2=\"1\"><stop offset=\"0%\" stop-color=\"#16A34A\" stop-opacity=\".25\"\/><stop offset=\"100%\" stop-color=\"#16A34A\" stop-opacity=\"0\"\/><\/linearGradient><\/defs><path d=\"M 2,24 L 2,2 L 70,24 L 70,24 Z\" fill=\"url(#fox-spark-126c8cf2)\"\/><polyline points=\"2,2 70,24\" fill=\"none\" stroke=\"#16A34A\" stroke-width=\"1.5\" stroke-linecap=\"round\" stroke-linejoin=\"round\"\/><circle cx=\"70\" cy=\"24\" r=\"3\" fill=\"#16A34A\"\/><\/svg><\/div><\/div><\/div><a href=\"https:\/\/www.amazon.fr\/dp\/B0DMF4H4Z8?tag=izidata07-21\" class=\"fox-best__cta fox-table__btn\" target=\"_blank\" rel=\"nofollow noopener sponsored\">Voir<\/a><\/div>            <\/div>\n\n        <\/article>\n                <article class=\"fox-best__item fox-best__item--ranked\"\n                 style=\"--fox-item-delay:120ms\">\n\n                        <div class=\"fox-best__rank\"\n                 style=\"background:#e2e8f0;color:#0f172a\">\n                3            <\/div>\n            \n            <a href=\"https:\/\/www.amazon.fr\/dp\/B01FE8M226?tag=izidata07-21\"\n               target=\"_blank\" rel=\"nofollow noopener sponsored\"\n               class=\"fox-best__image-link\">\n                                <img src=\"https:\/\/m.media-amazon.com\/images\/I\/317OgbHnnEL._SL500_.jpg\"\n                     alt=\"GARDENA S\u00e9cateur alu \u00e0 lame franche gardena comfort b\/l - 8906-20\"\n                     class=\"fox-best__image\" loading=\"lazy\">\n                            <\/a>\n\n            <div class=\"fox-best__body\">\n                                <span class=\"fox-best__brand\">Gardena<\/span>\n                                <p class=\"fox-best__item-title\">\n                    <a href=\"https:\/\/www.amazon.fr\/dp\/B01FE8M226?tag=izidata07-21\"\n                       target=\"_blank\" rel=\"nofollow noopener sponsored\">\n                        GARDENA S\u00e9cateur alu \u00e0 lame franche gardena comfort b\/l &#8211; 8906-20                    <\/a>\n                <\/p>\n                                    <div class=\"fox-best__stars\"><\/div>                <div class=\"fox-best__footer\"><div class=\"fox-best__price-wrap has-promo\"><span class=\"fox-best__price-before\">\u20ac29,90<\/span><span class=\"fox-best__price-tag fox-best__price-tag--low\">\ud83d\udd25 Bas<\/span><span class=\"fox-best__price\">\u20ac25,99<\/span><span class=\"fox-promo-badge\">-13%<\/span><div class=\"fox-best__sparkline-wrap\" title=\"Historique 30 jours\"><div class=\"fox-sparkline\" data-asin=\"B01FE8M226\"><svg width=\"72\" height=\"26\" viewBox=\"0 0 72 26\" xmlns=\"http:\/\/www.w3.org\/2000\/svg\" class=\"fox-sparkline__svg\" aria-hidden=\"true\" style=\"overflow:visible\"><defs><linearGradient id=\"fox-spark-0691b05c\" x1=\"0\" y1=\"0\" x2=\"0\" y2=\"1\"><stop offset=\"0%\" stop-color=\"#16A34A\" stop-opacity=\".25\"\/><stop offset=\"100%\" stop-color=\"#16A34A\" stop-opacity=\"0\"\/><\/linearGradient><\/defs><path d=\"M 2,24 L 2,2 L 70,24 L 70,24 Z\" fill=\"url(#fox-spark-0691b05c)\"\/><polyline points=\"2,2 70,24\" fill=\"none\" stroke=\"#16A34A\" stroke-width=\"1.5\" stroke-linecap=\"round\" stroke-linejoin=\"round\"\/><circle cx=\"70\" cy=\"24\" r=\"3\" fill=\"#16A34A\"\/><\/svg><\/div><\/div><\/div><a href=\"https:\/\/www.amazon.fr\/dp\/B01FE8M226?tag=izidata07-21\" class=\"fox-best__cta fox-table__btn\" target=\"_blank\" rel=\"nofollow noopener sponsored\">Voir<\/a><\/div>            <\/div>\n\n        <\/article>\n                <article class=\"fox-best__item\"\n                 style=\"--fox-item-delay:180ms\">\n\n            \n            <a href=\"https:\/\/www.amazon.fr\/dp\/B0DMDYJFW3?tag=izidata07-21\"\n               target=\"_blank\" rel=\"nofollow noopener sponsored\"\n               class=\"fox-best__image-link\">\n                                <img src=\"https:\/\/m.media-amazon.com\/images\/I\/31mqs+GzZ7L._SL500_.jpg\"\n                     alt=\"Gardena Cisaille de jardin PremiumCut Flex: coupe en d\u00e9rivation, pour bois frais, diam\u00e8tre de coupe 24 mm, poign\u00e9es ergonomiques, lames PowerCoating, fabriqu\u00e9e en Allemagne (12242-20)\"\n                     class=\"fox-best__image\" loading=\"lazy\">\n                            <\/a>\n\n            <div class=\"fox-best__body\">\n                                <span class=\"fox-best__brand\">Gardena<\/span>\n                                <p class=\"fox-best__item-title\">\n                    <a href=\"https:\/\/www.amazon.fr\/dp\/B0DMDYJFW3?tag=izidata07-21\"\n                       target=\"_blank\" rel=\"nofollow noopener sponsored\">\n                        Gardena Cisaille de jardin PremiumCut Flex: coupe en d\u00e9rivation, pour bois frais, diam\u00e8tre de coupe 24 mm, poign\u00e9es ergonomiques, lames PowerCoating, fabriqu\u00e9e en Allemagne (12242-20)                    <\/a>\n                <\/p>\n                                    <div class=\"fox-best__stars\"><\/div>                <div class=\"fox-best__footer\"><div class=\"fox-best__price-wrap has-promo\"><span class=\"fox-best__price-before\">\u20ac16,07<\/span><span class=\"fox-best__price-tag fox-best__price-tag--low\">\ud83d\udd25 Bas<\/span><span class=\"fox-best__price\">\u20ac14,99<\/span><span class=\"fox-promo-badge\">-7%<\/span><div class=\"fox-best__sparkline-wrap\" title=\"Historique 30 jours\"><div class=\"fox-sparkline\" data-asin=\"B0DMDYJFW3\"><svg width=\"72\" height=\"26\" viewBox=\"0 0 72 26\" xmlns=\"http:\/\/www.w3.org\/2000\/svg\" class=\"fox-sparkline__svg\" aria-hidden=\"true\" style=\"overflow:visible\"><defs><linearGradient id=\"fox-spark-60e5715e\" x1=\"0\" y1=\"0\" x2=\"0\" y2=\"1\"><stop offset=\"0%\" stop-color=\"#16A34A\" stop-opacity=\".25\"\/><stop offset=\"100%\" stop-color=\"#16A34A\" stop-opacity=\"0\"\/><\/linearGradient><\/defs><path d=\"M 2,24 L 2,2 L 70,24 L 70,24 Z\" fill=\"url(#fox-spark-60e5715e)\"\/><polyline points=\"2,2 70,24\" fill=\"none\" stroke=\"#16A34A\" stroke-width=\"1.5\" stroke-linecap=\"round\" stroke-linejoin=\"round\"\/><circle cx=\"70\" cy=\"24\" r=\"3\" fill=\"#16A34A\"\/><\/svg><\/div><\/div><\/div><a href=\"https:\/\/www.amazon.fr\/dp\/B0DMDYJFW3?tag=izidata07-21\" class=\"fox-best__cta fox-table__btn\" target=\"_blank\" rel=\"nofollow noopener sponsored\">Voir<\/a><\/div>            <\/div>\n\n        <\/article>\n                <article class=\"fox-best__item\"\n                 style=\"--fox-item-delay:240ms\">\n\n            \n            <a href=\"https:\/\/www.amazon.fr\/dp\/B0DMF62X9C?tag=izidata07-21\"\n               target=\"_blank\" rel=\"nofollow noopener sponsored\"\n               class=\"fox-best__image-link\">\n                                <img src=\"https:\/\/m.media-amazon.com\/images\/I\/31XvdNz11uL._SL500_.jpg\"\n                     alt=\"Gardena Cisaille de jardin Gardena PremiumCut: coupe en d\u00e9rivation, pour bois frais, diam\u00e8tre de coupe 22 mm, poign\u00e9es ergonomiques, lames PowerCoating, fabriqu\u00e9es en Allemagne (12241-20)\"\n                     class=\"fox-best__image\" loading=\"lazy\">\n                            <\/a>\n\n            <div class=\"fox-best__body\">\n                                <span class=\"fox-best__brand\">Gardena<\/span>\n                                <p class=\"fox-best__item-title\">\n                    <a href=\"https:\/\/www.amazon.fr\/dp\/B0DMF62X9C?tag=izidata07-21\"\n                       target=\"_blank\" rel=\"nofollow noopener sponsored\">\n                        Gardena Cisaille de jardin Gardena PremiumCut: coupe en d\u00e9rivation, pour bois frais, diam\u00e8tre de coupe 22 mm, poign\u00e9es ergonomiques, lames PowerCoating, fabriqu\u00e9es en Allemagne (12241-20)                    <\/a>\n                <\/p>\n                                    <div class=\"fox-best__stars\"><\/div>                <div class=\"fox-best__footer\"><div class=\"fox-best__price-wrap has-promo\"><span class=\"fox-best__price-before\">\u20ac16,99<\/span><span class=\"fox-best__price\">\u20ac13,99<\/span><span class=\"fox-promo-badge\">-18%<\/span><div class=\"fox-best__sparkline-wrap\" title=\"Historique 30 jours\"><div class=\"fox-sparkline\" data-asin=\"B0DMF62X9C\"><svg width=\"72\" height=\"26\" viewBox=\"0 0 72 26\" xmlns=\"http:\/\/www.w3.org\/2000\/svg\" class=\"fox-sparkline__svg\" aria-hidden=\"true\" style=\"overflow:visible\"><defs><linearGradient id=\"fox-spark-6797e5ea\" x1=\"0\" y1=\"0\" x2=\"0\" y2=\"1\"><stop offset=\"0%\" stop-color=\"#DC2626\" stop-opacity=\".25\"\/><stop offset=\"100%\" stop-color=\"#DC2626\" stop-opacity=\"0\"\/><\/linearGradient><\/defs><path d=\"M 2,24 L 2,13.3 L 52.4,24 L 70,2 L 70,24 Z\" fill=\"url(#fox-spark-6797e5ea)\"\/><polyline points=\"2,13.3 52.4,24 70,2\" fill=\"none\" stroke=\"#DC2626\" stroke-width=\"1.5\" stroke-linecap=\"round\" stroke-linejoin=\"round\"\/><circle cx=\"70\" cy=\"2\" r=\"3\" fill=\"#DC2626\"\/><\/svg><\/div><\/div><\/div><a href=\"https:\/\/www.amazon.fr\/dp\/B0DMF62X9C?tag=izidata07-21\" class=\"fox-best__cta fox-table__btn\" target=\"_blank\" rel=\"nofollow noopener sponsored\">Voir<\/a><\/div>            <\/div>\n\n        <\/article>\n                <article class=\"fox-best__item\"\n                 style=\"--fox-item-delay:300ms\">\n\n            \n            <a href=\"https:\/\/www.amazon.fr\/dp\/B0DMDZN6P5?tag=izidata07-21\"\n               target=\"_blank\" rel=\"nofollow noopener sponsored\"\n               class=\"fox-best__image-link\">\n                                <img src=\"https:\/\/m.media-amazon.com\/images\/I\/31zJVCjWKtL._SL500_.jpg\"\n                     alt=\"Gardena S\u00e9cateur de jardin PremiumCut Pro: coupe \u00e0 enclume, pour bois sec, diam\u00e8tre de coupe 24 mm, poign\u00e9es ergonomiques, lames PowerCoating, fabriqu\u00e9 en Allemagne (12250-20)\"\n                     class=\"fox-best__image\" loading=\"lazy\">\n                            <\/a>\n\n            <div class=\"fox-best__body\">\n                                <span class=\"fox-best__brand\">Gardena<\/span>\n                                <p class=\"fox-best__item-title\">\n                    <a href=\"https:\/\/www.amazon.fr\/dp\/B0DMDZN6P5?tag=izidata07-21\"\n                       target=\"_blank\" rel=\"nofollow noopener sponsored\">\n                        Gardena S\u00e9cateur de jardin PremiumCut Pro: coupe \u00e0 enclume, pour bois sec, diam\u00e8tre de coupe 24 mm, poign\u00e9es ergonomiques, lames PowerCoating, fabriqu\u00e9 en Allemagne (12250-20)                    <\/a>\n                <\/p>\n                                    <div class=\"fox-best__stars\"><\/div>                <div class=\"fox-best__footer\"><div class=\"fox-best__price-wrap has-promo\"><span class=\"fox-best__price-before\">\u20ac26,99<\/span><span class=\"fox-best__price\">\u20ac25,36<\/span><span class=\"fox-promo-badge\">-6%<\/span><div class=\"fox-best__sparkline-wrap\" title=\"Historique 30 jours\"><div class=\"fox-sparkline\" data-asin=\"B0DMDZN6P5\"><svg width=\"72\" height=\"26\" viewBox=\"0 0 72 26\" xmlns=\"http:\/\/www.w3.org\/2000\/svg\" class=\"fox-sparkline__svg\" aria-hidden=\"true\" style=\"overflow:visible\"><defs><linearGradient id=\"fox-spark-efa62aa2\" x1=\"0\" y1=\"0\" x2=\"0\" y2=\"1\"><stop offset=\"0%\" stop-color=\"var(--fox-accent, #FF6B35)\" stop-opacity=\".25\"\/><stop offset=\"100%\" stop-color=\"var(--fox-accent, #FF6B35)\" stop-opacity=\"0\"\/><\/linearGradient><\/defs><path d=\"M 2,24 L 2,24 L 34.1,7.1 L 56,5.9 L 59.7,2 L 70,4.3 L 70,24 Z\" fill=\"url(#fox-spark-efa62aa2)\"\/><polyline points=\"2,24 34.1,7.1 56,5.9 59.7,2 70,4.3\" fill=\"none\" stroke=\"var(--fox-accent, #FF6B35)\" stroke-width=\"1.5\" stroke-linecap=\"round\" stroke-linejoin=\"round\"\/><circle cx=\"70\" cy=\"4.3\" r=\"3\" fill=\"var(--fox-accent, #FF6B35)\"\/><\/svg><\/div><\/div><\/div><a href=\"https:\/\/www.amazon.fr\/dp\/B0DMDZN6P5?tag=izidata07-21\" class=\"fox-best__cta fox-table__btn\" target=\"_blank\" rel=\"nofollow noopener sponsored\">Voir<\/a><\/div>            <\/div>\n\n        <\/article>\n                <article class=\"fox-best__item\"\n                 style=\"--fox-item-delay:360ms\">\n\n            \n            <a href=\"https:\/\/www.amazon.fr\/dp\/B08KGW6QY6?tag=izidata07-21\"\n               target=\"_blank\" rel=\"nofollow noopener sponsored\"\n               class=\"fox-best__image-link\">\n                                <img src=\"https:\/\/m.media-amazon.com\/images\/I\/312vfQpg3vL._SL500_.jpg\"\n                     alt=\"Gardena - Sxe9cateur ExpertCut : Sxe9cateur de prxe9cision, coupe bypass pour branches\/rameaux\/arbres fruitiers, diamxe8tre de coupe max. 22 mm, deux largeurs de poignxe9e rxe9glables (12203-20)\"\n                     class=\"fox-best__image\" loading=\"lazy\">\n                            <\/a>\n\n            <div class=\"fox-best__body\">\n                                <span class=\"fox-best__brand\">Gardena<\/span>\n                                <p class=\"fox-best__item-title\">\n                    <a href=\"https:\/\/www.amazon.fr\/dp\/B08KGW6QY6?tag=izidata07-21\"\n                       target=\"_blank\" rel=\"nofollow noopener sponsored\">\n                        Gardena &#8211; Sxe9cateur ExpertCut : Sxe9cateur de prxe9cision, coupe bypass pour branches\/rameaux\/arbres fruitiers, diamxe8tre de coupe max. 22 mm, deux largeurs de poignxe9e rxe9glables (12203-20)                    <\/a>\n                <\/p>\n                                    <div class=\"fox-best__stars\"><\/div>                <div class=\"fox-best__footer\"><div class=\"fox-best__price-wrap has-promo\"><span class=\"fox-best__price-before\">\u20ac37,99<\/span><span class=\"fox-best__price\">\u20ac26,60<\/span><span class=\"fox-promo-badge\">-30%<\/span><div class=\"fox-best__sparkline-wrap\" title=\"Historique 30 jours\"><div class=\"fox-sparkline\" data-asin=\"B08KGW6QY6\"><svg width=\"72\" height=\"26\" viewBox=\"0 0 72 26\" xmlns=\"http:\/\/www.w3.org\/2000\/svg\" class=\"fox-sparkline__svg\" aria-hidden=\"true\" style=\"overflow:visible\"><defs><linearGradient id=\"fox-spark-dd6216f0\" x1=\"0\" y1=\"0\" x2=\"0\" y2=\"1\"><stop offset=\"0%\" stop-color=\"var(--fox-accent, #FF6B35)\" stop-opacity=\".25\"\/><stop offset=\"100%\" stop-color=\"var(--fox-accent, #FF6B35)\" stop-opacity=\"0\"\/><\/linearGradient><\/defs><path d=\"M 2,24 L 2,24 L 56,2 L 59.7,16.8 L 70,10.9 L 70,24 Z\" fill=\"url(#fox-spark-dd6216f0)\"\/><polyline points=\"2,24 56,2 59.7,16.8 70,10.9\" fill=\"none\" stroke=\"var(--fox-accent, #FF6B35)\" stroke-width=\"1.5\" stroke-linecap=\"round\" stroke-linejoin=\"round\"\/><circle cx=\"70\" cy=\"10.9\" r=\"3\" fill=\"var(--fox-accent, #FF6B35)\"\/><\/svg><\/div><\/div><\/div><a href=\"https:\/\/www.amazon.fr\/dp\/B08KGW6QY6?tag=izidata07-21\" class=\"fox-best__cta fox-table__btn\" target=\"_blank\" rel=\"nofollow noopener sponsored\">Voir<\/a><\/div>            <\/div>\n\n        <\/article>\n                <article class=\"fox-best__item\"\n                 style=\"--fox-item-delay:420ms\">\n\n            \n            <a href=\"https:\/\/www.amazon.fr\/dp\/B0BNLPP39G?tag=izidata07-21\"\n               target=\"_blank\" rel=\"nofollow noopener sponsored\"\n               class=\"fox-best__image-link\">\n                                <img src=\"https:\/\/m.media-amazon.com\/images\/I\/31TwBqI4TbL._SL500_.jpg\"\n                     alt=\"Gardena FreshCut : Ciseaux de r\u00e9colte en acier inoxydable pour une r\u00e9colte pr\u00e9cise d&#039;herbes, de baies ou de fleurs coup\u00e9es, lame de 47 mm, poign\u00e9e ergonomique, avec capuchon de s\u00e9curit\u00e9 (12212-20)\"\n                     class=\"fox-best__image\" loading=\"lazy\">\n                            <\/a>\n\n            <div class=\"fox-best__body\">\n                                <span class=\"fox-best__brand\">Gardena<\/span>\n                                <p class=\"fox-best__item-title\">\n                    <a href=\"https:\/\/www.amazon.fr\/dp\/B0BNLPP39G?tag=izidata07-21\"\n                       target=\"_blank\" rel=\"nofollow noopener sponsored\">\n                        Gardena FreshCut : Ciseaux de r\u00e9colte en acier inoxydable pour une r\u00e9colte pr\u00e9cise d&#039;herbes, de baies ou de fleurs coup\u00e9es, lame de 47 mm, poign\u00e9e ergonomique, avec capuchon de s\u00e9curit\u00e9 (12212-20)                    <\/a>\n                <\/p>\n                                    <div class=\"fox-best__stars\"><\/div>                <div class=\"fox-best__footer\"><div class=\"fox-best__price-wrap has-promo\"><span class=\"fox-best__price-before\">\u20ac19,99<\/span><span class=\"fox-best__price\">\u20ac18,75<\/span><span class=\"fox-promo-badge\">-6%<\/span><div class=\"fox-best__sparkline-wrap\" title=\"Historique 30 jours\"><div class=\"fox-sparkline\" data-asin=\"B0BNLPP39G\"><svg width=\"72\" height=\"26\" viewBox=\"0 0 72 26\" xmlns=\"http:\/\/www.w3.org\/2000\/svg\" class=\"fox-sparkline__svg\" aria-hidden=\"true\" style=\"overflow:visible\"><defs><linearGradient id=\"fox-spark-dbd42e16\" x1=\"0\" y1=\"0\" x2=\"0\" y2=\"1\"><stop offset=\"0%\" stop-color=\"#DC2626\" stop-opacity=\".25\"\/><stop offset=\"100%\" stop-color=\"#DC2626\" stop-opacity=\"0\"\/><\/linearGradient><\/defs><path d=\"M 2,24 L 2,10.1 L 43.6,24 L 70,2 L 70,24 Z\" fill=\"url(#fox-spark-dbd42e16)\"\/><polyline points=\"2,10.1 43.6,24 70,2\" fill=\"none\" stroke=\"#DC2626\" stroke-width=\"1.5\" stroke-linecap=\"round\" stroke-linejoin=\"round\"\/><circle cx=\"70\" cy=\"2\" r=\"3\" fill=\"#DC2626\"\/><\/svg><\/div><\/div><\/div><a href=\"https:\/\/www.amazon.fr\/dp\/B0BNLPP39G?tag=izidata07-21\" class=\"fox-best__cta fox-table__btn\" target=\"_blank\" rel=\"nofollow noopener sponsored\">Voir<\/a><\/div>            <\/div>\n\n        <\/article>\n            <\/div>\n\n    \n<\/div><!-- .fox-best -->\n\n<script type=\"application\/ld+json\">{\"@context\":\"https:\/\/schema.org\",\"@type\":\"ItemList\",\"itemListElement\":[{\"@type\":\"ListItem\",\"position\":1,\"item\":{\"@type\":\"Product\",\"name\":\"Gardena S\u00e9cateur de jardin PremiumCut Pro Flex: coupe en d\u00e9rivation, pour bois frais, diam\u00e8tre de coupe 24 mm, poign\u00e9es ergonomiques, lames PowerCoating, fabriqu\u00e9 en Allemagne (12252-20)\",\"image\":\"https:\/\/m.media-amazon.com\/images\/I\/314YttpBHeL._SL500_.jpg\",\"sku\":\"B0DMF42MZK\",\"productID\":\"B0DMF42MZK\",\"brand\":{\"@type\":\"Brand\",\"name\":\"Gardena\"},\"description\":\"Poign\u00e9es ergonomiques pour un travail confortable : les poign\u00e9es ergonomiques SoftGrip sont fabriqu\u00e9es \u00e0 45 % en plastique recycl\u00e9 et offrent une coupe sans fatigue Lames tranchantes avec PowerCoating pour des coupes pr\u00e9cises : Lames aff\u00fbt\u00e9es avec pr\u00e9cision avec PowerCoating pour des coupes nettes et sans effort Excellentes performances de coupe pour le bois vert : lames en acier de qualit\u00e9 pour une coupe sans effort de branches plus \u00e9paisses et de brindilles de plus grand diam\u00e8tre\",\"offers\":{\"@type\":\"Offer\",\"url\":\"https:\/\/www.amazon.fr\/dp\/B0DMF42MZK?tag=izidata07-21\",\"seller\":{\"@type\":\"Organization\",\"name\":\"Amazon\"},\"availability\":\"https:\/\/schema.org\/InStock\",\"price\":\"25.79\",\"priceCurrency\":\"EUR\",\"priceValidUntil\":\"2026-04-28\"}}},{\"@type\":\"ListItem\",\"position\":2,\"item\":{\"@type\":\"Product\",\"name\":\"Gardena S\u00e9cateur de jardin EasyCut: coupe en d\u00e9rivation, diam\u00e8tre de coupe 20 mm, poign\u00e9es ergonomiques, lames PowerCoating, qualit\u00e9 durable (12230-20)\",\"image\":\"https:\/\/m.media-amazon.com\/images\/I\/31X3TKne03L._SL500_.jpg\",\"sku\":\"B0DMF4H4Z8\",\"productID\":\"B0DMF4H4Z8\",\"brand\":{\"@type\":\"Brand\",\"name\":\"Gardena\"},\"description\":\"Poign\u00e9es ergonomiques pour un travail confortable : poign\u00e9es de forme ergonomique pour une coupe sans fatigue, fabriqu\u00e9es \u00e0 partir de 45 % de plastique recycl\u00e9 pour une stabilit\u00e9 durable Lames tranchantes avec PowerCoating pour des coupes pr\u00e9cises : Lames aff\u00fbt\u00e9es avec pr\u00e9cision avec PowerCoating pour des coupes nettes et sans effort L\u00e9ger et puissant pour une coupe sans effort : lames en acier de qualit\u00e9 pour une coupe puissante de branches jusqu'\u00e0 20 mm de diam\u00e8tre\",\"offers\":{\"@type\":\"Offer\",\"url\":\"https:\/\/www.amazon.fr\/dp\/B0DMF4H4Z8?tag=izidata07-21\",\"seller\":{\"@type\":\"Organization\",\"name\":\"Amazon\"},\"availability\":\"https:\/\/schema.org\/InStock\",\"price\":\"10.99\",\"priceCurrency\":\"EUR\",\"priceValidUntil\":\"2026-04-28\"}}},{\"@type\":\"ListItem\",\"position\":3,\"item\":{\"@type\":\"Product\",\"name\":\"GARDENA S\u00e9cateur alu \u00e0 lame franche gardena comfort b\/l - 8906-20\",\"image\":\"https:\/\/m.media-amazon.com\/images\/I\/317OgbHnnEL._SL500_.jpg\",\"sku\":\"B01FE8M226\",\"productID\":\"B01FE8M226\",\"brand\":{\"@type\":\"Brand\",\"name\":\"Gardena\"},\"description\":\"Outil polyvalent super l\u00e9ger : le s\u00e9cateur en alu coupe les fleurs, les jeunes pousses, le bois frais, mais aussi les branches et le bois plus \u00e9pais jusqu'\u00e0 un diam\u00e8tre de 25 mm Maniable et s\u00fbr : gr\u00e2ce aux poign\u00e9es ergonomiques et au verrou de s\u00e9curit\u00e9 actionnable d\u2019une seule main S\u00e9cateur de qualit\u00e9 durable : le s\u00e9cateur dispose de lames interchangeables pour une utilisation particuli\u00e8rement longue et une tension ajustable de la lame\",\"offers\":{\"@type\":\"Offer\",\"url\":\"https:\/\/www.amazon.fr\/dp\/B01FE8M226?tag=izidata07-21\",\"seller\":{\"@type\":\"Organization\",\"name\":\"Amazon\"},\"availability\":\"https:\/\/schema.org\/InStock\",\"price\":\"25.99\",\"priceCurrency\":\"EUR\",\"priceValidUntil\":\"2026-04-28\"}}},{\"@type\":\"ListItem\",\"position\":4,\"item\":{\"@type\":\"Product\",\"name\":\"Gardena Cisaille de jardin PremiumCut Flex: coupe en d\u00e9rivation, pour bois frais, diam\u00e8tre de coupe 24 mm, poign\u00e9es ergonomiques, lames PowerCoating, fabriqu\u00e9e en Allemagne (12242-20)\",\"image\":\"https:\/\/m.media-amazon.com\/images\/I\/31mqs+GzZ7L._SL500_.jpg\",\"sku\":\"B0DMDYJFW3\",\"productID\":\"B0DMDYJFW3\",\"brand\":{\"@type\":\"Brand\",\"name\":\"Gardena\"},\"description\":\"Poign\u00e9es ergonomiques pour un travail confortable : les poign\u00e9es ergonomiques SoftGrip avec ouverture en 2 \u00e9tapes fabriqu\u00e9es \u00e0 45 % en plastique recycl\u00e9 offrent une coupe sans fatigue Lames tranchantes avec PowerCoating pour des coupes pr\u00e9cises : Lames aff\u00fbt\u00e9es avec pr\u00e9cision avec PowerCoating pour des coupes nettes et sans effort Excellentes performances de coupe pour le bois vert : lames en acier de qualit\u00e9 pour une coupe sans effort des fleurs et des jeunes pousses ainsi que du bois vert jusqu'\u00e0 24 mm de diam\u00e8tre\",\"offers\":{\"@type\":\"Offer\",\"url\":\"https:\/\/www.amazon.fr\/dp\/B0DMDYJFW3?tag=izidata07-21\",\"seller\":{\"@type\":\"Organization\",\"name\":\"Amazon\"},\"availability\":\"https:\/\/schema.org\/InStock\",\"price\":\"14.99\",\"priceCurrency\":\"EUR\",\"priceValidUntil\":\"2026-04-28\"}}},{\"@type\":\"ListItem\",\"position\":5,\"item\":{\"@type\":\"Product\",\"name\":\"Gardena Cisaille de jardin Gardena PremiumCut: coupe en d\u00e9rivation, pour bois frais, diam\u00e8tre de coupe 22 mm, poign\u00e9es ergonomiques, lames PowerCoating, fabriqu\u00e9es en Allemagne (12241-20)\",\"image\":\"https:\/\/m.media-amazon.com\/images\/I\/31XvdNz11uL._SL500_.jpg\",\"sku\":\"B0DMF62X9C\",\"productID\":\"B0DMF62X9C\",\"brand\":{\"@type\":\"Brand\",\"name\":\"Gardena\"},\"description\":\"Poign\u00e9es ergonomiques pour un travail confortable : les poign\u00e9es ergonomiques SoftGrip sont fabriqu\u00e9es \u00e0 45 % en plastique recycl\u00e9 et offrent une coupe sans fatigue Lames tranchantes avec PowerCoating pour des coupes pr\u00e9cises : Lames aff\u00fbt\u00e9es avec pr\u00e9cision avec PowerCoating pour des coupes nettes et sans effort Excellentes performances de coupe pour le bois vert : lames en acier de qualit\u00e9 pour une coupe sans effort des fleurs et des jeunes pousses ainsi que du bois vert jusqu'\u00e0 22 mm de diam\u00e8tre\",\"offers\":{\"@type\":\"Offer\",\"url\":\"https:\/\/www.amazon.fr\/dp\/B0DMF62X9C?tag=izidata07-21\",\"seller\":{\"@type\":\"Organization\",\"name\":\"Amazon\"},\"availability\":\"https:\/\/schema.org\/InStock\",\"price\":\"13.99\",\"priceCurrency\":\"EUR\",\"priceValidUntil\":\"2026-04-28\"}}},{\"@type\":\"ListItem\",\"position\":6,\"item\":{\"@type\":\"Product\",\"name\":\"Gardena S\u00e9cateur de jardin PremiumCut Pro: coupe \u00e0 enclume, pour bois sec, diam\u00e8tre de coupe 24 mm, poign\u00e9es ergonomiques, lames PowerCoating, fabriqu\u00e9 en Allemagne (12250-20)\",\"image\":\"https:\/\/m.media-amazon.com\/images\/I\/31zJVCjWKtL._SL500_.jpg\",\"sku\":\"B0DMDZN6P5\",\"productID\":\"B0DMDZN6P5\",\"brand\":{\"@type\":\"Brand\",\"name\":\"Gardena\"},\"description\":\"Poign\u00e9es ergonomiques pour un travail confortable : les poign\u00e9es ergonomiques SoftGrip sont fabriqu\u00e9es \u00e0 40 % en plastique recycl\u00e9 et offrent une coupe sans fatigue Lames tranchantes avec PowerCoating pour des coupes pr\u00e9cises : Lames aff\u00fbt\u00e9es avec pr\u00e9cision avec PowerCoating pour des coupes nettes et sans effort Excellentes performances de coupe pour le bois sec : lames en acier de qualit\u00e9 pour une coupe sans effort de vieilles brindilles et branches ligneuses jusqu'\u00e0 24 mm de diam\u00e8tre\",\"offers\":{\"@type\":\"Offer\",\"url\":\"https:\/\/www.amazon.fr\/dp\/B0DMDZN6P5?tag=izidata07-21\",\"seller\":{\"@type\":\"Organization\",\"name\":\"Amazon\"},\"availability\":\"https:\/\/schema.org\/InStock\",\"price\":\"25.36\",\"priceCurrency\":\"EUR\",\"priceValidUntil\":\"2026-04-28\"}}},{\"@type\":\"ListItem\",\"position\":7,\"item\":{\"@type\":\"Product\",\"name\":\"Gardena - Sxe9cateur ExpertCut : Sxe9cateur de prxe9cision, coupe bypass pour branches\/rameaux\/arbres fruitiers, diamxe8tre de coupe max. 22 mm, deux largeurs de poignxe9e rxe9glables (12203-20)\",\"image\":\"https:\/\/m.media-amazon.com\/images\/I\/312vfQpg3vL._SL500_.jpg\",\"sku\":\"B08KGW6QY6\",\"productID\":\"B08KGW6QY6\",\"brand\":{\"@type\":\"Brand\",\"name\":\"Gardena\"},\"description\":\"Robuste et polyvalent : le s\u00e9cateur GARDENA coupe sans effort les plus profondes, les branches et le bois vert jusqu'\u00e0 un diam\u00e8tre de 22 mm Ouverture de la poign\u00e9e variable : gr\u00e2ce \u00e0 la largeur de la poign\u00e9e en 2 niveaux, elle peut \u00eatre ajust\u00e9e \u00e0 la taille des mains et \u00e0 la coupe respective Maintien des articulations : les poign\u00e9es ergonomiques avec des composants en plastique souple et le tampon int\u00e9gr\u00e9 favorisent une coupe douce pour les articulations\",\"offers\":{\"@type\":\"Offer\",\"url\":\"https:\/\/www.amazon.fr\/dp\/B08KGW6QY6?tag=izidata07-21\",\"seller\":{\"@type\":\"Organization\",\"name\":\"Amazon\"},\"availability\":\"https:\/\/schema.org\/InStock\",\"price\":\"26.60\",\"priceCurrency\":\"EUR\",\"priceValidUntil\":\"2026-04-28\"}}},{\"@type\":\"ListItem\",\"position\":8,\"item\":{\"@type\":\"Product\",\"name\":\"Gardena FreshCut : Ciseaux de r\u00e9colte en acier inoxydable pour une r\u00e9colte pr\u00e9cise d'herbes, de baies ou de fleurs coup\u00e9es, lame de 47 mm, poign\u00e9e ergonomique, avec capuchon de s\u00e9curit\u00e9 (12212-20)\",\"image\":\"https:\/\/m.media-amazon.com\/images\/I\/31TwBqI4TbL._SL500_.jpg\",\"sku\":\"B0BNLPP39G\",\"productID\":\"B0BNLPP39G\",\"brand\":{\"@type\":\"Brand\",\"name\":\"Gardena\"},\"description\":\"Application sp\u00e9cifique: Conviennent tout particuli\u00e8rement aux herbes, baies et fleurs fragiles Coupe nette: Les lames de pr\u00e9cision en acier inoxydable, d\u2019une longueur de 47 mm et effil\u00e9es, permettent d\u2019atteindre les endroits les plus difficiles d\u2019acc\u00e8s Particuli\u00e8rement pratiques: Les ciseaux FreshCut tiennent bien en main gr\u00e2ce aux poign\u00e9es ErgoTec antid\u00e9rapantes et sont faciles \u00e0 verrouiller\",\"offers\":{\"@type\":\"Offer\",\"url\":\"https:\/\/www.amazon.fr\/dp\/B0BNLPP39G?tag=izidata07-21\",\"seller\":{\"@type\":\"Organization\",\"name\":\"Amazon\"},\"availability\":\"https:\/\/schema.org\/InStock\",\"price\":\"18.75\",\"priceCurrency\":\"EUR\",\"priceValidUntil\":\"2026-04-28\"}}}]}<\/script>\n\n<script type=\"application\/ld+json\">{\"@context\":\"https:\/\/schema.org\",\"@type\":\"ItemList\",\"itemListElement\":[{\"@type\":\"ListItem\",\"position\":1,\"item\":{\"@type\":\"Product\",\"name\":\"Gardena S\u00e9cateur de jardin PremiumCut Pro Flex: coupe en d\u00e9rivation, pour bois frais, diam\u00e8tre de coupe 24 mm, poign\u00e9es ergonomiques, lames PowerCoating, fabriqu\u00e9 en Allemagne (12252-20)\",\"image\":\"https:\/\/m.media-amazon.com\/images\/I\/314YttpBHeL._SL500_.jpg\",\"sku\":\"B0DMF42MZK\",\"productID\":\"B0DMF42MZK\",\"brand\":{\"@type\":\"Brand\",\"name\":\"Gardena\"},\"description\":\"Poign\u00e9es ergonomiques pour un travail confortable : les poign\u00e9es ergonomiques SoftGrip sont fabriqu\u00e9es \u00e0 45 % en plastique recycl\u00e9 et offrent une coupe sans fatigue Lames tranchantes avec PowerCoating pour des coupes pr\u00e9cises : Lames aff\u00fbt\u00e9es avec pr\u00e9cision avec PowerCoating pour des coupes nettes et sans effort Excellentes performances de coupe pour le bois vert : lames en acier de qualit\u00e9 pour une coupe sans effort de branches plus \u00e9paisses et de brindilles de plus grand diam\u00e8tre\",\"offers\":{\"@type\":\"Offer\",\"url\":\"https:\/\/www.amazon.fr\/dp\/B0DMF42MZK?tag=izidata07-21\",\"seller\":{\"@type\":\"Organization\",\"name\":\"Amazon\"},\"availability\":\"https:\/\/schema.org\/InStock\",\"price\":\"25.79\",\"priceCurrency\":\"EUR\",\"priceValidUntil\":\"2026-04-28\"}}},{\"@type\":\"ListItem\",\"position\":2,\"item\":{\"@type\":\"Product\",\"name\":\"Gardena S\u00e9cateur de jardin EasyCut: coupe en d\u00e9rivation, diam\u00e8tre de coupe 20 mm, poign\u00e9es ergonomiques, lames PowerCoating, qualit\u00e9 durable (12230-20)\",\"image\":\"https:\/\/m.media-amazon.com\/images\/I\/31X3TKne03L._SL500_.jpg\",\"sku\":\"B0DMF4H4Z8\",\"productID\":\"B0DMF4H4Z8\",\"brand\":{\"@type\":\"Brand\",\"name\":\"Gardena\"},\"description\":\"Poign\u00e9es ergonomiques pour un travail confortable : poign\u00e9es de forme ergonomique pour une coupe sans fatigue, fabriqu\u00e9es \u00e0 partir de 45 % de plastique recycl\u00e9 pour une stabilit\u00e9 durable Lames tranchantes avec PowerCoating pour des coupes pr\u00e9cises : Lames aff\u00fbt\u00e9es avec pr\u00e9cision avec PowerCoating pour des coupes nettes et sans effort L\u00e9ger et puissant pour une coupe sans effort : lames en acier de qualit\u00e9 pour une coupe puissante de branches jusqu'\u00e0 20 mm de diam\u00e8tre\",\"offers\":{\"@type\":\"Offer\",\"url\":\"https:\/\/www.amazon.fr\/dp\/B0DMF4H4Z8?tag=izidata07-21\",\"seller\":{\"@type\":\"Organization\",\"name\":\"Amazon\"},\"availability\":\"https:\/\/schema.org\/InStock\",\"price\":\"10.99\",\"priceCurrency\":\"EUR\",\"priceValidUntil\":\"2026-04-28\"}}},{\"@type\":\"ListItem\",\"position\":3,\"item\":{\"@type\":\"Product\",\"name\":\"GARDENA S\u00e9cateur alu \u00e0 lame franche gardena comfort b\/l - 8906-20\",\"image\":\"https:\/\/m.media-amazon.com\/images\/I\/317OgbHnnEL._SL500_.jpg\",\"sku\":\"B01FE8M226\",\"productID\":\"B01FE8M226\",\"brand\":{\"@type\":\"Brand\",\"name\":\"Gardena\"},\"description\":\"Outil polyvalent super l\u00e9ger : le s\u00e9cateur en alu coupe les fleurs, les jeunes pousses, le bois frais, mais aussi les branches et le bois plus \u00e9pais jusqu'\u00e0 un diam\u00e8tre de 25 mm Maniable et s\u00fbr : gr\u00e2ce aux poign\u00e9es ergonomiques et au verrou de s\u00e9curit\u00e9 actionnable d\u2019une seule main S\u00e9cateur de qualit\u00e9 durable : le s\u00e9cateur dispose de lames interchangeables pour une utilisation particuli\u00e8rement longue et une tension ajustable de la lame\",\"offers\":{\"@type\":\"Offer\",\"url\":\"https:\/\/www.amazon.fr\/dp\/B01FE8M226?tag=izidata07-21\",\"seller\":{\"@type\":\"Organization\",\"name\":\"Amazon\"},\"availability\":\"https:\/\/schema.org\/InStock\",\"price\":\"25.99\",\"priceCurrency\":\"EUR\",\"priceValidUntil\":\"2026-04-28\"}}},{\"@type\":\"ListItem\",\"position\":4,\"item\":{\"@type\":\"Product\",\"name\":\"Gardena Cisaille de jardin PremiumCut Flex: coupe en d\u00e9rivation, pour bois frais, diam\u00e8tre de coupe 24 mm, poign\u00e9es ergonomiques, lames PowerCoating, fabriqu\u00e9e en Allemagne (12242-20)\",\"image\":\"https:\/\/m.media-amazon.com\/images\/I\/31mqs+GzZ7L._SL500_.jpg\",\"sku\":\"B0DMDYJFW3\",\"productID\":\"B0DMDYJFW3\",\"brand\":{\"@type\":\"Brand\",\"name\":\"Gardena\"},\"description\":\"Poign\u00e9es ergonomiques pour un travail confortable : les poign\u00e9es ergonomiques SoftGrip avec ouverture en 2 \u00e9tapes fabriqu\u00e9es \u00e0 45 % en plastique recycl\u00e9 offrent une coupe sans fatigue Lames tranchantes avec PowerCoating pour des coupes pr\u00e9cises : Lames aff\u00fbt\u00e9es avec pr\u00e9cision avec PowerCoating pour des coupes nettes et sans effort Excellentes performances de coupe pour le bois vert : lames en acier de qualit\u00e9 pour une coupe sans effort des fleurs et des jeunes pousses ainsi que du bois vert jusqu'\u00e0 24 mm de diam\u00e8tre\",\"offers\":{\"@type\":\"Offer\",\"url\":\"https:\/\/www.amazon.fr\/dp\/B0DMDYJFW3?tag=izidata07-21\",\"seller\":{\"@type\":\"Organization\",\"name\":\"Amazon\"},\"availability\":\"https:\/\/schema.org\/InStock\",\"price\":\"14.99\",\"priceCurrency\":\"EUR\",\"priceValidUntil\":\"2026-04-28\"}}},{\"@type\":\"ListItem\",\"position\":5,\"item\":{\"@type\":\"Product\",\"name\":\"Gardena Cisaille de jardin Gardena PremiumCut: coupe en d\u00e9rivation, pour bois frais, diam\u00e8tre de coupe 22 mm, poign\u00e9es ergonomiques, lames PowerCoating, fabriqu\u00e9es en Allemagne (12241-20)\",\"image\":\"https:\/\/m.media-amazon.com\/images\/I\/31XvdNz11uL._SL500_.jpg\",\"sku\":\"B0DMF62X9C\",\"productID\":\"B0DMF62X9C\",\"brand\":{\"@type\":\"Brand\",\"name\":\"Gardena\"},\"description\":\"Poign\u00e9es ergonomiques pour un travail confortable : les poign\u00e9es ergonomiques SoftGrip sont fabriqu\u00e9es \u00e0 45 % en plastique recycl\u00e9 et offrent une coupe sans fatigue Lames tranchantes avec PowerCoating pour des coupes pr\u00e9cises : Lames aff\u00fbt\u00e9es avec pr\u00e9cision avec PowerCoating pour des coupes nettes et sans effort Excellentes performances de coupe pour le bois vert : lames en acier de qualit\u00e9 pour une coupe sans effort des fleurs et des jeunes pousses ainsi que du bois vert jusqu'\u00e0 22 mm de diam\u00e8tre\",\"offers\":{\"@type\":\"Offer\",\"url\":\"https:\/\/www.amazon.fr\/dp\/B0DMF62X9C?tag=izidata07-21\",\"seller\":{\"@type\":\"Organization\",\"name\":\"Amazon\"},\"availability\":\"https:\/\/schema.org\/InStock\",\"price\":\"13.99\",\"priceCurrency\":\"EUR\",\"priceValidUntil\":\"2026-04-28\"}}},{\"@type\":\"ListItem\",\"position\":6,\"item\":{\"@type\":\"Product\",\"name\":\"Gardena S\u00e9cateur de jardin PremiumCut Pro: coupe \u00e0 enclume, pour bois sec, diam\u00e8tre de coupe 24 mm, poign\u00e9es ergonomiques, lames PowerCoating, fabriqu\u00e9 en Allemagne (12250-20)\",\"image\":\"https:\/\/m.media-amazon.com\/images\/I\/31zJVCjWKtL._SL500_.jpg\",\"sku\":\"B0DMDZN6P5\",\"productID\":\"B0DMDZN6P5\",\"brand\":{\"@type\":\"Brand\",\"name\":\"Gardena\"},\"description\":\"Poign\u00e9es ergonomiques pour un travail confortable : les poign\u00e9es ergonomiques SoftGrip sont fabriqu\u00e9es \u00e0 40 % en plastique recycl\u00e9 et offrent une coupe sans fatigue Lames tranchantes avec PowerCoating pour des coupes pr\u00e9cises : Lames aff\u00fbt\u00e9es avec pr\u00e9cision avec PowerCoating pour des coupes nettes et sans effort Excellentes performances de coupe pour le bois sec : lames en acier de qualit\u00e9 pour une coupe sans effort de vieilles brindilles et branches ligneuses jusqu'\u00e0 24 mm de diam\u00e8tre\",\"offers\":{\"@type\":\"Offer\",\"url\":\"https:\/\/www.amazon.fr\/dp\/B0DMDZN6P5?tag=izidata07-21\",\"seller\":{\"@type\":\"Organization\",\"name\":\"Amazon\"},\"availability\":\"https:\/\/schema.org\/InStock\",\"price\":\"25.36\",\"priceCurrency\":\"EUR\",\"priceValidUntil\":\"2026-04-28\"}}},{\"@type\":\"ListItem\",\"position\":7,\"item\":{\"@type\":\"Product\",\"name\":\"Gardena - Sxe9cateur ExpertCut : Sxe9cateur de prxe9cision, coupe bypass pour branches\/rameaux\/arbres fruitiers, diamxe8tre de coupe max. 22 mm, deux largeurs de poignxe9e rxe9glables (12203-20)\",\"image\":\"https:\/\/m.media-amazon.com\/images\/I\/312vfQpg3vL._SL500_.jpg\",\"sku\":\"B08KGW6QY6\",\"productID\":\"B08KGW6QY6\",\"brand\":{\"@type\":\"Brand\",\"name\":\"Gardena\"},\"description\":\"Robuste et polyvalent : le s\u00e9cateur GARDENA coupe sans effort les plus profondes, les branches et le bois vert jusqu'\u00e0 un diam\u00e8tre de 22 mm Ouverture de la poign\u00e9e variable : gr\u00e2ce \u00e0 la largeur de la poign\u00e9e en 2 niveaux, elle peut \u00eatre ajust\u00e9e \u00e0 la taille des mains et \u00e0 la coupe respective Maintien des articulations : les poign\u00e9es ergonomiques avec des composants en plastique souple et le tampon int\u00e9gr\u00e9 favorisent une coupe douce pour les articulations\",\"offers\":{\"@type\":\"Offer\",\"url\":\"https:\/\/www.amazon.fr\/dp\/B08KGW6QY6?tag=izidata07-21\",\"seller\":{\"@type\":\"Organization\",\"name\":\"Amazon\"},\"availability\":\"https:\/\/schema.org\/InStock\",\"price\":\"26.60\",\"priceCurrency\":\"EUR\",\"priceValidUntil\":\"2026-04-28\"}}},{\"@type\":\"ListItem\",\"position\":8,\"item\":{\"@type\":\"Product\",\"name\":\"Gardena FreshCut : Ciseaux de r\u00e9colte en acier inoxydable pour une r\u00e9colte pr\u00e9cise d'herbes, de baies ou de fleurs coup\u00e9es, lame de 47 mm, poign\u00e9e ergonomique, avec capuchon de s\u00e9curit\u00e9 (12212-20)\",\"image\":\"https:\/\/m.media-amazon.com\/images\/I\/31TwBqI4TbL._SL500_.jpg\",\"sku\":\"B0BNLPP39G\",\"productID\":\"B0BNLPP39G\",\"brand\":{\"@type\":\"Brand\",\"name\":\"Gardena\"},\"description\":\"Application sp\u00e9cifique: Conviennent tout particuli\u00e8rement aux herbes, baies et fleurs fragiles Coupe nette: Les lames de pr\u00e9cision en acier inoxydable, d\u2019une longueur de 47 mm et effil\u00e9es, permettent d\u2019atteindre les endroits les plus difficiles d\u2019acc\u00e8s Particuli\u00e8rement pratiques: Les ciseaux FreshCut tiennent bien en main gr\u00e2ce aux poign\u00e9es ErgoTec antid\u00e9rapantes et sont faciles \u00e0 verrouiller\",\"offers\":{\"@type\":\"Offer\",\"url\":\"https:\/\/www.amazon.fr\/dp\/B0BNLPP39G?tag=izidata07-21\",\"seller\":{\"@type\":\"Organization\",\"name\":\"Amazon\"},\"availability\":\"https:\/\/schema.org\/InStock\",\"price\":\"18.75\",\"priceCurrency\":\"EUR\",\"priceValidUntil\":\"2026-04-28\"}}}]}<\/script>\n<\/div>\n\n\n<p>Les vers aussi aiment les arbres fruitiers donc v\u00e9rifiez r\u00e9guli\u00e8rement qu\u2019ils ne sont pas en train de d\u00e9vorer vos bourgeons.<\/p>\n\n\n\n<p>Si vous arrosez bien vos arbres d\u00e8s que vous les plantez et que vous les taillez r\u00e9guli\u00e8rement, vous aurez rapidement des r\u00e9coltes cons\u00e9quentes.<\/p>\n\n\n\n<p>Evitez au maximum d\u2019utiliser les produits chimiques, et essayez de trouver des m\u00e9thodes naturelles pour combattre les parasites et les mauvaises herbes.<\/p>\n\n\n\n<p>Recourez \u00e0 <a href=\"https:\/\/www.arrosagedujardin.fr\/guide\/greffe-des-arbres-fruitiers-2\/\">la greffe de vos arbres<\/a> pour obtenir de meilleurs r\u00e9coltes, et pour vos arbres r\u00e9sistent mieux aux maladies.    <\/p>\n\n\n\n<p>En entretenant vos arbres fruitiers, vous aurez le bonheur et la chance de r\u00e9colter des fruits bio&nbsp;!<\/p>\n\n\n\n<h2><span class=\"ez-toc-section\" id=\"Criteres_de_choix_pour_votre_arbre_fruitier\"><\/span>Crit\u00e8res de choix pour votre arbre fruitier<span class=\"ez-toc-section-end\"><\/span><\/h2>\n\n\n\n<p>Vous avez d\u00e9cid\u00e9 de planter des arbres fruitiers dans votre jardin alors vous devez bien y r\u00e9fl\u00e9chir avant car vous vous engagez pour les d\u00e9cennies !<\/p>\n\n\n\n<p>Les principaux crit\u00e8res \u00e0 prendre en compte sont : l\u2019espace dont vous disposez, le climat de votre r\u00e9gion, leur productivit\u00e9.<\/p>\n\n\n\n<h3><span class=\"ez-toc-section\" id=\"Lespace_disponible\"><\/span>L\u2019espace disponible<span class=\"ez-toc-section-end\"><\/span><\/h3>\n\n\n\n<p>Vous avez naturellement \u00e9limin\u00e9 les arbres dont vous n\u2019appr\u00e9ciez pas particuli\u00e8rement les fruits mais il vous reste tout de m\u00eame un large choix. Le premier crit\u00e8re est l\u2019espace disponible parce que petit arbre deviendra grand !<\/p>\n\n\n\n<p>L\u2019arbre doit avoir suffisamment d\u2019espace autour de lui pour se d\u00e9velopper correctement et pour cela, il ne doit pas se trouver trop pr\u00e8s de la maison, ni d\u2019autres arbres.<\/p>\n\n\n\n<p>Pensez \u00e9galement \u00e0 la vue qu\u2019il risque de vous cacher ; si votre jardin offre une belle perspective, se serait dommage de vous en priver.<\/p>\n\n\n\n<p>Si vous n\u2019avez pas beaucoup d\u2019espace dans votre jardin, vous pouvez opter pour un <a href=\"https:\/\/www.arrosagedujardin.fr\/guide\/arbres-fruitiers-nains\/\">arbre fruitier nain<\/a>. Aussi \u00e9tonnant qu\u2019il soit, vous pouvez le planter en plaine terre ou m\u00eame dans pot.<\/p>\n\n\n\n<p>Enfin, pensez \u00e0 l\u2019exposition, g\u00e9n\u00e9ralement, les fruitiers aiment le soleil et certains sont plus sensibles que d\u2019autres au vent.<\/p>\n\n\n\n<h3><span class=\"ez-toc-section\" id=\"Le_climat\"><\/span>Le climat<span class=\"ez-toc-section-end\"><\/span><\/h3>\n\n\n\n<p>Si vous habitez dans le Nord, n\u2019esp\u00e9rez pas que vos orangers ou citronniers vous apportent de bonnes r\u00e9coltes ! Sinon, les arbres habituels de nos jardins (pommiers, cerisiers, pruniers\u2026) peuvent pousser partout.<\/p>\n\n\n\n<p>Contrairement \u00e0 ce que beaucoup de gens pensent, les kiwis et les figues poussent tr\u00e8s bien et pas que dans le sud. Etonnement, ils se d\u00e9veloppent \u00e0 une allure impressionnante et sont extr\u00eamement productifs.<\/p>\n\n\n\n<p>Pour les kiwis, il existe maintenant des vari\u00e9t\u00e9s autofertiles donc vous pouvez n\u2019en planter qu\u2019un (avant, il vous fallait un m\u00e2le et une femelle). Pr\u00e9voyez beaucoup de place car le kiwi est une liane qui prend tr\u00e8s vite \u00e9norm\u00e9ment de place et qui doit \u00eatre paliss\u00e9e.<\/p>\n\n\n\n<p>Les kiwis issa\u00ef sont moins connus, ils produisent de petits fruits lisses que l\u2019on mange avec la peau mais il se d\u00e9veloppement moins vite que le kiwi classique.<\/p>\n\n\n<div id=\"fox-b-3\"><div class=\"fox-placeholder fox-search-placeholder fox-skeleton-wrap fox-skeleton-wrap--grid\" data-search=\"1\" data-cache-key=\"166a428ec7b833e6a76f\" data-keyword=\"semence arbuste\" data-node=\"\" data-locale=\"FR\" data-count=\"8\" data-sort=\"Featured\" data-layout=\"grid\" data-title=\"\" data-class=\"\" data-worker=\"1\"><div class=\"fox-skeleton-card fox-skeleton-card--vertical\"><div class=\"fox-skeleton__image fox-skeleton__image--tall fox-shimmer\"><\/div><div class=\"fox-skeleton__body\"><div class=\"fox-skeleton__line fox-skeleton__line--title fox-shimmer\"><\/div><div class=\"fox-skeleton__line fox-skeleton__line--short fox-shimmer\"><\/div><div class=\"fox-skeleton__footer\"><div class=\"fox-skeleton__line fox-skeleton__line--price fox-shimmer\"><\/div><div class=\"fox-skeleton__line fox-skeleton__line--btn fox-shimmer\"><\/div><\/div><\/div><\/div><div class=\"fox-skeleton-card fox-skeleton-card--vertical\"><div class=\"fox-skeleton__image fox-skeleton__image--tall fox-shimmer\"><\/div><div class=\"fox-skeleton__body\"><div class=\"fox-skeleton__line fox-skeleton__line--title fox-shimmer\"><\/div><div class=\"fox-skeleton__line fox-skeleton__line--short fox-shimmer\"><\/div><div class=\"fox-skeleton__footer\"><div class=\"fox-skeleton__line fox-skeleton__line--price fox-shimmer\"><\/div><div class=\"fox-skeleton__line fox-skeleton__line--btn fox-shimmer\"><\/div><\/div><\/div><\/div><div class=\"fox-skeleton-card fox-skeleton-card--vertical\"><div class=\"fox-skeleton__image fox-skeleton__image--tall fox-shimmer\"><\/div><div class=\"fox-skeleton__body\"><div class=\"fox-skeleton__line fox-skeleton__line--title fox-shimmer\"><\/div><div class=\"fox-skeleton__line fox-skeleton__line--short fox-shimmer\"><\/div><div class=\"fox-skeleton__footer\"><div class=\"fox-skeleton__line fox-skeleton__line--price fox-shimmer\"><\/div><div class=\"fox-skeleton__line fox-skeleton__line--btn fox-shimmer\"><\/div><\/div><\/div><\/div><div class=\"fox-skeleton-card fox-skeleton-card--vertical\"><div class=\"fox-skeleton__image fox-skeleton__image--tall fox-shimmer\"><\/div><div class=\"fox-skeleton__body\"><div class=\"fox-skeleton__line fox-skeleton__line--title fox-shimmer\"><\/div><div class=\"fox-skeleton__line fox-skeleton__line--short fox-shimmer\"><\/div><div class=\"fox-skeleton__footer\"><div class=\"fox-skeleton__line fox-skeleton__line--price fox-shimmer\"><\/div><div class=\"fox-skeleton__line fox-skeleton__line--btn fox-shimmer\"><\/div><\/div><\/div><\/div><div class=\"fox-skeleton-card fox-skeleton-card--vertical\"><div class=\"fox-skeleton__image fox-skeleton__image--tall fox-shimmer\"><\/div><div class=\"fox-skeleton__body\"><div class=\"fox-skeleton__line fox-skeleton__line--title fox-shimmer\"><\/div><div class=\"fox-skeleton__line fox-skeleton__line--short fox-shimmer\"><\/div><div class=\"fox-skeleton__footer\"><div class=\"fox-skeleton__line fox-skeleton__line--price fox-shimmer\"><\/div><div class=\"fox-skeleton__line fox-skeleton__line--btn fox-shimmer\"><\/div><\/div><\/div><\/div><div class=\"fox-skeleton-card fox-skeleton-card--vertical\"><div class=\"fox-skeleton__image fox-skeleton__image--tall fox-shimmer\"><\/div><div class=\"fox-skeleton__body\"><div class=\"fox-skeleton__line fox-skeleton__line--title fox-shimmer\"><\/div><div class=\"fox-skeleton__line fox-skeleton__line--short fox-shimmer\"><\/div><div class=\"fox-skeleton__footer\"><div class=\"fox-skeleton__line fox-skeleton__line--price fox-shimmer\"><\/div><div class=\"fox-skeleton__line fox-skeleton__line--btn fox-shimmer\"><\/div><\/div><\/div><\/div><div class=\"fox-skeleton-card fox-skeleton-card--vertical\"><div class=\"fox-skeleton__image fox-skeleton__image--tall fox-shimmer\"><\/div><div class=\"fox-skeleton__body\"><div class=\"fox-skeleton__line fox-skeleton__line--title fox-shimmer\"><\/div><div class=\"fox-skeleton__line fox-skeleton__line--short fox-shimmer\"><\/div><div class=\"fox-skeleton__footer\"><div class=\"fox-skeleton__line fox-skeleton__line--price fox-shimmer\"><\/div><div class=\"fox-skeleton__line fox-skeleton__line--btn fox-shimmer\"><\/div><\/div><\/div><\/div><div class=\"fox-skeleton-card fox-skeleton-card--vertical\"><div class=\"fox-skeleton__image fox-skeleton__image--tall fox-shimmer\"><\/div><div class=\"fox-skeleton__body\"><div class=\"fox-skeleton__line fox-skeleton__line--title fox-shimmer\"><\/div><div class=\"fox-skeleton__line fox-skeleton__line--short fox-shimmer\"><\/div><div class=\"fox-skeleton__footer\"><div class=\"fox-skeleton__line fox-skeleton__line--price fox-shimmer\"><\/div><div class=\"fox-skeleton__line fox-skeleton__line--btn fox-shimmer\"><\/div><\/div><\/div><\/div><\/div><\/div>\n\n\n<h2><span class=\"ez-toc-section\" id=\"Quel_arbre_fruitier_planter\"><\/span>Quel arbre fruitier planter?<span class=\"ez-toc-section-end\"><\/span><\/h2>\n\n\n\n<p>Si on n\u2019a pas d\u2019id\u00e9e pr\u00e9cise, il n\u2019est pas facile de choisir son arbre fruitier. Nous allons vous pr\u00e9senter quelques arbres qui peuvent vous int\u00e9resser.<\/p>\n\n\n\n<h3><span class=\"ez-toc-section\" id=\"Lolivier\"><\/span>L&rsquo;olivier<span class=\"ez-toc-section-end\"><\/span><\/h3>\n\n\n\n<div class=\"wp-block-media-text alignwide is-stacked-on-mobile\" style=\"grid-template-columns:17% auto\"><figure class=\"wp-block-media-text__media\"><img loading=\"lazy\" width=\"1024\" height=\"732\" src=\"https:\/\/www.arrosagedujardin.fr\/guide\/wp-content\/uploads\/2022\/04\/olivier-1024x732.jpg\" alt=\"\" class=\"wp-image-7027 size-full\" srcset=\"https:\/\/www.arrosagedujardin.fr\/guide\/wp-content\/uploads\/2022\/04\/olivier-1024x732.jpg 1024w, https:\/\/www.arrosagedujardin.fr\/guide\/wp-content\/uploads\/2022\/04\/olivier-300x215.jpg 300w, https:\/\/www.arrosagedujardin.fr\/guide\/wp-content\/uploads\/2022\/04\/olivier-768x549.jpg 768w, https:\/\/www.arrosagedujardin.fr\/guide\/wp-content\/uploads\/2022\/04\/olivier.jpg 1200w\" sizes=\"(max-width: 1024px) 100vw, 1024px\" \/><\/figure><div class=\"wp-block-media-text__content\">\n<p><a href=\"https:\/\/www.arrosagedujardin.fr\/guide\/tout-sur-l-olivier\/\">L&rsquo;olivier<\/a> est un type d&rsquo;arbre \u00e0 feuilles persistantes originaire de la r\u00e9gion m\u00e9diterran\u00e9enne. Ils peuvent \u00e9galement \u00eatre cultiv\u00e9s dans d&rsquo;autres r\u00e9gions, mais ils pousseront mieux dans un climat m\u00e9diterran\u00e9en.<\/p>\n<\/div><\/div>\n\n\n\n<h3><span class=\"ez-toc-section\" id=\"Le_pommier_et_le_poirier\"><\/span>Le pommier et le poirier<span class=\"ez-toc-section-end\"><\/span><\/h3>\n\n\n\n<div class=\"wp-block-media-text alignwide is-stacked-on-mobile\" style=\"grid-template-columns:17% auto\"><figure class=\"wp-block-media-text__media\"><img loading=\"lazy\" width=\"640\" height=\"426\" src=\"https:\/\/www.arrosagedujardin.fr\/guide\/wp-content\/uploads\/2019\/04\/pommier-arbre-fruitier.jpg\" alt=\"pommier\" class=\"wp-image-2857 size-full\" srcset=\"https:\/\/www.arrosagedujardin.fr\/guide\/wp-content\/uploads\/2019\/04\/pommier-arbre-fruitier.jpg 640w, https:\/\/www.arrosagedujardin.fr\/guide\/wp-content\/uploads\/2019\/04\/pommier-arbre-fruitier-300x200.jpg 300w\" sizes=\"(max-width: 640px) 100vw, 640px\" \/><\/figure><div class=\"wp-block-media-text__content\">\n<p>La pomme est la valeur s\u00fbre des fruits. Tout le monde ou presque aime les pommes et il en existe une multitude de vari\u00e9t\u00e9s.<\/p>\n\n\n\n<p>Les pommiers se d\u00e9veloppent vite et ne sont pas particuli\u00e8rement fragiles. La poire est un peu moins populaire mais elle a ses amateurs.<\/p>\n<\/div><\/div>\n\n\n\n<p>Si vous \u00eates fou de pommes ou de poires et que vous avez un grand terrain, vous pouvez choisir des vari\u00e9t\u00e9s diverses avec des r\u00e9coltes un peu diff\u00e9r\u00e9es.<\/p>\n\n\n\n<div class=\"wp-block-media-text alignwide is-stacked-on-mobile\" style=\"grid-template-columns:18% auto\"><figure class=\"wp-block-media-text__media\"><img loading=\"lazy\" width=\"640\" height=\"426\" src=\"https:\/\/www.arrosagedujardin.fr\/guide\/wp-content\/uploads\/2019\/04\/poirier-arbre-fruitier.jpg\" alt=\"poirier\" class=\"wp-image-2855 size-full\" srcset=\"https:\/\/www.arrosagedujardin.fr\/guide\/wp-content\/uploads\/2019\/04\/poirier-arbre-fruitier.jpg 640w, https:\/\/www.arrosagedujardin.fr\/guide\/wp-content\/uploads\/2019\/04\/poirier-arbre-fruitier-300x200.jpg 300w\" sizes=\"(max-width: 640px) 100vw, 640px\" \/><\/figure><div class=\"wp-block-media-text__content\">\n<p>Mais si vous n\u2019avez pas \u00e9norm\u00e9ment de place, il existe une astuce pour avoir de nombreuses vari\u00e9t\u00e9s sur un espace r\u00e9duit : les pommiers et les poiriers paliss\u00e9s aussi dits palmette ou en espalier.<\/p>\n\n\n\n<p>Ils prennent peu de place car ils doivent \u00eatre taill\u00e9s chaque ann\u00e9e pour rester le long de leur ligne et pour optimiser leur fructification. Vous pouvez ainsi sur un espace r\u00e9duit avoir une dizaine de vari\u00e9t\u00e9s ce qui est impossible si vous n\u2019avez pas un tr\u00e8s grand terrain.<\/p>\n<\/div><\/div>\n\n\n\n<h3><span class=\"ez-toc-section\" id=\"Le_cerisier\"><\/span>Le cerisier<span class=\"ez-toc-section-end\"><\/span><\/h3>\n\n\n\n<p>Encore un fruit tr\u00e8s populaire et qui pousse tr\u00e8s bien dans notre pays. Les vari\u00e9t\u00e9s sont multiples et vous pouvez aussi penser aux cerises aigres.<\/p>\n\n\n\n<p>Ils sont aussi tr\u00e8s appr\u00e9ci\u00e9s des vers donc \u00e0 surveiller en permanence. Si vous en plantez plusieurs, vous pouvez choisir des fructifications diverses pour profiter d\u2019une plus longue saison de cerises.<\/p>\n\n\n\n<h3><span class=\"ez-toc-section\" id=\"Les_prunier\"><\/span>Les prunier<span class=\"ez-toc-section-end\"><\/span><\/h3>\n\n\n\n<div class=\"wp-block-media-text alignwide is-stacked-on-mobile\" style=\"grid-template-columns:19% auto\"><figure class=\"wp-block-media-text__media\"><img loading=\"lazy\" width=\"640\" height=\"426\" src=\"https:\/\/www.arrosagedujardin.fr\/guide\/wp-content\/uploads\/2019\/04\/prunier-arbre-fruitier.jpg\" alt=\"prunier - arbre fruitier\" class=\"wp-image-2859 size-full\" srcset=\"https:\/\/www.arrosagedujardin.fr\/guide\/wp-content\/uploads\/2019\/04\/prunier-arbre-fruitier.jpg 640w, https:\/\/www.arrosagedujardin.fr\/guide\/wp-content\/uploads\/2019\/04\/prunier-arbre-fruitier-300x200.jpg 300w\" sizes=\"(max-width: 640px) 100vw, 640px\" \/><\/figure><div class=\"wp-block-media-text__content\">\n<p>L\u00e0 encore, c\u2019est selon vos go\u00fbt entre la mirabelle ou la quetsche ! Vous pouvez aussi trouver des pruniers tr\u00e8s originaux comme la reine Claude violette.<\/p>\n\n\n\n<p>La productivit\u00e9 des pruniers est impressionnante sans demander d\u2019entretien particulier.<\/p>\n<\/div><\/div>\n\n\n\n<h3><span class=\"ez-toc-section\" id=\"Le_pecher\"><\/span>Le p\u00eacher<span class=\"ez-toc-section-end\"><\/span><\/h3>\n\n\n\n<p>Les p\u00eachers sont tr\u00e8s sujets \u00e0 la maladie de la cloque donc renseignez-vous scrupuleusement sur la vari\u00e9t\u00e9 avant de vous d\u00e9cider, il n\u2019y a rien de plus rageant que de voir votre arbre rong\u00e9 par ces boursouflures qui d\u00e9vorent vos jeunes fruits qui n\u2019arriveront jamais \u00e0 maturit\u00e9.<\/p>\n\n\n\n<h3><span class=\"ez-toc-section\" id=\"L_abricotier\"><\/span>L\u2019 abricotier<span class=\"ez-toc-section-end\"><\/span><\/h3>\n\n\n\n<div class=\"wp-block-media-text alignwide is-stacked-on-mobile\" style=\"grid-template-columns:19% auto\"><figure class=\"wp-block-media-text__media\"><img loading=\"lazy\" width=\"640\" height=\"360\" src=\"https:\/\/www.arrosagedujardin.fr\/guide\/wp-content\/uploads\/2019\/04\/abricotier-arbre-fruitier.jpg\" alt=\"abricotier  \" class=\"wp-image-2847 size-full\" srcset=\"https:\/\/www.arrosagedujardin.fr\/guide\/wp-content\/uploads\/2019\/04\/abricotier-arbre-fruitier.jpg 640w, https:\/\/www.arrosagedujardin.fr\/guide\/wp-content\/uploads\/2019\/04\/abricotier-arbre-fruitier-300x169.jpg 300w\" sizes=\"(max-width: 640px) 100vw, 640px\" \/><\/figure><div class=\"wp-block-media-text__content\">\n<p>Pour les abricotiers, c\u2019est aussi risqu\u00e9 car ils ne sont pas aussi productifs qu\u2019on le voudrait et ils sont assez fragiles. <\/p>\n\n\n\n<p>Avant d\u2019en planter, renseignez-vous pour savoir s\u2019ils poussent bien dans votre r\u00e9gion.<\/p>\n<\/div><\/div>\n\n\n\n<p>Voil\u00e0 un premier aper\u00e7u des arbres fruitiers les plus populaires de nos jardins.<\/p>\n\n\n\n<p>Il est bon \u00e0 savoir qu&rsquo;il existe des \u200b<a href=\"https:\/\/www.arrosagedujardin.fr\/guide\/arbres-fruitiers-nains\/\">arbres fruitiers nains<\/a>.  Eh oui cela peut paraitre invraisemblable ! Mais vous pouvez planter ou avoir un arbre fruitier nain dans un pot. <\/p>\n\n\n\n<p>Vous pourrez profiter de votre arbre \u00e0 l&rsquo;int\u00e9rieur ou dans votre jardin.<\/p>\n\n\n<div id=\"fox-b-4\">\n<div class=\"fox-best fox-best--grid fox-animate\"\n         id=\"fox-best-0adb826a\"\n     style=\"--fox-best-cols:3\"\n     >\n\n        \n    \n    <div class=\"fox-best__grid\">\n                <article class=\"fox-best__item fox-best__item--ranked\"\n                 style=\"--fox-item-delay:0ms\">\n\n                        <div class=\"fox-best__rank\"\n                 style=\"background:#ff6b35;color:#ffffff\">\n                1            <\/div>\n            \n            <a href=\"https:\/\/www.amazon.fr\/dp\/B0GV496TBX?tag=izidata07-21\"\n               target=\"_blank\" rel=\"nofollow noopener sponsored\"\n               class=\"fox-best__image-link\">\n                                <img src=\"https:\/\/m.media-amazon.com\/images\/I\/41lt6uVixwL._SL500_.jpg\"\n                     alt=\"Lot de 2 50cm Petit citronnier Artificiel avec Pot,Arbre Artificiel Nain avec Citron,Branche&amp;Feuillage,sans Entretien,Mini Fausse Plante d\u00e9corative pour Salon,Bureau,Banquet-Int\u00e9rieur\/Ext\u00e9rieur\"\n                     class=\"fox-best__image\" loading=\"lazy\">\n                            <\/a>\n\n            <div class=\"fox-best__body\">\n                                <span class=\"fox-best__brand\">OPULENTHOME<\/span>\n                                <p class=\"fox-best__item-title\">\n                    <a href=\"https:\/\/www.amazon.fr\/dp\/B0GV496TBX?tag=izidata07-21\"\n                       target=\"_blank\" rel=\"nofollow noopener sponsored\">\n                        Lot de 2 50cm Petit citronnier Artificiel avec Pot,Arbre Artificiel Nain avec Citron,Branche&amp;Feuillage,sans Entretien,Mini Fausse Plante d\u00e9corative pour Salon,Bureau,Banquet-Int\u00e9rieur\/Ext\u00e9rieur                    <\/a>\n                <\/p>\n                                    <div class=\"fox-best__stars\"><\/div>                <div class=\"fox-best__footer\"><div class=\"fox-best__price-wrap\"><span class=\"fox-best__price\">\u20ac41,99<\/span><\/div><a href=\"https:\/\/www.amazon.fr\/dp\/B0GV496TBX?tag=izidata07-21\" class=\"fox-best__cta fox-table__btn\" target=\"_blank\" rel=\"nofollow noopener sponsored\">Voir<\/a><\/div>            <\/div>\n\n        <\/article>\n                <article class=\"fox-best__item fox-best__item--ranked\"\n                 style=\"--fox-item-delay:60ms\">\n\n                        <div class=\"fox-best__rank\"\n                 style=\"background:#64748b;color:#fff\">\n                2            <\/div>\n            \n            <a href=\"https:\/\/www.amazon.fr\/dp\/B0F1D2DDM6?tag=izidata07-21\"\n               target=\"_blank\" rel=\"nofollow noopener sponsored\"\n               class=\"fox-best__image-link\">\n                                <img src=\"https:\/\/m.media-amazon.com\/images\/I\/41Xc5H8XVkL._SL500_.jpg\"\n                     alt=\"Citronnier artificiel Arbre artificiel dans un pot noir 118 x 40 cm - Plante d\u00e9corative - Arbre d\u00e9coratif d&#039;int\u00e9rieur\"\n                     class=\"fox-best__image\" loading=\"lazy\">\n                            <\/a>\n\n            <div class=\"fox-best__body\">\n                                <span class=\"fox-best__brand\">Spetebo<\/span>\n                                <p class=\"fox-best__item-title\">\n                    <a href=\"https:\/\/www.amazon.fr\/dp\/B0F1D2DDM6?tag=izidata07-21\"\n                       target=\"_blank\" rel=\"nofollow noopener sponsored\">\n                        Citronnier artificiel Arbre artificiel dans un pot noir 118 x 40 cm &#8211; Plante d\u00e9corative &#8211; Arbre d\u00e9coratif d&#039;int\u00e9rieur                    <\/a>\n                <\/p>\n                                    <div class=\"fox-best__stars\"><\/div>                <div class=\"fox-best__footer\"><div class=\"fox-best__price-wrap\"><span class=\"fox-best__price\">\u20ac29,95<\/span><\/div><a href=\"https:\/\/www.amazon.fr\/dp\/B0F1D2DDM6?tag=izidata07-21\" class=\"fox-best__cta fox-table__btn\" target=\"_blank\" rel=\"nofollow noopener sponsored\">Voir<\/a><\/div>            <\/div>\n\n        <\/article>\n                <article class=\"fox-best__item fox-best__item--ranked\"\n                 style=\"--fox-item-delay:120ms\">\n\n                        <div class=\"fox-best__rank\"\n                 style=\"background:#e2e8f0;color:#0f172a\">\n                3            <\/div>\n            \n            <a href=\"https:\/\/www.amazon.fr\/dp\/B0D4YQ9R4P?tag=izidata07-21\"\n               target=\"_blank\" rel=\"nofollow noopener sponsored\"\n               class=\"fox-best__image-link\">\n                                <img src=\"https:\/\/m.media-amazon.com\/images\/I\/41kTqx8-8iL._SL500_.jpg\"\n                     alt=\"Plant in a Box - Arbres fruitiers - Lot de 4 - Pommier, Cerisier, Poirier et Prunier - Hauteur 60-70cm - Pot 9cm - Id\u00e9al balcon &amp; jardin - Fleurs printani\u00e8res et r\u00e9colte rapide\"\n                     class=\"fox-best__image\" loading=\"lazy\">\n                            <\/a>\n\n            <div class=\"fox-best__body\">\n                                <span class=\"fox-best__brand\">Plant in a Box<\/span>\n                                <p class=\"fox-best__item-title\">\n                    <a href=\"https:\/\/www.amazon.fr\/dp\/B0D4YQ9R4P?tag=izidata07-21\"\n                       target=\"_blank\" rel=\"nofollow noopener sponsored\">\n                        Plant in a Box &#8211; Arbres fruitiers &#8211; Lot de 4 &#8211; Pommier, Cerisier, Poirier et Prunier &#8211; Hauteur 60-70cm &#8211; Pot 9cm &#8211; Id\u00e9al balcon &amp; jardin &#8211; Fleurs printani\u00e8res et r\u00e9colte rapide                    <\/a>\n                <\/p>\n                                    <div class=\"fox-best__stars\"><\/div>                <div class=\"fox-best__footer\"><div class=\"fox-best__price-wrap\"><span class=\"fox-best__price\">\u20ac50,99<\/span><\/div><a href=\"https:\/\/www.amazon.fr\/dp\/B0D4YQ9R4P?tag=izidata07-21\" class=\"fox-best__cta fox-table__btn\" target=\"_blank\" rel=\"nofollow noopener sponsored\">Voir<\/a><\/div>            <\/div>\n\n        <\/article>\n                <article class=\"fox-best__item\"\n                 style=\"--fox-item-delay:180ms\">\n\n            \n            <a href=\"https:\/\/www.amazon.fr\/dp\/B09GBLGB4S?tag=izidata07-21\"\n               target=\"_blank\" rel=\"nofollow noopener sponsored\"\n               class=\"fox-best__image-link\">\n                                <img src=\"https:\/\/m.media-amazon.com\/images\/I\/51BscMYGONL._SL500_.jpg\"\n                     alt=\"Ficus Brown Turkey | Arbre Fruitier Figuier Robuste | Plante en Pot d&#039;Ext\u00e9rieur 20-30 cm\"\n                     class=\"fox-best__image\" loading=\"lazy\">\n                            <\/a>\n\n            <div class=\"fox-best__body\">\n                                <span class=\"fox-best__brand\">GardenersDream<\/span>\n                                <p class=\"fox-best__item-title\">\n                    <a href=\"https:\/\/www.amazon.fr\/dp\/B09GBLGB4S?tag=izidata07-21\"\n                       target=\"_blank\" rel=\"nofollow noopener sponsored\">\n                        Ficus Brown Turkey | Arbre Fruitier Figuier Robuste | Plante en Pot d&#039;Ext\u00e9rieur 20-30 cm                    <\/a>\n                <\/p>\n                                    <div class=\"fox-best__stars\"><\/div>                <div class=\"fox-best__footer\"><div class=\"fox-best__price-wrap\"><span class=\"fox-best__price\">\u20ac18,95<\/span><\/div><a href=\"https:\/\/www.amazon.fr\/dp\/B09GBLGB4S?tag=izidata07-21\" class=\"fox-best__cta fox-table__btn\" target=\"_blank\" rel=\"nofollow noopener sponsored\">Voir<\/a><\/div>            <\/div>\n\n        <\/article>\n                <article class=\"fox-best__item\"\n                 style=\"--fox-item-delay:240ms\">\n\n            \n            <a href=\"https:\/\/www.amazon.fr\/dp\/B0DPLBM6C9?tag=izidata07-21\"\n               target=\"_blank\" rel=\"nofollow noopener sponsored\"\n               class=\"fox-best__image-link\">\n                                <img src=\"https:\/\/m.media-amazon.com\/images\/I\/41vCfN-JBML._SL500_.jpg\"\n                     alt=\"Sunny Tree Citron vert, 3 ans, agrumes latifolia, fruit, 90 cm, produit de qualit\u00e9 sup\u00e9rieure\"\n                     class=\"fox-best__image\" loading=\"lazy\">\n                            <\/a>\n\n            <div class=\"fox-best__body\">\n                                <span class=\"fox-best__brand\">Sunny Tree<\/span>\n                                <p class=\"fox-best__item-title\">\n                    <a href=\"https:\/\/www.amazon.fr\/dp\/B0DPLBM6C9?tag=izidata07-21\"\n                       target=\"_blank\" rel=\"nofollow noopener sponsored\">\n                        Sunny Tree Citron vert, 3 ans, agrumes latifolia, fruit, 90 cm, produit de qualit\u00e9 sup\u00e9rieure                    <\/a>\n                <\/p>\n                                    <div class=\"fox-best__stars\"><\/div>                <div class=\"fox-best__footer\"><div class=\"fox-best__price-wrap\"><span class=\"fox-best__price\">\u20ac74,99<\/span><\/div><a href=\"https:\/\/www.amazon.fr\/dp\/B0DPLBM6C9?tag=izidata07-21\" class=\"fox-best__cta fox-table__btn\" target=\"_blank\" rel=\"nofollow noopener sponsored\">Voir<\/a><\/div>            <\/div>\n\n        <\/article>\n                <article class=\"fox-best__item\"\n                 style=\"--fox-item-delay:300ms\">\n\n            \n            <a href=\"https:\/\/www.amazon.fr\/dp\/B0DSKMLX5Z?tag=izidata07-21\"\n               target=\"_blank\" rel=\"nofollow noopener sponsored\"\n               class=\"fox-best__image-link\">\n                                <img src=\"https:\/\/m.media-amazon.com\/images\/I\/41BjCm9DlhL._SL500_.jpg\"\n                     alt=\"Oairse Plantes artificielles - Grand citronnier - 150 cm - Plante artificielle - D\u00e9coration d&#039;int\u00e9rieur - Plante d&#039;art comme vraie en pot pour d\u00e9coration de table, bureau, salle de bain, chambre \u00e0\"\n                     class=\"fox-best__image\" loading=\"lazy\">\n                            <\/a>\n\n            <div class=\"fox-best__body\">\n                                <span class=\"fox-best__brand\">Oairse<\/span>\n                                <p class=\"fox-best__item-title\">\n                    <a href=\"https:\/\/www.amazon.fr\/dp\/B0DSKMLX5Z?tag=izidata07-21\"\n                       target=\"_blank\" rel=\"nofollow noopener sponsored\">\n                        Oairse Plantes artificielles &#8211; Grand citronnier &#8211; 150 cm &#8211; Plante artificielle &#8211; D\u00e9coration d&#039;int\u00e9rieur &#8211; Plante d&#039;art comme vraie en pot pour d\u00e9coration de table, bureau, salle de bain, chambre \u00e0                    <\/a>\n                <\/p>\n                                    <div class=\"fox-best__stars\"><\/div>                <div class=\"fox-best__footer\"><div class=\"fox-best__price-wrap\"><span class=\"fox-best__price\">\u20ac76,99<\/span><\/div><a href=\"https:\/\/www.amazon.fr\/dp\/B0DSKMLX5Z?tag=izidata07-21\" class=\"fox-best__cta fox-table__btn\" target=\"_blank\" rel=\"nofollow noopener sponsored\">Voir<\/a><\/div>            <\/div>\n\n        <\/article>\n                <article class=\"fox-best__item\"\n                 style=\"--fox-item-delay:360ms\">\n\n            \n            <a href=\"https:\/\/www.amazon.fr\/dp\/B0GV3N1KTR?tag=izidata07-21\"\n               target=\"_blank\" rel=\"nofollow noopener sponsored\"\n               class=\"fox-best__image-link\">\n                                <img src=\"https:\/\/m.media-amazon.com\/images\/I\/31mzobO7xrL._SL500_.jpg\"\n                     alt=\"150cm Grande Citronnier Artificiel r\u00e9alistes,Arbre Artificiel Int\u00e9rieur avec Pot,Citron r\u00e9alistes,Multi Branche &amp; Feuillage,sans Entretien,Fausse Plante d\u00e9corative pour Salon,Bureau,Balcon\"\n                     class=\"fox-best__image\" loading=\"lazy\">\n                            <\/a>\n\n            <div class=\"fox-best__body\">\n                                <span class=\"fox-best__brand\">OPULENTHOME<\/span>\n                                <p class=\"fox-best__item-title\">\n                    <a href=\"https:\/\/www.amazon.fr\/dp\/B0GV3N1KTR?tag=izidata07-21\"\n                       target=\"_blank\" rel=\"nofollow noopener sponsored\">\n                        150cm Grande Citronnier Artificiel r\u00e9alistes,Arbre Artificiel Int\u00e9rieur avec Pot,Citron r\u00e9alistes,Multi Branche &amp; Feuillage,sans Entretien,Fausse Plante d\u00e9corative pour Salon,Bureau,Balcon                    <\/a>\n                <\/p>\n                                    <div class=\"fox-best__stars\"><\/div>                <div class=\"fox-best__footer\"><div class=\"fox-best__price-wrap\"><span class=\"fox-best__price\">\u20ac56,99<\/span><\/div><a href=\"https:\/\/www.amazon.fr\/dp\/B0GV3N1KTR?tag=izidata07-21\" class=\"fox-best__cta fox-table__btn\" target=\"_blank\" rel=\"nofollow noopener sponsored\">Voir<\/a><\/div>            <\/div>\n\n        <\/article>\n                <article class=\"fox-best__item\"\n                 style=\"--fox-item-delay:420ms\">\n\n            \n            <a href=\"https:\/\/www.amazon.fr\/dp\/B0DJRPJLYN?tag=izidata07-21\"\n               target=\"_blank\" rel=\"nofollow noopener sponsored\"\n               class=\"fox-best__image-link\">\n                                <img src=\"https:\/\/m.media-amazon.com\/images\/I\/31axfULupdL._SL500_.jpg\"\n                     alt=\"Attitude Jardin - Citronnier vert lime de Tahiti - citrus aurantiifolia - agrume m\u00e9diterran\u00e9en - arbre fruitier - 75-85 cm - \u2300 22 cm\"\n                     class=\"fox-best__image\" loading=\"lazy\">\n                            <\/a>\n\n            <div class=\"fox-best__body\">\n                                <span class=\"fox-best__brand\">G\u00e9n\u00e9rique<\/span>\n                                <p class=\"fox-best__item-title\">\n                    <a href=\"https:\/\/www.amazon.fr\/dp\/B0DJRPJLYN?tag=izidata07-21\"\n                       target=\"_blank\" rel=\"nofollow noopener sponsored\">\n                        Attitude Jardin &#8211; Citronnier vert lime de Tahiti &#8211; citrus aurantiifolia &#8211; agrume m\u00e9diterran\u00e9en &#8211; arbre fruitier &#8211; 75-85 cm &#8211; \u2300 22 cm                    <\/a>\n                <\/p>\n                                    <div class=\"fox-best__stars\"><\/div>                <div class=\"fox-best__footer\"><div class=\"fox-best__price-wrap\"><span class=\"fox-best__price\">\u20ac74,95<\/span><\/div><a href=\"https:\/\/www.amazon.fr\/dp\/B0DJRPJLYN?tag=izidata07-21\" class=\"fox-best__cta fox-table__btn\" target=\"_blank\" rel=\"nofollow noopener sponsored\">Voir<\/a><\/div>            <\/div>\n\n        <\/article>\n            <\/div>\n\n    \n<\/div><!-- .fox-best -->\n\n<script type=\"application\/ld+json\">{\"@context\":\"https:\/\/schema.org\",\"@type\":\"ItemList\",\"itemListElement\":[{\"@type\":\"ListItem\",\"position\":1,\"item\":{\"@type\":\"Product\",\"name\":\"Lot de 2 50cm Petit citronnier Artificiel avec Pot,Arbre Artificiel Nain avec Citron,Branche&Feuillage,sans Entretien,Mini Fausse Plante d\u00e9corative pour Salon,Bureau,Banquet-Int\u00e9rieur\/Ext\u00e9rieur\",\"image\":\"https:\/\/m.media-amazon.com\/images\/I\/41lt6uVixwL._SL500_.jpg\",\"sku\":\"B0GV496TBX\",\"productID\":\"B0GV496TBX\",\"brand\":{\"@type\":\"Brand\",\"name\":\"OPULENTHOME\"},\"description\":\"Citronnier Nain 50cm \u2013 Un Petit Arbre D\u00e9coratif Plein de Charme: Ce petit citronnier artificiel 50cm avec pot est parfait pour ajouter une touche m\u00e9diterran\u00e9enne \u00e0 votre int\u00e9rieur ou ext\u00e9rieur. Son format compact et sa taille nain en font un arbre artificiel id\u00e9al pour les salons, les bureaux ou les balcons. Un d\u00e9cor v\u00e9g\u00e9tal r\u00e9aliste qui s\u2019int\u00e8gre partout, m\u00eame dans les petits espaces. Citrons R\u00e9alistes et Feuillage PE pour un Rendu Authentique: Avec ses citrons r\u00e9alistes jaune vif, ses multi branches naturelles et son feuillage PE dense, cette mini fausse plante d\u00e9corative capture l\u2019essence du sud de la France. Chaque d\u00e9tail est soign\u00e9 pour offrir un aspect tr\u00e8s r\u00e9aliste, sans les contraintes d\u2019une plante vivante. Sans Entretien et Assemblage Facile pour un Gain de Temps: Fini l\u2019arrosage et la taille ! Ce citronnier artificiel nain ne demande aucun entretien et reste impeccable toute l\u2019ann\u00e9e. L\u2019assemblage facile permet de l\u2019installer en quelques minutes, pour une d\u00e9coration imm\u00e9diate sans effort, que ce soit \u00e0 l\u2019int\u00e9rieur ou \u00e0 l\u2019ext\u00e9rieur.\",\"offers\":{\"@type\":\"Offer\",\"url\":\"https:\/\/www.amazon.fr\/dp\/B0GV496TBX?tag=izidata07-21\",\"seller\":{\"@type\":\"Organization\",\"name\":\"Amazon\"},\"availability\":\"https:\/\/schema.org\/InStock\",\"price\":\"41.99\",\"priceCurrency\":\"EUR\",\"priceValidUntil\":\"2026-04-28\"}}},{\"@type\":\"ListItem\",\"position\":2,\"item\":{\"@type\":\"Product\",\"name\":\"Citronnier artificiel Arbre artificiel dans un pot noir 118 x 40 cm - Plante d\u00e9corative - Arbre d\u00e9coratif d'int\u00e9rieur\",\"image\":\"https:\/\/m.media-amazon.com\/images\/I\/41Xc5H8XVkL._SL500_.jpg\",\"sku\":\"B0F1D2DDM6\",\"productID\":\"B0F1D2DDM6\",\"brand\":{\"@type\":\"Brand\",\"name\":\"Spetebo\"},\"description\":\"La taille est d'environ 118 cm x 40 cm (hauteur x diam\u00e8tre) Mat\u00e9riau : plastique - Type de plante : citronnier Arbre d\u00e9coratif artificiel dans un pot de fleurs noir\",\"offers\":{\"@type\":\"Offer\",\"url\":\"https:\/\/www.amazon.fr\/dp\/B0F1D2DDM6?tag=izidata07-21\",\"seller\":{\"@type\":\"Organization\",\"name\":\"Amazon\"},\"availability\":\"https:\/\/schema.org\/InStock\",\"price\":\"29.95\",\"priceCurrency\":\"EUR\",\"priceValidUntil\":\"2026-04-28\"}}},{\"@type\":\"ListItem\",\"position\":3,\"item\":{\"@type\":\"Product\",\"name\":\"Plant in a Box - Arbres fruitiers - Lot de 4 - Pommier, Cerisier, Poirier et Prunier - Hauteur 60-70cm - Pot 9cm - Id\u00e9al balcon & jardin - Fleurs printani\u00e8res et r\u00e9colte rapide\",\"image\":\"https:\/\/m.media-amazon.com\/images\/I\/41kTqx8-8iL._SL500_.jpg\",\"sku\":\"B0D4YQ9R4P\",\"productID\":\"B0D4YQ9R4P\",\"brand\":{\"@type\":\"Brand\",\"name\":\"Plant in a Box\"},\"description\":\"Quatre arbres fruitiers en forme de colonne \u2013 pommier, poirier et prunier. Croissance compacte, entretien simple et production abondante dans un espace r\u00e9duit. Rustiques et robustes \u2013 Ces arbres fruitiers r\u00e9sistent au froid jusqu\u2019\u00e0 \u201320 \u00b0C, ce qui les rend parfaits pour le climat europ\u00e9en. Ils se plantent toute l\u2019ann\u00e9e tant que le sol n\u2019est pas gel\u00e9. Les arbres fruitiers en colonne \u00e0 pomme, poire et prune donnent une r\u00e9colte riche sur peu d\u2019espace \u2013 parfait pour terrasses et petits jardins.\",\"offers\":{\"@type\":\"Offer\",\"url\":\"https:\/\/www.amazon.fr\/dp\/B0D4YQ9R4P?tag=izidata07-21\",\"seller\":{\"@type\":\"Organization\",\"name\":\"Amazon\"},\"availability\":\"https:\/\/schema.org\/InStock\",\"price\":\"50.99\",\"priceCurrency\":\"EUR\",\"priceValidUntil\":\"2026-04-28\"}}},{\"@type\":\"ListItem\",\"position\":4,\"item\":{\"@type\":\"Product\",\"name\":\"Ficus Brown Turkey | Arbre Fruitier Figuier Robuste | Plante en Pot d'Ext\u00e9rieur 20-30 cm\",\"image\":\"https:\/\/m.media-amazon.com\/images\/I\/51BscMYGONL._SL500_.jpg\",\"sku\":\"B09GBLGB4S\",\"productID\":\"B09GBLGB4S\",\"brand\":{\"@type\":\"Brand\",\"name\":\"GardenersDream\"},\"description\":\"FRUIT SUCRE COMESTIBLE \u2013 Le Ficus Brown Turkey produit des fruits tr\u00e8s riches, frais et d\u00e9licieux \u00e0 l'approche de l'automne. Ces fruits peuvent appara\u00eetre jusqu'\u00e0 deux fois par an dans des conditions chaudes, mais le plus souvent, ils n'apparaissent qu'une fois au cours des mois d'ao\u00fbt et de septembre. FEUILLES VERTES LOBEES \u2013 Les feuilles du Ficus Brown Turkey sont de forme de lobe et constituent une excellente base pour la croissance des figues. La couleur verte est un excellent contrepoids pour la plante qui ajoute une bonne quantit\u00e9 de couleur au jardin avant l'apparition des fruits en automne. ARBUSTE A PORT BUISSONNANT - Ce petit arbuste \u00e0 feuilles caduques est agr\u00e9able \u00e0 cultiver car il offre une abondance de couleurs et de fruits, tout en \u00e9tant robuste avec un port buissonnant. Le Ficus Brown Turkey demande assez peu d'entretien, ce qui le rend plus facile \u00e0 cultiver pour les amateurs de plantes de tous niveaux.\",\"offers\":{\"@type\":\"Offer\",\"url\":\"https:\/\/www.amazon.fr\/dp\/B09GBLGB4S?tag=izidata07-21\",\"seller\":{\"@type\":\"Organization\",\"name\":\"Amazon\"},\"availability\":\"https:\/\/schema.org\/InStock\",\"price\":\"18.95\",\"priceCurrency\":\"EUR\",\"priceValidUntil\":\"2026-04-28\"}}},{\"@type\":\"ListItem\",\"position\":5,\"item\":{\"@type\":\"Product\",\"name\":\"Sunny Tree Citron vert, 3 ans, agrumes latifolia, fruit, 90 cm, produit de qualit\u00e9 sup\u00e9rieure\",\"image\":\"https:\/\/m.media-amazon.com\/images\/I\/41vCfN-JBML._SL500_.jpg\",\"sku\":\"B0DPLBM6C9\",\"productID\":\"B0DPLBM6C9\",\"brand\":{\"@type\":\"Brand\",\"name\":\"Sunny Tree\"},\"description\":\"Plante adulte saine de 3 ans : cet agrumes latifolia a 3 ans, ce qui signifie que la plante est d\u00e9j\u00e0 bien enracin\u00e9e et pr\u00eate \u00e0 continuer \u00e0 pousser et \u00e0 porter ses fruits. Gr\u00e2ce \u00e0 son \u00e2ge, c'est un choix fiable pour ceux qui veulent voir rapidement des r\u00e9sultats.\",\"offers\":{\"@type\":\"Offer\",\"url\":\"https:\/\/www.amazon.fr\/dp\/B0DPLBM6C9?tag=izidata07-21\",\"seller\":{\"@type\":\"Organization\",\"name\":\"Amazon\"},\"availability\":\"https:\/\/schema.org\/InStock\",\"price\":\"74.99\",\"priceCurrency\":\"EUR\",\"priceValidUntil\":\"2026-04-28\"}}},{\"@type\":\"ListItem\",\"position\":6,\"item\":{\"@type\":\"Product\",\"name\":\"Oairse Plantes artificielles - Grand citronnier - 150 cm - Plante artificielle - D\u00e9coration d'int\u00e9rieur - Plante d'art comme vraie en pot pour d\u00e9coration de table, bureau, salle de bain, chambre \u00e0\",\"image\":\"https:\/\/m.media-amazon.com\/images\/I\/41BjCm9DlhL._SL500_.jpg\",\"sku\":\"B0DSKMLX5Z\",\"productID\":\"B0DSKMLX5Z\",\"brand\":{\"@type\":\"Brand\",\"name\":\"Oairse\"},\"description\":\"Mat\u00e9riau PU de qualit\u00e9 sup\u00e9rieure : notre citronnier artificiel est fabriqu\u00e9 en polyester durable et de qualit\u00e9 sup\u00e9rieure. Les citrons artificiels sont imperm\u00e9ables et faciles \u00e0 fa\u00e7onner. Le pot noir est rempli de boue artificielle noire robuste, qui est stable et ne se renverse pas facilement. Citrons juteux et lumineux : le citronnier artificiel est orn\u00e9 de magnifiques fruits citronn\u00e9s jaunes qui ont l'air si r\u00e9alistes que l'eau coule dans la bouche d\u00e8s que vous le regardez. Ces fruits citronn\u00e9s juteux sont soigneusement fabriqu\u00e9s en plastique de qualit\u00e9 sup\u00e9rieure pour garantir une forme optimale et durable, et sont peints uniform\u00e9ment dans un beau jaune tout en pr\u00e9servant chaque d\u00e9tail. Stable et r\u00e9glable : veuillez ajuster les troncs pour que l'arbre ressemble \u00e0 celui des images apr\u00e8s r\u00e9ception. Les tubes en caoutchouc souple sont envelopp\u00e9s de fil de fer, de sorte que vous pouvez donner la forme souhait\u00e9e sans craindre qu'il ne se casse. Ces plantes artificielles d'ext\u00e9rieur conservent leur hauteur, leur couleur et leur forme pendant des ann\u00e9es sans avoir \u00e0 les tailler ou \u00e0 les fa\u00e7onner, ce qui pr\u00e9serve leur effet esth\u00e9tique.\",\"offers\":{\"@type\":\"Offer\",\"url\":\"https:\/\/www.amazon.fr\/dp\/B0DSKMLX5Z?tag=izidata07-21\",\"seller\":{\"@type\":\"Organization\",\"name\":\"Amazon\"},\"availability\":\"https:\/\/schema.org\/InStock\",\"price\":\"76.99\",\"priceCurrency\":\"EUR\",\"priceValidUntil\":\"2026-04-28\"}}},{\"@type\":\"ListItem\",\"position\":7,\"item\":{\"@type\":\"Product\",\"name\":\"150cm Grande Citronnier Artificiel r\u00e9alistes,Arbre Artificiel Int\u00e9rieur avec Pot,Citron r\u00e9alistes,Multi Branche & Feuillage,sans Entretien,Fausse Plante d\u00e9corative pour Salon,Bureau,Balcon\",\"image\":\"https:\/\/m.media-amazon.com\/images\/I\/31mzobO7xrL._SL500_.jpg\",\"sku\":\"B0GV3N1KTR\",\"productID\":\"B0GV3N1KTR\",\"brand\":{\"@type\":\"Brand\",\"name\":\"OPULENTHOME\"},\"description\":\"Citronnier Artificiel Grand Format 150cm \u2013 Un Vrai Point Focal M\u00e9diterran\u00e9en: Ce grand citronnier artificiel r\u00e9aliste de 150cm reproduit fid\u00e8lement l\u2019allure ensoleill\u00e9e du sud de la France. Avec ses multi branches naturelles et son feuillage dense, il apporte une touche proven\u00e7ale authentique \u00e0 votre salon, bureau ou balcon, sans aucun entretien. Citrons R\u00e9alistes et Feuillage Dense pour un Aspect Naturel: Gr\u00e2ce \u00e0 ses citrons r\u00e9alistes jaune vif et \u00e0 son feuillage vert profond, cette fausse plante d\u00e9corative capture l\u2019essence du citronnier v\u00e9ritable. Les d\u00e9tails soign\u00e9s des branches et du feuillage offrent un rendu d\u2019un r\u00e9alisme saisissant, parfait pour une d\u00e9coration v\u00e9g\u00e9tale sans compromis. Sans Entretien et Assemblage Facile pour un Gain de Temps: Fini l\u2019arrosage, la taille ou les feuilles qui tombent ! Ce citronnier artificiel ne demande aucun entretien et conserve son \u00e9clat toute l\u2019ann\u00e9e. L\u2019assemblage facile permet de l\u2019installer en quelques minutes, pour une d\u00e9coration imm\u00e9diate sans effort.\",\"offers\":{\"@type\":\"Offer\",\"url\":\"https:\/\/www.amazon.fr\/dp\/B0GV3N1KTR?tag=izidata07-21\",\"seller\":{\"@type\":\"Organization\",\"name\":\"Amazon\"},\"availability\":\"https:\/\/schema.org\/InStock\",\"price\":\"56.99\",\"priceCurrency\":\"EUR\",\"priceValidUntil\":\"2026-04-28\"}}},{\"@type\":\"ListItem\",\"position\":8,\"item\":{\"@type\":\"Product\",\"name\":\"Attitude Jardin - Citronnier vert lime de Tahiti - citrus aurantiifolia - agrume m\u00e9diterran\u00e9en - arbre fruitier - 75-85 cm - \u2300 22 cm\",\"image\":\"https:\/\/m.media-amazon.com\/images\/I\/31axfULupdL._SL500_.jpg\",\"sku\":\"B0DJRPJLYN\",\"productID\":\"B0DJRPJLYN\",\"brand\":{\"@type\":\"Brand\",\"name\":\"G\u00e9n\u00e9rique\"},\"description\":\"Taille du pot: Le cl\u00e9mentinier est livr\u00e9 dans un pot de 22 cm de diam\u00e8tre, offrant une base solide pour la croissance de l'arbre Hauteur de l'arbre: L'arbre fruitier mesure environ 80 cm, ce qui en fait un choix id\u00e9al pour les petits jardins ou les patios Besoin en arrosage: L'arbre n\u00e9cessite un arrosage r\u00e9gulier pour maintenir sa sant\u00e9 et favoriser une r\u00e9colte abondante de cl\u00e9mentines\",\"offers\":{\"@type\":\"Offer\",\"url\":\"https:\/\/www.amazon.fr\/dp\/B0DJRPJLYN?tag=izidata07-21\",\"seller\":{\"@type\":\"Organization\",\"name\":\"Amazon\"},\"availability\":\"https:\/\/schema.org\/InStock\",\"price\":\"74.95\",\"priceCurrency\":\"EUR\",\"priceValidUntil\":\"2026-04-28\"}}}]}<\/script>\n\n<script type=\"application\/ld+json\">{\"@context\":\"https:\/\/schema.org\",\"@type\":\"ItemList\",\"itemListElement\":[{\"@type\":\"ListItem\",\"position\":1,\"item\":{\"@type\":\"Product\",\"name\":\"Lot de 2 50cm Petit citronnier Artificiel avec Pot,Arbre Artificiel Nain avec Citron,Branche&Feuillage,sans Entretien,Mini Fausse Plante d\u00e9corative pour Salon,Bureau,Banquet-Int\u00e9rieur\/Ext\u00e9rieur\",\"image\":\"https:\/\/m.media-amazon.com\/images\/I\/41lt6uVixwL._SL500_.jpg\",\"sku\":\"B0GV496TBX\",\"productID\":\"B0GV496TBX\",\"brand\":{\"@type\":\"Brand\",\"name\":\"OPULENTHOME\"},\"description\":\"Citronnier Nain 50cm \u2013 Un Petit Arbre D\u00e9coratif Plein de Charme: Ce petit citronnier artificiel 50cm avec pot est parfait pour ajouter une touche m\u00e9diterran\u00e9enne \u00e0 votre int\u00e9rieur ou ext\u00e9rieur. Son format compact et sa taille nain en font un arbre artificiel id\u00e9al pour les salons, les bureaux ou les balcons. Un d\u00e9cor v\u00e9g\u00e9tal r\u00e9aliste qui s\u2019int\u00e8gre partout, m\u00eame dans les petits espaces. Citrons R\u00e9alistes et Feuillage PE pour un Rendu Authentique: Avec ses citrons r\u00e9alistes jaune vif, ses multi branches naturelles et son feuillage PE dense, cette mini fausse plante d\u00e9corative capture l\u2019essence du sud de la France. Chaque d\u00e9tail est soign\u00e9 pour offrir un aspect tr\u00e8s r\u00e9aliste, sans les contraintes d\u2019une plante vivante. Sans Entretien et Assemblage Facile pour un Gain de Temps: Fini l\u2019arrosage et la taille ! Ce citronnier artificiel nain ne demande aucun entretien et reste impeccable toute l\u2019ann\u00e9e. L\u2019assemblage facile permet de l\u2019installer en quelques minutes, pour une d\u00e9coration imm\u00e9diate sans effort, que ce soit \u00e0 l\u2019int\u00e9rieur ou \u00e0 l\u2019ext\u00e9rieur.\",\"offers\":{\"@type\":\"Offer\",\"url\":\"https:\/\/www.amazon.fr\/dp\/B0GV496TBX?tag=izidata07-21\",\"seller\":{\"@type\":\"Organization\",\"name\":\"Amazon\"},\"availability\":\"https:\/\/schema.org\/InStock\",\"price\":\"41.99\",\"priceCurrency\":\"EUR\",\"priceValidUntil\":\"2026-04-28\"}}},{\"@type\":\"ListItem\",\"position\":2,\"item\":{\"@type\":\"Product\",\"name\":\"Citronnier artificiel Arbre artificiel dans un pot noir 118 x 40 cm - Plante d\u00e9corative - Arbre d\u00e9coratif d'int\u00e9rieur\",\"image\":\"https:\/\/m.media-amazon.com\/images\/I\/41Xc5H8XVkL._SL500_.jpg\",\"sku\":\"B0F1D2DDM6\",\"productID\":\"B0F1D2DDM6\",\"brand\":{\"@type\":\"Brand\",\"name\":\"Spetebo\"},\"description\":\"La taille est d'environ 118 cm x 40 cm (hauteur x diam\u00e8tre) Mat\u00e9riau : plastique - Type de plante : citronnier Arbre d\u00e9coratif artificiel dans un pot de fleurs noir\",\"offers\":{\"@type\":\"Offer\",\"url\":\"https:\/\/www.amazon.fr\/dp\/B0F1D2DDM6?tag=izidata07-21\",\"seller\":{\"@type\":\"Organization\",\"name\":\"Amazon\"},\"availability\":\"https:\/\/schema.org\/InStock\",\"price\":\"29.95\",\"priceCurrency\":\"EUR\",\"priceValidUntil\":\"2026-04-28\"}}},{\"@type\":\"ListItem\",\"position\":3,\"item\":{\"@type\":\"Product\",\"name\":\"Plant in a Box - Arbres fruitiers - Lot de 4 - Pommier, Cerisier, Poirier et Prunier - Hauteur 60-70cm - Pot 9cm - Id\u00e9al balcon & jardin - Fleurs printani\u00e8res et r\u00e9colte rapide\",\"image\":\"https:\/\/m.media-amazon.com\/images\/I\/41kTqx8-8iL._SL500_.jpg\",\"sku\":\"B0D4YQ9R4P\",\"productID\":\"B0D4YQ9R4P\",\"brand\":{\"@type\":\"Brand\",\"name\":\"Plant in a Box\"},\"description\":\"Quatre arbres fruitiers en forme de colonne \u2013 pommier, poirier et prunier. Croissance compacte, entretien simple et production abondante dans un espace r\u00e9duit. Rustiques et robustes \u2013 Ces arbres fruitiers r\u00e9sistent au froid jusqu\u2019\u00e0 \u201320 \u00b0C, ce qui les rend parfaits pour le climat europ\u00e9en. Ils se plantent toute l\u2019ann\u00e9e tant que le sol n\u2019est pas gel\u00e9. Les arbres fruitiers en colonne \u00e0 pomme, poire et prune donnent une r\u00e9colte riche sur peu d\u2019espace \u2013 parfait pour terrasses et petits jardins.\",\"offers\":{\"@type\":\"Offer\",\"url\":\"https:\/\/www.amazon.fr\/dp\/B0D4YQ9R4P?tag=izidata07-21\",\"seller\":{\"@type\":\"Organization\",\"name\":\"Amazon\"},\"availability\":\"https:\/\/schema.org\/InStock\",\"price\":\"50.99\",\"priceCurrency\":\"EUR\",\"priceValidUntil\":\"2026-04-28\"}}},{\"@type\":\"ListItem\",\"position\":4,\"item\":{\"@type\":\"Product\",\"name\":\"Ficus Brown Turkey | Arbre Fruitier Figuier Robuste | Plante en Pot d'Ext\u00e9rieur 20-30 cm\",\"image\":\"https:\/\/m.media-amazon.com\/images\/I\/51BscMYGONL._SL500_.jpg\",\"sku\":\"B09GBLGB4S\",\"productID\":\"B09GBLGB4S\",\"brand\":{\"@type\":\"Brand\",\"name\":\"GardenersDream\"},\"description\":\"FRUIT SUCRE COMESTIBLE \u2013 Le Ficus Brown Turkey produit des fruits tr\u00e8s riches, frais et d\u00e9licieux \u00e0 l'approche de l'automne. Ces fruits peuvent appara\u00eetre jusqu'\u00e0 deux fois par an dans des conditions chaudes, mais le plus souvent, ils n'apparaissent qu'une fois au cours des mois d'ao\u00fbt et de septembre. FEUILLES VERTES LOBEES \u2013 Les feuilles du Ficus Brown Turkey sont de forme de lobe et constituent une excellente base pour la croissance des figues. La couleur verte est un excellent contrepoids pour la plante qui ajoute une bonne quantit\u00e9 de couleur au jardin avant l'apparition des fruits en automne. ARBUSTE A PORT BUISSONNANT - Ce petit arbuste \u00e0 feuilles caduques est agr\u00e9able \u00e0 cultiver car il offre une abondance de couleurs et de fruits, tout en \u00e9tant robuste avec un port buissonnant. Le Ficus Brown Turkey demande assez peu d'entretien, ce qui le rend plus facile \u00e0 cultiver pour les amateurs de plantes de tous niveaux.\",\"offers\":{\"@type\":\"Offer\",\"url\":\"https:\/\/www.amazon.fr\/dp\/B09GBLGB4S?tag=izidata07-21\",\"seller\":{\"@type\":\"Organization\",\"name\":\"Amazon\"},\"availability\":\"https:\/\/schema.org\/InStock\",\"price\":\"18.95\",\"priceCurrency\":\"EUR\",\"priceValidUntil\":\"2026-04-28\"}}},{\"@type\":\"ListItem\",\"position\":5,\"item\":{\"@type\":\"Product\",\"name\":\"Sunny Tree Citron vert, 3 ans, agrumes latifolia, fruit, 90 cm, produit de qualit\u00e9 sup\u00e9rieure\",\"image\":\"https:\/\/m.media-amazon.com\/images\/I\/41vCfN-JBML._SL500_.jpg\",\"sku\":\"B0DPLBM6C9\",\"productID\":\"B0DPLBM6C9\",\"brand\":{\"@type\":\"Brand\",\"name\":\"Sunny Tree\"},\"description\":\"Plante adulte saine de 3 ans : cet agrumes latifolia a 3 ans, ce qui signifie que la plante est d\u00e9j\u00e0 bien enracin\u00e9e et pr\u00eate \u00e0 continuer \u00e0 pousser et \u00e0 porter ses fruits. Gr\u00e2ce \u00e0 son \u00e2ge, c'est un choix fiable pour ceux qui veulent voir rapidement des r\u00e9sultats.\",\"offers\":{\"@type\":\"Offer\",\"url\":\"https:\/\/www.amazon.fr\/dp\/B0DPLBM6C9?tag=izidata07-21\",\"seller\":{\"@type\":\"Organization\",\"name\":\"Amazon\"},\"availability\":\"https:\/\/schema.org\/InStock\",\"price\":\"74.99\",\"priceCurrency\":\"EUR\",\"priceValidUntil\":\"2026-04-28\"}}},{\"@type\":\"ListItem\",\"position\":6,\"item\":{\"@type\":\"Product\",\"name\":\"Oairse Plantes artificielles - Grand citronnier - 150 cm - Plante artificielle - D\u00e9coration d'int\u00e9rieur - Plante d'art comme vraie en pot pour d\u00e9coration de table, bureau, salle de bain, chambre \u00e0\",\"image\":\"https:\/\/m.media-amazon.com\/images\/I\/41BjCm9DlhL._SL500_.jpg\",\"sku\":\"B0DSKMLX5Z\",\"productID\":\"B0DSKMLX5Z\",\"brand\":{\"@type\":\"Brand\",\"name\":\"Oairse\"},\"description\":\"Mat\u00e9riau PU de qualit\u00e9 sup\u00e9rieure : notre citronnier artificiel est fabriqu\u00e9 en polyester durable et de qualit\u00e9 sup\u00e9rieure. Les citrons artificiels sont imperm\u00e9ables et faciles \u00e0 fa\u00e7onner. Le pot noir est rempli de boue artificielle noire robuste, qui est stable et ne se renverse pas facilement. Citrons juteux et lumineux : le citronnier artificiel est orn\u00e9 de magnifiques fruits citronn\u00e9s jaunes qui ont l'air si r\u00e9alistes que l'eau coule dans la bouche d\u00e8s que vous le regardez. Ces fruits citronn\u00e9s juteux sont soigneusement fabriqu\u00e9s en plastique de qualit\u00e9 sup\u00e9rieure pour garantir une forme optimale et durable, et sont peints uniform\u00e9ment dans un beau jaune tout en pr\u00e9servant chaque d\u00e9tail. Stable et r\u00e9glable : veuillez ajuster les troncs pour que l'arbre ressemble \u00e0 celui des images apr\u00e8s r\u00e9ception. Les tubes en caoutchouc souple sont envelopp\u00e9s de fil de fer, de sorte que vous pouvez donner la forme souhait\u00e9e sans craindre qu'il ne se casse. Ces plantes artificielles d'ext\u00e9rieur conservent leur hauteur, leur couleur et leur forme pendant des ann\u00e9es sans avoir \u00e0 les tailler ou \u00e0 les fa\u00e7onner, ce qui pr\u00e9serve leur effet esth\u00e9tique.\",\"offers\":{\"@type\":\"Offer\",\"url\":\"https:\/\/www.amazon.fr\/dp\/B0DSKMLX5Z?tag=izidata07-21\",\"seller\":{\"@type\":\"Organization\",\"name\":\"Amazon\"},\"availability\":\"https:\/\/schema.org\/InStock\",\"price\":\"76.99\",\"priceCurrency\":\"EUR\",\"priceValidUntil\":\"2026-04-28\"}}},{\"@type\":\"ListItem\",\"position\":7,\"item\":{\"@type\":\"Product\",\"name\":\"150cm Grande Citronnier Artificiel r\u00e9alistes,Arbre Artificiel Int\u00e9rieur avec Pot,Citron r\u00e9alistes,Multi Branche & Feuillage,sans Entretien,Fausse Plante d\u00e9corative pour Salon,Bureau,Balcon\",\"image\":\"https:\/\/m.media-amazon.com\/images\/I\/31mzobO7xrL._SL500_.jpg\",\"sku\":\"B0GV3N1KTR\",\"productID\":\"B0GV3N1KTR\",\"brand\":{\"@type\":\"Brand\",\"name\":\"OPULENTHOME\"},\"description\":\"Citronnier Artificiel Grand Format 150cm \u2013 Un Vrai Point Focal M\u00e9diterran\u00e9en: Ce grand citronnier artificiel r\u00e9aliste de 150cm reproduit fid\u00e8lement l\u2019allure ensoleill\u00e9e du sud de la France. Avec ses multi branches naturelles et son feuillage dense, il apporte une touche proven\u00e7ale authentique \u00e0 votre salon, bureau ou balcon, sans aucun entretien. Citrons R\u00e9alistes et Feuillage Dense pour un Aspect Naturel: Gr\u00e2ce \u00e0 ses citrons r\u00e9alistes jaune vif et \u00e0 son feuillage vert profond, cette fausse plante d\u00e9corative capture l\u2019essence du citronnier v\u00e9ritable. Les d\u00e9tails soign\u00e9s des branches et du feuillage offrent un rendu d\u2019un r\u00e9alisme saisissant, parfait pour une d\u00e9coration v\u00e9g\u00e9tale sans compromis. Sans Entretien et Assemblage Facile pour un Gain de Temps: Fini l\u2019arrosage, la taille ou les feuilles qui tombent ! Ce citronnier artificiel ne demande aucun entretien et conserve son \u00e9clat toute l\u2019ann\u00e9e. L\u2019assemblage facile permet de l\u2019installer en quelques minutes, pour une d\u00e9coration imm\u00e9diate sans effort.\",\"offers\":{\"@type\":\"Offer\",\"url\":\"https:\/\/www.amazon.fr\/dp\/B0GV3N1KTR?tag=izidata07-21\",\"seller\":{\"@type\":\"Organization\",\"name\":\"Amazon\"},\"availability\":\"https:\/\/schema.org\/InStock\",\"price\":\"56.99\",\"priceCurrency\":\"EUR\",\"priceValidUntil\":\"2026-04-28\"}}},{\"@type\":\"ListItem\",\"position\":8,\"item\":{\"@type\":\"Product\",\"name\":\"Attitude Jardin - Citronnier vert lime de Tahiti - citrus aurantiifolia - agrume m\u00e9diterran\u00e9en - arbre fruitier - 75-85 cm - \u2300 22 cm\",\"image\":\"https:\/\/m.media-amazon.com\/images\/I\/31axfULupdL._SL500_.jpg\",\"sku\":\"B0DJRPJLYN\",\"productID\":\"B0DJRPJLYN\",\"brand\":{\"@type\":\"Brand\",\"name\":\"G\u00e9n\u00e9rique\"},\"description\":\"Taille du pot: Le cl\u00e9mentinier est livr\u00e9 dans un pot de 22 cm de diam\u00e8tre, offrant une base solide pour la croissance de l'arbre Hauteur de l'arbre: L'arbre fruitier mesure environ 80 cm, ce qui en fait un choix id\u00e9al pour les petits jardins ou les patios Besoin en arrosage: L'arbre n\u00e9cessite un arrosage r\u00e9gulier pour maintenir sa sant\u00e9 et favoriser une r\u00e9colte abondante de cl\u00e9mentines\",\"offers\":{\"@type\":\"Offer\",\"url\":\"https:\/\/www.amazon.fr\/dp\/B0DJRPJLYN?tag=izidata07-21\",\"seller\":{\"@type\":\"Organization\",\"name\":\"Amazon\"},\"availability\":\"https:\/\/schema.org\/InStock\",\"price\":\"74.95\",\"priceCurrency\":\"EUR\",\"priceValidUntil\":\"2026-04-28\"}}}]}<\/script>\n<\/div>\n\n\n<h5><span class=\"ez-toc-section\" id=\"Pour_poursuivre_votre_lecture_une_selection_darticles_qui_peuvent_tinteresser\"><\/span>Pour poursuivre votre lecture, une s\u00e9lection d&rsquo;articles qui peuvent t&rsquo;int\u00e9resser :<span class=\"ez-toc-section-end\"><\/span><\/h5>\n\n\n\n<ul class=\"links\"><li><a href=\"https:\/\/www.arrosagedujardin.fr\/guide\/gardena\/\">GARDENA<\/a><\/li><li><a href=\"https:\/\/www.arrosagedujardin.fr\/guide\/arrosage\/\">Arrosage<\/a><\/li><li><a href=\"https:\/\/www.arrosagedujardin.fr\/guide\/cultiver-un-potager-dans-son-jardin\/\">Cultiver un potager dans son jardin<\/a><\/li><li><a href=\"https:\/\/www.arrosagedujardin.fr\/guide\/entretenir-sa-pelouse\/\">Entretenir sa pelouse<\/a><\/li><li><a href=\"https:\/\/www.arrosagedujardin.fr\/guide\/parterre-de-fleurs\/\">Parterre de fleurs<\/a><\/li><li><a href=\"https:\/\/www.arrosagedujardin.fr\/guide\/outils-de-jardinage\/\">Outils de jardinage<\/a><\/li><li><a href=\"https:\/\/www.arrosagedujardin.fr\/guide\/comment-decorer-son-jardin\/\">D\u00e9corer son jardin<\/a><\/li><\/ul>\n","protected":false},"excerpt":{"rendered":"<p>L\u2019essentiel de ce que vous devez savoir sur les arbres fruitiers Si vous avez des arbres fruitiers dans votre jardin ou si vous d\u00e9sirez en planter, il est essentiel de bien savoir les entretenir pour qu\u2019il puisse croitre en bonne sant\u00e9. Dans cet article nous essayer de vous prodiguer quelques conseils utiles pour bien prendre [&hellip;]<\/p>\n","protected":false},"author":1,"featured_media":0,"parent":0,"menu_order":0,"comment_status":"closed","ping_status":"closed","template":"","meta":{"_links_to":"","_links_to_target":""},"yoast_head":"<!-- This site is optimized with the Yoast SEO plugin v20.6 - https:\/\/yoast.com\/wordpress\/plugins\/seo\/ -->\n<title>Arbres fruitiers<\/title>\n<meta name=\"description\" content=\"comment choisir son arbre fruitier ? En fonction de quels crit\u00e8res ? Quand le planter ? Comment s\u2019assurer d\u2019avoir une bonne r\u00e9colte ?\" \/>\n<meta name=\"robots\" content=\"index, follow, max-snippet:-1, max-image-preview:large, max-video-preview:-1\" \/>\n<link rel=\"canonical\" href=\"https:\/\/www.arrosagedujardin.fr\/guide\/arbres-fruitiers\/\" \/>\n<meta property=\"og:locale\" content=\"fr_FR\" \/>\n<meta property=\"og:type\" content=\"article\" \/>\n<meta property=\"og:title\" content=\"Arbres fruitiers\" \/>\n<meta property=\"og:description\" content=\"comment choisir son arbre fruitier ? En fonction de quels crit\u00e8res ? Quand le planter ? Comment s\u2019assurer d\u2019avoir une bonne r\u00e9colte ?\" \/>\n<meta property=\"og:url\" content=\"https:\/\/www.arrosagedujardin.fr\/guide\/arbres-fruitiers\/\" \/>\n<meta property=\"article:modified_time\" content=\"2026-04-23T18:20:11+00:00\" \/>\n<meta property=\"og:image\" content=\"https:\/\/www.arrosagedujardin.fr\/guide\/wp-content\/uploads\/2022\/04\/olivier-1024x732.jpg\" \/>\n<meta name=\"twitter:card\" content=\"summary_large_image\" \/>\n<meta name=\"twitter:label1\" content=\"Dur\u00e9e de lecture estim\u00e9e\" \/>\n\t<meta name=\"twitter:data1\" content=\"8 minutes\" \/>\n<script type=\"application\/ld+json\" class=\"yoast-schema-graph\">{\"@context\":\"https:\/\/schema.org\",\"@graph\":[{\"@type\":\"WebPage\",\"@id\":\"https:\/\/www.arrosagedujardin.fr\/guide\/arbres-fruitiers\/\",\"url\":\"https:\/\/www.arrosagedujardin.fr\/guide\/arbres-fruitiers\/\",\"name\":\"Arbres fruitiers\",\"isPartOf\":{\"@id\":\"https:\/\/www.arrosagedujardin.fr\/guide\/#website\"},\"datePublished\":\"2019-04-05T10:56:08+00:00\",\"dateModified\":\"2026-04-23T18:20:11+00:00\",\"description\":\"comment choisir son arbre fruitier ? En fonction de quels crit\u00e8res ? Quand le planter ? Comment s\u2019assurer d\u2019avoir une bonne r\u00e9colte ?\",\"breadcrumb\":{\"@id\":\"https:\/\/www.arrosagedujardin.fr\/guide\/arbres-fruitiers\/#breadcrumb\"},\"inLanguage\":\"fr-FR\",\"potentialAction\":[{\"@type\":\"ReadAction\",\"target\":[\"https:\/\/www.arrosagedujardin.fr\/guide\/arbres-fruitiers\/\"]}]},{\"@type\":\"BreadcrumbList\",\"@id\":\"https:\/\/www.arrosagedujardin.fr\/guide\/arbres-fruitiers\/#breadcrumb\",\"itemListElement\":[{\"@type\":\"ListItem\",\"position\":1,\"name\":\"Home\",\"item\":\"https:\/\/www.arrosagedujardin.fr\/guide\/\"},{\"@type\":\"ListItem\",\"position\":2,\"name\":\"Arbres fruitiers\"}]},{\"@type\":\"WebSite\",\"@id\":\"https:\/\/www.arrosagedujardin.fr\/guide\/#website\",\"url\":\"https:\/\/www.arrosagedujardin.fr\/guide\/\",\"name\":\"\",\"description\":\"Guide sur l&#039;entretien et l&#039;arrosage du jardin\",\"potentialAction\":[{\"@type\":\"SearchAction\",\"target\":{\"@type\":\"EntryPoint\",\"urlTemplate\":\"https:\/\/www.arrosagedujardin.fr\/guide\/?s={search_term_string}\"},\"query-input\":\"required name=search_term_string\"}],\"inLanguage\":\"fr-FR\"}]}<\/script>\n<!-- \/ Yoast SEO plugin. -->","yoast_head_json":{"title":"Arbres fruitiers","description":"comment choisir son arbre fruitier ? En fonction de quels crit\u00e8res ? Quand le planter ? Comment s\u2019assurer d\u2019avoir une bonne r\u00e9colte ?","robots":{"index":"index","follow":"follow","max-snippet":"max-snippet:-1","max-image-preview":"max-image-preview:large","max-video-preview":"max-video-preview:-1"},"canonical":"https:\/\/www.arrosagedujardin.fr\/guide\/arbres-fruitiers\/","og_locale":"fr_FR","og_type":"article","og_title":"Arbres fruitiers","og_description":"comment choisir son arbre fruitier ? En fonction de quels crit\u00e8res ? Quand le planter ? Comment s\u2019assurer d\u2019avoir une bonne r\u00e9colte ?","og_url":"https:\/\/www.arrosagedujardin.fr\/guide\/arbres-fruitiers\/","article_modified_time":"2026-04-23T18:20:11+00:00","og_image":[{"url":"https:\/\/www.arrosagedujardin.fr\/guide\/wp-content\/uploads\/2022\/04\/olivier-1024x732.jpg"}],"twitter_card":"summary_large_image","twitter_misc":{"Dur\u00e9e de lecture estim\u00e9e":"8 minutes"},"schema":{"@context":"https:\/\/schema.org","@graph":[{"@type":"WebPage","@id":"https:\/\/www.arrosagedujardin.fr\/guide\/arbres-fruitiers\/","url":"https:\/\/www.arrosagedujardin.fr\/guide\/arbres-fruitiers\/","name":"Arbres fruitiers","isPartOf":{"@id":"https:\/\/www.arrosagedujardin.fr\/guide\/#website"},"datePublished":"2019-04-05T10:56:08+00:00","dateModified":"2026-04-23T18:20:11+00:00","description":"comment choisir son arbre fruitier ? En fonction de quels crit\u00e8res ? Quand le planter ? Comment s\u2019assurer d\u2019avoir une bonne r\u00e9colte ?","breadcrumb":{"@id":"https:\/\/www.arrosagedujardin.fr\/guide\/arbres-fruitiers\/#breadcrumb"},"inLanguage":"fr-FR","potentialAction":[{"@type":"ReadAction","target":["https:\/\/www.arrosagedujardin.fr\/guide\/arbres-fruitiers\/"]}]},{"@type":"BreadcrumbList","@id":"https:\/\/www.arrosagedujardin.fr\/guide\/arbres-fruitiers\/#breadcrumb","itemListElement":[{"@type":"ListItem","position":1,"name":"Home","item":"https:\/\/www.arrosagedujardin.fr\/guide\/"},{"@type":"ListItem","position":2,"name":"Arbres fruitiers"}]},{"@type":"WebSite","@id":"https:\/\/www.arrosagedujardin.fr\/guide\/#website","url":"https:\/\/www.arrosagedujardin.fr\/guide\/","name":"","description":"Guide sur l&#039;entretien et l&#039;arrosage du jardin","potentialAction":[{"@type":"SearchAction","target":{"@type":"EntryPoint","urlTemplate":"https:\/\/www.arrosagedujardin.fr\/guide\/?s={search_term_string}"},"query-input":"required name=search_term_string"}],"inLanguage":"fr-FR"}]}},"_links":{"self":[{"href":"https:\/\/www.arrosagedujardin.fr\/guide\/wp-json\/wp\/v2\/pages\/2506"}],"collection":[{"href":"https:\/\/www.arrosagedujardin.fr\/guide\/wp-json\/wp\/v2\/pages"}],"about":[{"href":"https:\/\/www.arrosagedujardin.fr\/guide\/wp-json\/wp\/v2\/types\/page"}],"author":[{"embeddable":true,"href":"https:\/\/www.arrosagedujardin.fr\/guide\/wp-json\/wp\/v2\/users\/1"}],"replies":[{"embeddable":true,"href":"https:\/\/www.arrosagedujardin.fr\/guide\/wp-json\/wp\/v2\/comments?post=2506"}],"version-history":[{"count":41,"href":"https:\/\/www.arrosagedujardin.fr\/guide\/wp-json\/wp\/v2\/pages\/2506\/revisions"}],"predecessor-version":[{"id":8651,"href":"https:\/\/www.arrosagedujardin.fr\/guide\/wp-json\/wp\/v2\/pages\/2506\/revisions\/8651"}],"wp:attachment":[{"href":"https:\/\/www.arrosagedujardin.fr\/guide\/wp-json\/wp\/v2\/media?parent=2506"}],"curies":[{"name":"wp","href":"https:\/\/api.w.org\/{rel}","templated":true}]}}