{"id":3988,"date":"2019-04-15T08:53:49","date_gmt":"2019-04-15T08:53:49","guid":{"rendered":"https:\/\/www.arrosagedujardin.fr\/guide\/?page_id=3988"},"modified":"2026-04-27T17:59:57","modified_gmt":"2026-04-27T17:59:57","slug":"taille-des-arbustes","status":"publish","type":"page","link":"https:\/\/www.arrosagedujardin.fr\/guide\/taille-des-arbustes\/","title":{"rendered":"Taille des arbustes"},"content":{"rendered":"\n<h1><span class=\"ez-toc-section\" id=\"Tout_ce_que_vous_devez_savoir_sur_la_taille_des_arbustes\"><\/span>Tout ce que vous devez savoir sur la taille des arbustes<span class=\"ez-toc-section-end\"><\/span><\/h1>\n\n\n\n<p> Les arbustes doivent \u00eatre taill\u00e9s pour deux raisons : <\/p>\n\n\n\n<ul><li> Favoriser l\u2019apparition de nouvelles branches pour augmenter la ramification et am\u00e9liorer leur floraison <\/li><li> Canaliser leur expansion pour limiter l\u2019espace occup\u00e9 et leur donner une forme harmonieuse. C\u2019est un exercice assez facile pour lequel il suffit de ma\u00eetriser seulement quelques gestes. <\/li><\/ul>\n\n\n\n<p>Tout comme <a href=\"https:\/\/www.arrosagedujardin.fr\/guide\/taille-des-arbres-fruitiers\/\">la taille des arbres fruitiers<\/a>, la taille des arbustes doit suivre certaines r\u00e8gles.<\/p>\n\n\n\n<figure class=\"wp-block-image is-resized\"><img loading=\"lazy\" src=\"https:\/\/www.arrosagedujardin.fr\/guide\/wp-content\/uploads\/2019\/04\/Haie-fleurie.jpg\" alt=\"arbuste fleuri\" class=\"wp-image-4309\" width=\"883\" height=\"484\" srcset=\"https:\/\/www.arrosagedujardin.fr\/guide\/wp-content\/uploads\/2019\/04\/Haie-fleurie.jpg 631w, https:\/\/www.arrosagedujardin.fr\/guide\/wp-content\/uploads\/2019\/04\/Haie-fleurie-300x165.jpg 300w\" sizes=\"(max-width: 883px) 100vw, 883px\" \/><\/figure>\n\n\n\n<p> D\u00e9couvrons ensemble comment proc\u00e9der pour bien tailler vos arbustes. <\/p>\n\n\n<div id=\"ez-toc-container\" class=\"ez-toc-v2_0_71 counter-hierarchy ez-toc-counter ez-toc-grey ez-toc-container-direction\">\n<div class=\"ez-toc-title-container\">\n<p class=\"ez-toc-title\" style=\"cursor:inherit\">Sommaire<\/p>\n<span class=\"ez-toc-title-toggle\"><a href=\"#\" class=\"ez-toc-pull-right ez-toc-btn ez-toc-btn-xs ez-toc-btn-default ez-toc-toggle\" aria-label=\"Toggle Table of Content\"><span class=\"ez-toc-js-icon-con\"><span class=\"\"><span class=\"eztoc-hide\" style=\"display:none;\">Toggle<\/span><span class=\"ez-toc-icon-toggle-span\"><svg style=\"fill: #999;color:#999\" xmlns=\"http:\/\/www.w3.org\/2000\/svg\" class=\"list-377408\" width=\"20px\" height=\"20px\" viewBox=\"0 0 24 24\" fill=\"none\"><path d=\"M6 6H4v2h2V6zm14 0H8v2h12V6zM4 11h2v2H4v-2zm16 0H8v2h12v-2zM4 16h2v2H4v-2zm16 0H8v2h12v-2z\" fill=\"currentColor\"><\/path><\/svg><svg style=\"fill: #999;color:#999\" class=\"arrow-unsorted-368013\" xmlns=\"http:\/\/www.w3.org\/2000\/svg\" width=\"10px\" height=\"10px\" viewBox=\"0 0 24 24\" version=\"1.2\" baseProfile=\"tiny\"><path d=\"M18.2 9.3l-6.2-6.3-6.2 6.3c-.2.2-.3.4-.3.7s.1.5.3.7c.2.2.4.3.7.3h11c.3 0 .5-.1.7-.3.2-.2.3-.5.3-.7s-.1-.5-.3-.7zM5.8 14.7l6.2 6.3 6.2-6.3c.2-.2.3-.5.3-.7s-.1-.5-.3-.7c-.2-.2-.4-.3-.7-.3h-11c-.3 0-.5.1-.7.3-.2.2-.3.5-.3.7s.1.5.3.7z\"\/><\/svg><\/span><\/span><\/span><\/a><\/span><\/div>\n<nav><ul class='ez-toc-list ez-toc-list-level-1 eztoc-toggle-hide-by-default' ><li class='ez-toc-page-1 ez-toc-heading-level-1'><a class=\"ez-toc-link ez-toc-heading-1\" href=\"https:\/\/www.arrosagedujardin.fr\/guide\/taille-des-arbustes\/#Tout_ce_que_vous_devez_savoir_sur_la_taille_des_arbustes\" title=\"Tout ce que vous devez savoir sur la taille des arbustes\">Tout ce que vous devez savoir sur la taille des arbustes<\/a><ul class='ez-toc-list-level-2' ><li class='ez-toc-heading-level-2'><a class=\"ez-toc-link ez-toc-heading-2\" href=\"https:\/\/www.arrosagedujardin.fr\/guide\/taille-des-arbustes\/#A_quel_moment_tailler_les_arbustes\" title=\"A quel moment tailler les arbustes ?\">A quel moment tailler les arbustes ?<\/a><\/li><li class='ez-toc-page-1 ez-toc-heading-level-2'><a class=\"ez-toc-link ez-toc-heading-3\" href=\"https:\/\/www.arrosagedujardin.fr\/guide\/taille-des-arbustes\/#La_taille_de_formation\" title=\"La taille de formation\">La taille de formation<\/a><\/li><li class='ez-toc-page-1 ez-toc-heading-level-2'><a class=\"ez-toc-link ez-toc-heading-4\" href=\"https:\/\/www.arrosagedujardin.fr\/guide\/taille-des-arbustes\/#Taille_dentretien\" title=\"Taille d&rsquo;entretien\">Taille d&rsquo;entretien<\/a><\/li><li class='ez-toc-page-1 ez-toc-heading-level-2'><a class=\"ez-toc-link ez-toc-heading-5\" href=\"https:\/\/www.arrosagedujardin.fr\/guide\/taille-des-arbustes\/#Taille_des_arbustes_a_feuillage_caduc\" title=\"Taille des arbustes \u00e0 feuillage caduc\">Taille des arbustes \u00e0 feuillage caduc<\/a><\/li><li class='ez-toc-page-1 ez-toc-heading-level-2'><a class=\"ez-toc-link ez-toc-heading-6\" href=\"https:\/\/www.arrosagedujardin.fr\/guide\/taille-des-arbustes\/#Taille_des_arbustes_a_feuillage_persistant\" title=\"Taille des arbustes \u00e0 feuillage persistant\">Taille des arbustes \u00e0 feuillage persistant<\/a><ul class='ez-toc-list-level-5' ><li class='ez-toc-heading-level-5'><ul class='ez-toc-list-level-5' ><li class='ez-toc-heading-level-5'><ul class='ez-toc-list-level-5' ><li class='ez-toc-heading-level-5'><a class=\"ez-toc-link ez-toc-heading-7\" href=\"https:\/\/www.arrosagedujardin.fr\/guide\/taille-des-arbustes\/#Autour_de_la_taille_des_arbres\" title=\"Autour de la taille des arbres\">Autour de la taille des arbres<\/a><\/li><\/ul><\/li><\/ul><\/li><\/ul><\/li><\/ul><\/li><\/ul><\/nav><\/div>\n\n\n\n\n<h2><span class=\"ez-toc-section\" id=\"A_quel_moment_tailler_les_arbustes\"><\/span>A quel moment tailler les arbustes ?<span class=\"ez-toc-section-end\"><\/span><\/h2>\n\n\n<div id=\"fox-b-1\">\n<div class=\"fox-best fox-best--grid fox-animate\"\n         id=\"fox-best-7524faa1\"\n     style=\"--fox-best-cols:3\"\n     >\n\n        \n    \n    <div class=\"fox-best__grid\">\n                <article class=\"fox-best__item fox-best__item--ranked\"\n                 style=\"--fox-item-delay:0ms\">\n\n                        <div class=\"fox-best__rank\"\n                 style=\"background:#ff6b35;color:#ffffff\">\n                1            <\/div>\n            \n            <a class=\"fox-product-link fox-track fox-best__image-link\" href=\"https:\/\/www.amazon.fr\/dp\/B0013BBSB0?tag=izidata07-21\" target=\"_blank\" rel=\"nofollow noopener sponsored\" data-fox-meta=\"eyJ0cGwiOiJiZXN0c2VsbGVycyIsInBvcyI6MCwic3JjIjoiYmxvY2stc21hcnQiLCJrdyI6ImNpc2FpbGxlIGdhcmRlbmEiLCJsb2MiOiJGUiIsInAiOjM3Ljc5LCJzdiI6MCwiY3VyIjoiRVVSIn0=\" data-fox-asin=\"B0013BBSB0\">                                <img src=\"https:\/\/m.media-amazon.com\/images\/I\/311HpClIJYL._SL500_.jpg\"\n                     alt=\"Cisailles \u00e0 gazon orientables Comfort de Gardena : s\u00e9cateur id\u00e9al pour coupe pr\u00e9cise de bordure, appropri\u00e9 pour droitier et gaucher, poign\u00e9e ergonomique pour faciliter la coupe (8735-20)\"\n                     class=\"fox-best__image\" loading=\"lazy\">\n                            <\/a>\n            <div class=\"fox-best__body\">\n                                <span class=\"fox-best__brand\">Gardena<\/span>\n                                <p class=\"fox-best__item-title\">\n                    <a class=\"fox-product-link fox-track\" href=\"https:\/\/www.amazon.fr\/dp\/B0013BBSB0?tag=izidata07-21\" target=\"_blank\" rel=\"nofollow noopener sponsored\" data-fox-meta=\"eyJ0cGwiOiJiZXN0c2VsbGVycyIsInBvcyI6MCwic3JjIjoiYmxvY2stc21hcnQiLCJrdyI6ImNpc2FpbGxlIGdhcmRlbmEiLCJsb2MiOiJGUiIsInAiOjM3Ljc5LCJzdiI6MCwiY3VyIjoiRVVSIn0=\" data-fox-asin=\"B0013BBSB0\">                        Cisailles \u00e0 gazon orientables Comfort de Gardena : s\u00e9cateur id\u00e9al pour coupe pr\u00e9cise de bordure, appropri\u00e9 pour droitier et gaucher, poign\u00e9e ergonomique pour faciliter la coupe (8735-20)                    <\/a>                <\/p>\n                                    <div class=\"fox-best__stars\"><\/div>                <div class=\"fox-best__footer\"><div class=\"fox-best__price-wrap has-promo\"><span class=\"fox-best__price-before\">\u20ac41,99<\/span><span class=\"fox-best__price\">\u20ac37,79<\/span><span class=\"fox-promo-badge\">-10%<\/span><div class=\"fox-best__sparkline-wrap\" title=\"Historique 30 jours\"><div class=\"fox-sparkline\" data-asin=\"B0013BBSB0\"><svg width=\"72\" height=\"26\" viewBox=\"0 0 72 26\" xmlns=\"http:\/\/www.w3.org\/2000\/svg\" class=\"fox-sparkline__svg\" aria-hidden=\"true\" style=\"overflow:visible\"><defs><linearGradient id=\"fox-spark-cffa3a98\" x1=\"0\" y1=\"0\" x2=\"0\" y2=\"1\"><stop offset=\"0%\" stop-color=\"#DC2626\" stop-opacity=\".25\"\/><stop offset=\"100%\" stop-color=\"#DC2626\" stop-opacity=\"0\"\/><\/linearGradient><\/defs><path d=\"M 2,24 L 2,10.3 L 51.7,24 L 70,2 L 70,24 Z\" fill=\"url(#fox-spark-cffa3a98)\"\/><polyline points=\"2,10.3 51.7,24 70,2\" fill=\"none\" stroke=\"#DC2626\" stroke-width=\"1.5\" stroke-linecap=\"round\" stroke-linejoin=\"round\"\/><circle cx=\"70\" cy=\"2\" r=\"3\" fill=\"#DC2626\"\/><\/svg><\/div><\/div><\/div><a class=\"fox-product-link fox-track fox-best__cta fox-table__btn\" href=\"https:\/\/www.amazon.fr\/dp\/B0013BBSB0?tag=izidata07-21\" target=\"_blank\" rel=\"nofollow noopener sponsored\" data-fox-meta=\"eyJ0cGwiOiJiZXN0c2VsbGVycyIsInBvcyI6MCwic3JjIjoiYmxvY2stc21hcnQiLCJrdyI6ImNpc2FpbGxlIGdhcmRlbmEiLCJsb2MiOiJGUiIsInAiOjM3Ljc5LCJzdiI6MCwiY3VyIjoiRVVSIn0=\" data-fox-asin=\"B0013BBSB0\">Voir<\/a><\/div>            <\/div>\n\n        <\/article>\n                <article class=\"fox-best__item fox-best__item--ranked\"\n                 style=\"--fox-item-delay:60ms\">\n\n                        <div class=\"fox-best__rank\"\n                 style=\"background:#64748b;color:#fff\">\n                2            <\/div>\n            \n            <a class=\"fox-product-link fox-track fox-best__image-link\" href=\"https:\/\/www.amazon.fr\/dp\/B0BNLN8VYF?tag=izidata07-21\" target=\"_blank\" rel=\"nofollow noopener sponsored\" data-fox-meta=\"eyJ0cGwiOiJiZXN0c2VsbGVycyIsInBvcyI6MSwic3JjIjoiYmxvY2stc21hcnQiLCJrdyI6ImNpc2FpbGxlIGdhcmRlbmEiLCJsb2MiOiJGUiIsInAiOjc4LjI5LCJzdiI6MCwiY3VyIjoiRVVSIn0=\" data-fox-asin=\"B0BNLN8VYF\">                                <img src=\"https:\/\/m.media-amazon.com\/images\/I\/31GzLRkAJYL._SL500_.jpg\"\n                     alt=\"Cisaille \u00e0 Gazon sans Fil Gardena ComfortCut Li : cisaille \u00e0 Gazon avec Largeur de Coupe de 8 cm, poign\u00e9e Confort r\u00e9glable avec Affichage LED, Changement de Lame sans Outils (9887-20)\"\n                     class=\"fox-best__image\" loading=\"lazy\">\n                            <\/a>\n            <div class=\"fox-best__body\">\n                                <span class=\"fox-best__brand\">Gardena<\/span>\n                                <p class=\"fox-best__item-title\">\n                    <a class=\"fox-product-link fox-track\" href=\"https:\/\/www.amazon.fr\/dp\/B0BNLN8VYF?tag=izidata07-21\" target=\"_blank\" rel=\"nofollow noopener sponsored\" data-fox-meta=\"eyJ0cGwiOiJiZXN0c2VsbGVycyIsInBvcyI6MSwic3JjIjoiYmxvY2stc21hcnQiLCJrdyI6ImNpc2FpbGxlIGdhcmRlbmEiLCJsb2MiOiJGUiIsInAiOjc4LjI5LCJzdiI6MCwiY3VyIjoiRVVSIn0=\" data-fox-asin=\"B0BNLN8VYF\">                        Cisaille \u00e0 Gazon sans Fil Gardena ComfortCut Li : cisaille \u00e0 Gazon avec Largeur de Coupe de 8 cm, poign\u00e9e Confort r\u00e9glable avec Affichage LED, Changement de Lame sans Outils (9887-20)                    <\/a>                <\/p>\n                                    <div class=\"fox-best__stars\"><\/div>                <div class=\"fox-best__footer\"><div class=\"fox-best__price-wrap\"><span class=\"fox-best__price-tag fox-best__price-tag--low\">\ud83d\udd25 Bas<\/span><span class=\"fox-best__price\">\u20ac78,29<\/span><div class=\"fox-best__sparkline-wrap\" title=\"Historique 30 jours\"><div class=\"fox-sparkline\" data-asin=\"B0BNLN8VYF\"><svg width=\"72\" height=\"26\" viewBox=\"0 0 72 26\" xmlns=\"http:\/\/www.w3.org\/2000\/svg\" class=\"fox-sparkline__svg\" aria-hidden=\"true\" style=\"overflow:visible\"><defs><linearGradient id=\"fox-spark-ada0e416\" x1=\"0\" y1=\"0\" x2=\"0\" y2=\"1\"><stop offset=\"0%\" stop-color=\"#16A34A\" stop-opacity=\".25\"\/><stop offset=\"100%\" stop-color=\"#16A34A\" stop-opacity=\"0\"\/><\/linearGradient><\/defs><path d=\"M 2,24 L 2,2 L 70,24 L 70,24 Z\" fill=\"url(#fox-spark-ada0e416)\"\/><polyline points=\"2,2 70,24\" fill=\"none\" stroke=\"#16A34A\" stroke-width=\"1.5\" stroke-linecap=\"round\" stroke-linejoin=\"round\"\/><circle cx=\"70\" cy=\"24\" r=\"3\" fill=\"#16A34A\"\/><\/svg><\/div><\/div><\/div><a class=\"fox-product-link fox-track fox-best__cta fox-table__btn\" href=\"https:\/\/www.amazon.fr\/dp\/B0BNLN8VYF?tag=izidata07-21\" target=\"_blank\" rel=\"nofollow noopener sponsored\" data-fox-meta=\"eyJ0cGwiOiJiZXN0c2VsbGVycyIsInBvcyI6MSwic3JjIjoiYmxvY2stc21hcnQiLCJrdyI6ImNpc2FpbGxlIGdhcmRlbmEiLCJsb2MiOiJGUiIsInAiOjc4LjI5LCJzdiI6MCwiY3VyIjoiRVVSIn0=\" data-fox-asin=\"B0BNLN8VYF\">Voir<\/a><\/div>            <\/div>\n\n        <\/article>\n                <article class=\"fox-best__item fox-best__item--ranked\"\n                 style=\"--fox-item-delay:120ms\">\n\n                        <div class=\"fox-best__rank\"\n                 style=\"background:#e2e8f0;color:#0f172a\">\n                3            <\/div>\n            \n            <a class=\"fox-product-link fox-track fox-best__image-link\" href=\"https:\/\/www.amazon.fr\/dp\/B0BNLMFRKM?tag=izidata07-21\" target=\"_blank\" rel=\"nofollow noopener sponsored\" data-fox-meta=\"eyJ0cGwiOiJiZXN0c2VsbGVycyIsInBvcyI6Miwic3JjIjoiYmxvY2stc21hcnQiLCJrdyI6ImNpc2FpbGxlIGdhcmRlbmEiLCJsb2MiOiJGUiIsInAiOjYzLjIsInN2IjowLCJjdXIiOiJFVVIifQ==\" data-fox-asin=\"B0BNLMFRKM\">                                <img src=\"https:\/\/m.media-amazon.com\/images\/I\/31C37pAb0RL._SL500_.jpg\"\n                     alt=\"Cisaille \u00e0 Gazon sans Fil Gardena ClassicCut Li : cisaille \u00e0 Gazon avec Largeur de Coupe de 8 cm, poign\u00e9e Confortable avec indicateur d&#039;\u00e9tat de Charge LED, Changement de Lame sans Outils (9884-20)\"\n                     class=\"fox-best__image\" loading=\"lazy\">\n                            <\/a>\n            <div class=\"fox-best__body\">\n                                <span class=\"fox-best__brand\">Gardena<\/span>\n                                <p class=\"fox-best__item-title\">\n                    <a class=\"fox-product-link fox-track\" href=\"https:\/\/www.amazon.fr\/dp\/B0BNLMFRKM?tag=izidata07-21\" target=\"_blank\" rel=\"nofollow noopener sponsored\" data-fox-meta=\"eyJ0cGwiOiJiZXN0c2VsbGVycyIsInBvcyI6Miwic3JjIjoiYmxvY2stc21hcnQiLCJrdyI6ImNpc2FpbGxlIGdhcmRlbmEiLCJsb2MiOiJGUiIsInAiOjYzLjIsInN2IjowLCJjdXIiOiJFVVIifQ==\" data-fox-asin=\"B0BNLMFRKM\">                        Cisaille \u00e0 Gazon sans Fil Gardena ClassicCut Li : cisaille \u00e0 Gazon avec Largeur de Coupe de 8 cm, poign\u00e9e Confortable avec indicateur d&#039;\u00e9tat de Charge LED, Changement de Lame sans Outils (9884-20)                    <\/a>                <\/p>\n                                    <div class=\"fox-best__stars\"><\/div>                <div class=\"fox-best__footer\"><div class=\"fox-best__price-wrap has-promo\"><span class=\"fox-best__price-before\">\u20ac69,99<\/span><span class=\"fox-best__price\">\u20ac63,20<\/span><span class=\"fox-promo-badge\">-10%<\/span><div class=\"fox-best__sparkline-wrap\" title=\"Historique 30 jours\"><div class=\"fox-sparkline\" data-asin=\"B0BNLMFRKM\"><svg width=\"72\" height=\"26\" viewBox=\"0 0 72 26\" xmlns=\"http:\/\/www.w3.org\/2000\/svg\" class=\"fox-sparkline__svg\" aria-hidden=\"true\" style=\"overflow:visible\"><defs><linearGradient id=\"fox-spark-ffa56f10\" x1=\"0\" y1=\"0\" x2=\"0\" y2=\"1\"><stop offset=\"0%\" stop-color=\"var(--fox-accent, #FF6B35)\" stop-opacity=\".25\"\/><stop offset=\"100%\" stop-color=\"var(--fox-accent, #FF6B35)\" stop-opacity=\"0\"\/><\/linearGradient><\/defs><path d=\"M 2,24 L 2,24 L 25,2 L 63.9,8.7 L 70,10.8 L 70,24 Z\" fill=\"url(#fox-spark-ffa56f10)\"\/><polyline points=\"2,24 25,2 63.9,8.7 70,10.8\" fill=\"none\" stroke=\"var(--fox-accent, #FF6B35)\" stroke-width=\"1.5\" stroke-linecap=\"round\" stroke-linejoin=\"round\"\/><circle cx=\"70\" cy=\"10.8\" r=\"3\" fill=\"var(--fox-accent, #FF6B35)\"\/><\/svg><\/div><\/div><\/div><a class=\"fox-product-link fox-track fox-best__cta fox-table__btn\" href=\"https:\/\/www.amazon.fr\/dp\/B0BNLMFRKM?tag=izidata07-21\" target=\"_blank\" rel=\"nofollow noopener sponsored\" data-fox-meta=\"eyJ0cGwiOiJiZXN0c2VsbGVycyIsInBvcyI6Miwic3JjIjoiYmxvY2stc21hcnQiLCJrdyI6ImNpc2FpbGxlIGdhcmRlbmEiLCJsb2MiOiJGUiIsInAiOjYzLjIsInN2IjowLCJjdXIiOiJFVVIifQ==\" data-fox-asin=\"B0BNLMFRKM\">Voir<\/a><\/div>            <\/div>\n\n        <\/article>\n            <\/div>\n\n    \n<\/div><!-- .fox-best -->\n\n<script type=\"application\/ld+json\">{\"@context\":\"https:\/\/schema.org\",\"@type\":\"ItemList\",\"itemListElement\":[{\"@type\":\"ListItem\",\"position\":1,\"item\":{\"@type\":\"Product\",\"name\":\"Cisailles \u00e0 gazon orientables Comfort de Gardena : s\u00e9cateur id\u00e9al pour coupe pr\u00e9cise de bordure, appropri\u00e9 pour droitier et gaucher, poign\u00e9e ergonomique pour faciliter la coupe (8735-20)\",\"image\":\"https:\/\/m.media-amazon.com\/images\/I\/311HpClIJYL._SL500_.jpg\",\"sku\":\"B0013BBSB0\",\"productID\":\"B0013BBSB0\",\"brand\":{\"@type\":\"Brand\",\"name\":\"Gardena\"},\"description\":\"Bords de pelouse parfaits : les cisailles \u00e0 gazon m\u00e9caniques de Gardena permettent de couper les bords de la pelouse pr\u00e9cis\u00e9ment et confortablement Pour gauchers et droitiers : gr\u00e2ce aux ar\u00eates de coupe pouvant pivoter sur 360 degr\u00e9s, les ciseaux peuvent \u00eatre modifi\u00e9s rapidement et facilement pour passer de la main droite \u00e0 la main gauche Particuli\u00e8rement ergonomique : les cisailles \u00e0 gazon ont une poign\u00e9e sp\u00e9ciale brevet\u00e9e qui permet un travail \u00e9conome en \u00e9nergie et confortable\",\"offers\":{\"@type\":\"Offer\",\"url\":\"https:\/\/www.amazon.fr\/dp\/B0013BBSB0?tag=izidata07-21\",\"seller\":{\"@type\":\"Organization\",\"name\":\"Amazon\"},\"availability\":\"https:\/\/schema.org\/InStock\",\"price\":\"37.79\",\"priceCurrency\":\"EUR\",\"priceValidUntil\":\"2026-05-04\"}}},{\"@type\":\"ListItem\",\"position\":2,\"item\":{\"@type\":\"Product\",\"name\":\"Cisaille \u00e0 Gazon sans Fil Gardena ComfortCut Li : cisaille \u00e0 Gazon avec Largeur de Coupe de 8 cm, poign\u00e9e Confort r\u00e9glable avec Affichage LED, Changement de Lame sans Outils (9887-20)\",\"image\":\"https:\/\/m.media-amazon.com\/images\/I\/31GzLRkAJYL._SL500_.jpg\",\"sku\":\"B0BNLN8VYF\",\"productID\":\"B0BNLN8VYF\",\"brand\":{\"@type\":\"Brand\",\"name\":\"Gardena\"},\"description\":\"Lame de haute qualit\u00e9: Les lames antiadh\u00e9sives de haute qualit\u00e9 vous permettent d\u2019atteindre tous les recoins difficiles d\u2019acc\u00e8s de votre jardin et m\u00eame de tailler des buis Ergonomique et confortable: Poign\u00e9e compacte et maniable pour tous travaux gr\u00e2ce au m\u00e9canisme pivotant Indicateur de l\u2019\u00e9tat de charge dans la poign\u00e9e: L\u2019autonomie maximale est de 80 minutes avec une batterie enti\u00e8rement charg\u00e9e, ce qui correspond \u00e0 environ 1 400 m de bordures\",\"offers\":{\"@type\":\"Offer\",\"url\":\"https:\/\/www.amazon.fr\/dp\/B0BNLN8VYF?tag=izidata07-21\",\"seller\":{\"@type\":\"Organization\",\"name\":\"Amazon\"},\"availability\":\"https:\/\/schema.org\/InStock\",\"price\":\"78.29\",\"priceCurrency\":\"EUR\",\"priceValidUntil\":\"2026-05-04\"}}},{\"@type\":\"ListItem\",\"position\":3,\"item\":{\"@type\":\"Product\",\"name\":\"Cisaille \u00e0 Gazon sans Fil Gardena ClassicCut Li : cisaille \u00e0 Gazon avec Largeur de Coupe de 8 cm, poign\u00e9e Confortable avec indicateur d'\u00e9tat de Charge LED, Changement de Lame sans Outils (9884-20)\",\"image\":\"https:\/\/m.media-amazon.com\/images\/I\/31C37pAb0RL._SL500_.jpg\",\"sku\":\"B0BNLMFRKM\",\"productID\":\"B0BNLMFRKM\",\"brand\":{\"@type\":\"Brand\",\"name\":\"Gardena\"},\"description\":\"Lame de haute qualit\u00e9: Les lames antiadh\u00e9sives de haute qualit\u00e9 vous permettent d\u2019atteindre tous les recoins difficiles d\u2019acc\u00e8s de votre jardin et m\u00eame de tailler des buis Maniable et l\u00e9g\u00e8re: La poign\u00e9e ergonomique et le poids total de seulement 550 g font de la ClassicCut l\u2019outil de jardin id\u00e9al pour des travaux pr\u00e9cis au niveau des bordures L\u2019\u00e9tat de charge de la batterie en un coup d\u2019\u0153il: L\u2019affichage LED pratique indique \u00e0 tout moment l\u2019\u00e9tat de la batterie afin que vous puissiez la recharger \u00e0 temps, sans interrompre vos travaux\",\"offers\":{\"@type\":\"Offer\",\"url\":\"https:\/\/www.amazon.fr\/dp\/B0BNLMFRKM?tag=izidata07-21\",\"seller\":{\"@type\":\"Organization\",\"name\":\"Amazon\"},\"availability\":\"https:\/\/schema.org\/InStock\",\"price\":\"63.20\",\"priceCurrency\":\"EUR\",\"priceValidUntil\":\"2026-05-04\"}}}]}<\/script>\n\n<script type=\"application\/ld+json\">{\"@context\":\"https:\/\/schema.org\",\"@type\":\"ItemList\",\"itemListElement\":[{\"@type\":\"ListItem\",\"position\":1,\"item\":{\"@type\":\"Product\",\"name\":\"Cisailles \u00e0 gazon orientables Comfort de Gardena : s\u00e9cateur id\u00e9al pour coupe pr\u00e9cise de bordure, appropri\u00e9 pour droitier et gaucher, poign\u00e9e ergonomique pour faciliter la coupe (8735-20)\",\"image\":\"https:\/\/m.media-amazon.com\/images\/I\/311HpClIJYL._SL500_.jpg\",\"sku\":\"B0013BBSB0\",\"productID\":\"B0013BBSB0\",\"brand\":{\"@type\":\"Brand\",\"name\":\"Gardena\"},\"description\":\"Bords de pelouse parfaits : les cisailles \u00e0 gazon m\u00e9caniques de Gardena permettent de couper les bords de la pelouse pr\u00e9cis\u00e9ment et confortablement Pour gauchers et droitiers : gr\u00e2ce aux ar\u00eates de coupe pouvant pivoter sur 360 degr\u00e9s, les ciseaux peuvent \u00eatre modifi\u00e9s rapidement et facilement pour passer de la main droite \u00e0 la main gauche Particuli\u00e8rement ergonomique : les cisailles \u00e0 gazon ont une poign\u00e9e sp\u00e9ciale brevet\u00e9e qui permet un travail \u00e9conome en \u00e9nergie et confortable\",\"offers\":{\"@type\":\"Offer\",\"url\":\"https:\/\/www.amazon.fr\/dp\/B0013BBSB0?tag=izidata07-21\",\"seller\":{\"@type\":\"Organization\",\"name\":\"Amazon\"},\"availability\":\"https:\/\/schema.org\/InStock\",\"price\":\"37.79\",\"priceCurrency\":\"EUR\",\"priceValidUntil\":\"2026-05-04\"}}},{\"@type\":\"ListItem\",\"position\":2,\"item\":{\"@type\":\"Product\",\"name\":\"Cisaille \u00e0 Gazon sans Fil Gardena ComfortCut Li : cisaille \u00e0 Gazon avec Largeur de Coupe de 8 cm, poign\u00e9e Confort r\u00e9glable avec Affichage LED, Changement de Lame sans Outils (9887-20)\",\"image\":\"https:\/\/m.media-amazon.com\/images\/I\/31GzLRkAJYL._SL500_.jpg\",\"sku\":\"B0BNLN8VYF\",\"productID\":\"B0BNLN8VYF\",\"brand\":{\"@type\":\"Brand\",\"name\":\"Gardena\"},\"description\":\"Lame de haute qualit\u00e9: Les lames antiadh\u00e9sives de haute qualit\u00e9 vous permettent d\u2019atteindre tous les recoins difficiles d\u2019acc\u00e8s de votre jardin et m\u00eame de tailler des buis Ergonomique et confortable: Poign\u00e9e compacte et maniable pour tous travaux gr\u00e2ce au m\u00e9canisme pivotant Indicateur de l\u2019\u00e9tat de charge dans la poign\u00e9e: L\u2019autonomie maximale est de 80 minutes avec une batterie enti\u00e8rement charg\u00e9e, ce qui correspond \u00e0 environ 1 400 m de bordures\",\"offers\":{\"@type\":\"Offer\",\"url\":\"https:\/\/www.amazon.fr\/dp\/B0BNLN8VYF?tag=izidata07-21\",\"seller\":{\"@type\":\"Organization\",\"name\":\"Amazon\"},\"availability\":\"https:\/\/schema.org\/InStock\",\"price\":\"78.29\",\"priceCurrency\":\"EUR\",\"priceValidUntil\":\"2026-05-04\"}}},{\"@type\":\"ListItem\",\"position\":3,\"item\":{\"@type\":\"Product\",\"name\":\"Cisaille \u00e0 Gazon sans Fil Gardena ClassicCut Li : cisaille \u00e0 Gazon avec Largeur de Coupe de 8 cm, poign\u00e9e Confortable avec indicateur d'\u00e9tat de Charge LED, Changement de Lame sans Outils (9884-20)\",\"image\":\"https:\/\/m.media-amazon.com\/images\/I\/31C37pAb0RL._SL500_.jpg\",\"sku\":\"B0BNLMFRKM\",\"productID\":\"B0BNLMFRKM\",\"brand\":{\"@type\":\"Brand\",\"name\":\"Gardena\"},\"description\":\"Lame de haute qualit\u00e9: Les lames antiadh\u00e9sives de haute qualit\u00e9 vous permettent d\u2019atteindre tous les recoins difficiles d\u2019acc\u00e8s de votre jardin et m\u00eame de tailler des buis Maniable et l\u00e9g\u00e8re: La poign\u00e9e ergonomique et le poids total de seulement 550 g font de la ClassicCut l\u2019outil de jardin id\u00e9al pour des travaux pr\u00e9cis au niveau des bordures L\u2019\u00e9tat de charge de la batterie en un coup d\u2019\u0153il: L\u2019affichage LED pratique indique \u00e0 tout moment l\u2019\u00e9tat de la batterie afin que vous puissiez la recharger \u00e0 temps, sans interrompre vos travaux\",\"offers\":{\"@type\":\"Offer\",\"url\":\"https:\/\/www.amazon.fr\/dp\/B0BNLMFRKM?tag=izidata07-21\",\"seller\":{\"@type\":\"Organization\",\"name\":\"Amazon\"},\"availability\":\"https:\/\/schema.org\/InStock\",\"price\":\"63.20\",\"priceCurrency\":\"EUR\",\"priceValidUntil\":\"2026-05-04\"}}}]}<\/script>\n<\/div>\n\n\n<div class=\"wp-block-media-text alignwide is-stacked-on-mobile\" style=\"grid-template-columns:29% auto\"><figure class=\"wp-block-media-text__media\"><img loading=\"lazy\" width=\"400\" height=\"266\" src=\"https:\/\/www.arrosagedujardin.fr\/guide\/wp-content\/uploads\/2019\/04\/arbuste-bien-taille.jpg\" alt=\"arbuste bien taill\u00e9\" class=\"wp-image-4321 size-full\" srcset=\"https:\/\/www.arrosagedujardin.fr\/guide\/wp-content\/uploads\/2019\/04\/arbuste-bien-taille.jpg 400w, https:\/\/www.arrosagedujardin.fr\/guide\/wp-content\/uploads\/2019\/04\/arbuste-bien-taille-300x200.jpg 300w\" sizes=\"(max-width: 400px) 100vw, 400px\" \/><\/figure><div class=\"wp-block-media-text__content\">\n<p>G\u00e9n\u00e9ralement, la meilleure p\u00e9riode est la fin de l\u2019hiver, en F\u00e9vrier ou Mars.<\/p>\n\n\n\n<p> Apr\u00e8s avoir laiss\u00e9 passer les fortes gel\u00e9es, sauf pour les arbustes \u00e0 floraison hivernale ou printani\u00e8re dont on attendra que les fleurs fanent. <\/p>\n\n\n\n<p>Certains arbustes comme l\u2019azal\u00e9e ou le cam\u00e9lia ne doivent pas \u00eatre taill\u00e9s mais juste d\u00e9barrass\u00e9s de leurs fleurs fan\u00e9es. <\/p>\n<\/div><\/div>\n\n\n\n<p>V\u00e9rifiez bien avant de vous lancer dans la taille car certains arbustes ne se remettent pas d\u2019une taille injustifi\u00e9e. <\/p>\n\n\n\n<h2><span class=\"ez-toc-section\" id=\"La_taille_de_formation\"><\/span>La taille de formation<span class=\"ez-toc-section-end\"><\/span><\/h2>\n\n\n\n<p> La taille de formation a \u00e9t\u00e9 initi\u00e9e par le p\u00e9pini\u00e9riste et vous devez la poursuivre encore quelques ann\u00e9es, selon l\u2019esp\u00e8ce et sa vitesse de croissance. <\/p>\n\n\n\n<p><strong>La premi\u00e8re ann\u00e9e apr\u00e8s la plantation<\/strong> : de novembre \u00e0 mars, pour que votre arbuste s\u2019\u00e9toffe, vous devez provoquer les ramifications en taillant ses branches de moiti\u00e9.<\/p>\n\n\n\n<p><strong>La deuxi\u00e8me ann\u00e9e<\/strong> : entre F\u00e9vrier et Mars, vous devez s\u00e9lectionner les ramures en coupant les branches les plus vigoureuses davantage que les plus faibles.<\/p>\n\n\n\n<p>L\u2019ensemble doit \u00eatre r\u00e9duit d\u2019un bon tiers et les brindilles ch\u00e9tives qui poussent au pied de l\u2019arbuste doivent \u00eatre \u00e9limin\u00e9es. <\/p>\n\n\n\n<p>La troisi\u00e8me ann\u00e9e : il est encore temps de sculpter la structure de l\u2019arbuste, profitez-en pour peaufiner sa forme harmonieuse et rectifier les d\u00e9fauts. <\/p>\n\n\n<div id=\"fox-b-2\"><div class=\"fox-placeholder fox-search-placeholder fox-skeleton-wrap fox-skeleton-wrap--grid\" data-search=\"1\" data-cache-key=\"656c09bb3015cf52c9dd\" data-keyword=\"taille haie gardena\" data-node=\"\" data-locale=\"FR\" data-count=\"3\" data-sort=\"Featured\" data-layout=\"grid\" data-title=\"\" data-class=\"\" data-source=\"block-smart\" data-worker=\"1\"><div class=\"fox-skeleton-card fox-skeleton-card--vertical\"><div class=\"fox-skeleton__image fox-skeleton__image--tall fox-shimmer\"><\/div><div class=\"fox-skeleton__body\"><div class=\"fox-skeleton__line fox-skeleton__line--title fox-shimmer\"><\/div><div class=\"fox-skeleton__line fox-skeleton__line--short fox-shimmer\"><\/div><div class=\"fox-skeleton__footer\"><div class=\"fox-skeleton__line fox-skeleton__line--price fox-shimmer\"><\/div><div class=\"fox-skeleton__line fox-skeleton__line--btn fox-shimmer\"><\/div><\/div><\/div><\/div><div class=\"fox-skeleton-card fox-skeleton-card--vertical\"><div class=\"fox-skeleton__image fox-skeleton__image--tall fox-shimmer\"><\/div><div class=\"fox-skeleton__body\"><div class=\"fox-skeleton__line fox-skeleton__line--title fox-shimmer\"><\/div><div class=\"fox-skeleton__line fox-skeleton__line--short fox-shimmer\"><\/div><div class=\"fox-skeleton__footer\"><div class=\"fox-skeleton__line fox-skeleton__line--price fox-shimmer\"><\/div><div class=\"fox-skeleton__line fox-skeleton__line--btn fox-shimmer\"><\/div><\/div><\/div><\/div><div class=\"fox-skeleton-card fox-skeleton-card--vertical\"><div class=\"fox-skeleton__image fox-skeleton__image--tall fox-shimmer\"><\/div><div class=\"fox-skeleton__body\"><div class=\"fox-skeleton__line fox-skeleton__line--title fox-shimmer\"><\/div><div class=\"fox-skeleton__line fox-skeleton__line--short fox-shimmer\"><\/div><div class=\"fox-skeleton__footer\"><div class=\"fox-skeleton__line fox-skeleton__line--price fox-shimmer\"><\/div><div class=\"fox-skeleton__line fox-skeleton__line--btn fox-shimmer\"><\/div><\/div><\/div><\/div><\/div><\/div>\n\n\n<h2><span class=\"ez-toc-section\" id=\"Taille_dentretien\"><\/span>Taille d&rsquo;entretien<span class=\"ez-toc-section-end\"><\/span><\/h2>\n\n\n\n<p> Chaque ann\u00e9e ensuite, il vous suffira de supprimer les branches mortes et de rectifier la forme que vous voulez donner \u00e0 votre arbuste. <\/p>\n\n\n\n<p> Pour les sp\u00e9cimens \u00e0 fleurs, attendez la fin de la floraison pour \u00e9liminer les fleurs fan\u00e9es. <\/p>\n\n\n\n<h2><span class=\"ez-toc-section\" id=\"Taille_des_arbustes_a_feuillage_caduc\"><\/span> <b>Taille des arbustes \u00e0 feuillage caduc<\/b> <span class=\"ez-toc-section-end\"><\/span><\/h2>\n\n\n\n<p> Ce sont les arbustes qui perdent leurs feuilles pendant l\u2019hiver. <\/p>\n\n\n\n<p> A l\u2019automne, vous pouvez effectuer une taille l\u00e9g\u00e8re pour \u00e9liminer les branches mortes ou malades et peaufiner leur forme. <\/p>\n\n\n\n<p> Pour les arbustes \u00e0 floraison printani\u00e8re, lorsque les fleurs ont fan\u00e9, supprimez-les et taillez l\u2019arbuste. <\/p>\n\n\n\n<p> Pour les arbustes \u00e0 floraison estivale, attendez la fin de l\u2019hiver pour supprimer les branches mortes et proc\u00e9der \u00e0 la taille. <\/p>\n\n\n\n<p> C\u2019est \u00e0 ce moment qu\u2019il convient d\u2019a\u00e9rer le centre pour qu\u2019il puisse respirer et capter la lumi\u00e8re, et d\u2019en profiter pour r\u00e9\u00e9quilibrer la forme que vous souhaitez lui donner. Coupez les plus vieilles branches \u00e0 cinq centim\u00e8tres du sol pour donner de la lumi\u00e8re. <\/p>\n\n\n\n<p> Tous les trois ans (ou plus selon la vitesse de croissance), vous pouvez rabattre les arbustes franchement pour leur redonner de la vigueur gr\u00e2ce \u00e0 une taille de rajeunissement. <\/p>\n\n\n\n<h2><span class=\"ez-toc-section\" id=\"Taille_des_arbustes_a_feuillage_persistant\"><\/span>Taille des arbustes \u00e0 feuillage persistant<span class=\"ez-toc-section-end\"><\/span><\/h2>\n\n\n<div id=\"fox-b-3\"><div class=\"fox-placeholder fox-search-placeholder fox-skeleton-wrap fox-skeleton-wrap--grid\" data-search=\"1\" data-cache-key=\"524cacd2171858188e7d\" data-keyword=\"kit outil jardinage gardena\" data-node=\"\" data-locale=\"FR\" data-count=\"3\" data-sort=\"Featured\" data-layout=\"grid\" data-title=\"\" data-class=\"\" data-source=\"block-smart\" data-worker=\"1\"><div class=\"fox-skeleton-card fox-skeleton-card--vertical\"><div class=\"fox-skeleton__image fox-skeleton__image--tall fox-shimmer\"><\/div><div class=\"fox-skeleton__body\"><div class=\"fox-skeleton__line fox-skeleton__line--title fox-shimmer\"><\/div><div class=\"fox-skeleton__line fox-skeleton__line--short fox-shimmer\"><\/div><div class=\"fox-skeleton__footer\"><div class=\"fox-skeleton__line fox-skeleton__line--price fox-shimmer\"><\/div><div class=\"fox-skeleton__line fox-skeleton__line--btn fox-shimmer\"><\/div><\/div><\/div><\/div><div class=\"fox-skeleton-card fox-skeleton-card--vertical\"><div class=\"fox-skeleton__image fox-skeleton__image--tall fox-shimmer\"><\/div><div class=\"fox-skeleton__body\"><div class=\"fox-skeleton__line fox-skeleton__line--title fox-shimmer\"><\/div><div class=\"fox-skeleton__line fox-skeleton__line--short fox-shimmer\"><\/div><div class=\"fox-skeleton__footer\"><div class=\"fox-skeleton__line fox-skeleton__line--price fox-shimmer\"><\/div><div class=\"fox-skeleton__line fox-skeleton__line--btn fox-shimmer\"><\/div><\/div><\/div><\/div><div class=\"fox-skeleton-card fox-skeleton-card--vertical\"><div class=\"fox-skeleton__image fox-skeleton__image--tall fox-shimmer\"><\/div><div class=\"fox-skeleton__body\"><div class=\"fox-skeleton__line fox-skeleton__line--title fox-shimmer\"><\/div><div class=\"fox-skeleton__line fox-skeleton__line--short fox-shimmer\"><\/div><div class=\"fox-skeleton__footer\"><div class=\"fox-skeleton__line fox-skeleton__line--price fox-shimmer\"><\/div><div class=\"fox-skeleton__line fox-skeleton__line--btn fox-shimmer\"><\/div><\/div><\/div><\/div><\/div><\/div>\n\n\n<p>Donc cela concerne les arbustes qui ne perdent jamais leurs feuilles. Au sortir de l\u2019hiver, vous pouvez effectuer la taille la plus s\u00e9v\u00e8re. <\/p>\n\n\n\n<p>C\u2019est elle qui va leur donner leur forme et elle est d\u2019autant plus importante s\u2019il <a href=\"https:\/\/www.arrosagedujardin.fr\/blog\/choisir-un-taille-haie-guide\/\">s\u2019agit de tailler une haie<\/a>. <\/p>\n\n\n\n<p>D\u00e8s le d\u00e9but de l\u2019\u00e9t\u00e9, c\u2019est le moment d\u2019une taille plus raisonnable ayant pour but de r\u00e9\u00e9quilibrer la forme des arbustes en supprimant les branches ayant pouss\u00e9 exag\u00e9r\u00e9ment. <\/p>\n\n\n\n<p> A l\u2019automne, la taille doit \u00eatre tr\u00e8s l\u00e9g\u00e8re pour ne pas fragiliser vos arbustes avant l\u2019arriv\u00e9e de l\u2019hiver et des gel\u00e9es. <\/p>\n\n\n\n<p> Il s\u2019agit seulement<a name=\"_GoBack\"><\/a><a name=\"_GoBack\"><\/a> d\u2019ajuster leur silhouette. <\/p>\n\n\n\n<p> La taille des arbustes est simple et somme toute intuitive. <\/p>\n\n\n\n<p> Elle est indispensable pour favoriser le d\u00e9veloppement de vos arbustes et la ma\u00eetrise de leur expansion et de leur forme. <\/p>\n\n\n\n<p> Elle est tr\u00e8s b\u00e9n\u00e9fique et offre une v\u00e9ritable cure de jouvence \u00e0 vos arbustes. <\/p>\n\n\n\n<h5><span class=\"ez-toc-section\" id=\"Autour_de_la_taille_des_arbres\"><\/span>Autour de la taille des arbres<span class=\"ez-toc-section-end\"><\/span><\/h5>\n\n\n\n<ul class=\"links\"><li id=\"1462f996-fe38-4fca-9fb3-6d0ff3732bd7-2494\"><a href=\"https:\/\/www.arrosagedujardin.fr\/guide\/taille-des-arbres-fruitiers-palisses\/\">Taille des arbres fruitiers paliss\u00e9s<\/a><\/li><li id=\"0d9250d7-5a3b-4093-a22e-8953747b29fa-3986\"><a href=\"https:\/\/www.arrosagedujardin.fr\/guide\/taille-des-haies\/\">Taille des haies<\/a><\/li><\/ul>\n","protected":false},"excerpt":{"rendered":"<p>Tout ce que vous devez savoir sur la taille des arbustes Les arbustes doivent \u00eatre taill\u00e9s pour deux raisons : Favoriser l\u2019apparition de nouvelles branches pour augmenter la ramification et am\u00e9liorer leur floraison Canaliser leur expansion pour limiter l\u2019espace occup\u00e9 et leur donner une forme harmonieuse. C\u2019est un exercice assez facile pour lequel il suffit [&hellip;]<\/p>\n","protected":false},"author":1,"featured_media":0,"parent":0,"menu_order":0,"comment_status":"closed","ping_status":"closed","template":"","meta":{"_links_to":"","_links_to_target":""},"yoast_head":"<!-- This site is optimized with the Yoast SEO plugin v20.6 - https:\/\/yoast.com\/wordpress\/plugins\/seo\/ -->\n<title>Taille des arbustes<\/title>\n<meta name=\"robots\" content=\"index, follow, max-snippet:-1, max-image-preview:large, max-video-preview:-1\" \/>\n<link rel=\"canonical\" href=\"https:\/\/www.arrosagedujardin.fr\/guide\/taille-des-arbustes\/\" \/>\n<meta property=\"og:locale\" content=\"fr_FR\" \/>\n<meta property=\"og:type\" content=\"article\" \/>\n<meta property=\"og:title\" content=\"Taille des arbustes\" \/>\n<meta property=\"og:description\" content=\"Tout ce que vous devez savoir sur la taille des arbustes Les arbustes doivent \u00eatre taill\u00e9s pour deux raisons : Favoriser l\u2019apparition de nouvelles branches pour augmenter la ramification et am\u00e9liorer leur floraison Canaliser leur expansion pour limiter l\u2019espace occup\u00e9 et leur donner une forme harmonieuse. C\u2019est un exercice assez facile pour lequel il suffit [&hellip;]\" \/>\n<meta property=\"og:url\" content=\"https:\/\/www.arrosagedujardin.fr\/guide\/taille-des-arbustes\/\" \/>\n<meta property=\"article:modified_time\" content=\"2026-04-27T17:59:57+00:00\" \/>\n<meta property=\"og:image\" content=\"https:\/\/www.arrosagedujardin.fr\/guide\/wp-content\/uploads\/2019\/04\/Haie-fleurie.jpg\" \/>\n<meta name=\"twitter:card\" content=\"summary_large_image\" \/>\n<meta name=\"twitter:label1\" content=\"Dur\u00e9e de lecture estim\u00e9e\" \/>\n\t<meta name=\"twitter:data1\" content=\"4 minutes\" \/>\n<script type=\"application\/ld+json\" class=\"yoast-schema-graph\">{\"@context\":\"https:\/\/schema.org\",\"@graph\":[{\"@type\":\"WebPage\",\"@id\":\"https:\/\/www.arrosagedujardin.fr\/guide\/taille-des-arbustes\/\",\"url\":\"https:\/\/www.arrosagedujardin.fr\/guide\/taille-des-arbustes\/\",\"name\":\"Taille des arbustes\",\"isPartOf\":{\"@id\":\"https:\/\/www.arrosagedujardin.fr\/guide\/#website\"},\"datePublished\":\"2019-04-15T08:53:49+00:00\",\"dateModified\":\"2026-04-27T17:59:57+00:00\",\"breadcrumb\":{\"@id\":\"https:\/\/www.arrosagedujardin.fr\/guide\/taille-des-arbustes\/#breadcrumb\"},\"inLanguage\":\"fr-FR\",\"potentialAction\":[{\"@type\":\"ReadAction\",\"target\":[\"https:\/\/www.arrosagedujardin.fr\/guide\/taille-des-arbustes\/\"]}]},{\"@type\":\"BreadcrumbList\",\"@id\":\"https:\/\/www.arrosagedujardin.fr\/guide\/taille-des-arbustes\/#breadcrumb\",\"itemListElement\":[{\"@type\":\"ListItem\",\"position\":1,\"name\":\"Home\",\"item\":\"https:\/\/www.arrosagedujardin.fr\/guide\/\"},{\"@type\":\"ListItem\",\"position\":2,\"name\":\"Taille des arbustes\"}]},{\"@type\":\"WebSite\",\"@id\":\"https:\/\/www.arrosagedujardin.fr\/guide\/#website\",\"url\":\"https:\/\/www.arrosagedujardin.fr\/guide\/\",\"name\":\"\",\"description\":\"Guide sur l&#039;entretien et l&#039;arrosage du jardin\",\"potentialAction\":[{\"@type\":\"SearchAction\",\"target\":{\"@type\":\"EntryPoint\",\"urlTemplate\":\"https:\/\/www.arrosagedujardin.fr\/guide\/?s={search_term_string}\"},\"query-input\":\"required name=search_term_string\"}],\"inLanguage\":\"fr-FR\"}]}<\/script>\n<!-- \/ Yoast SEO plugin. -->","yoast_head_json":{"title":"Taille des arbustes","robots":{"index":"index","follow":"follow","max-snippet":"max-snippet:-1","max-image-preview":"max-image-preview:large","max-video-preview":"max-video-preview:-1"},"canonical":"https:\/\/www.arrosagedujardin.fr\/guide\/taille-des-arbustes\/","og_locale":"fr_FR","og_type":"article","og_title":"Taille des arbustes","og_description":"Tout ce que vous devez savoir sur la taille des arbustes Les arbustes doivent \u00eatre taill\u00e9s pour deux raisons : Favoriser l\u2019apparition de nouvelles branches pour augmenter la ramification et am\u00e9liorer leur floraison Canaliser leur expansion pour limiter l\u2019espace occup\u00e9 et leur donner une forme harmonieuse. C\u2019est un exercice assez facile pour lequel il suffit [&hellip;]","og_url":"https:\/\/www.arrosagedujardin.fr\/guide\/taille-des-arbustes\/","article_modified_time":"2026-04-27T17:59:57+00:00","og_image":[{"url":"https:\/\/www.arrosagedujardin.fr\/guide\/wp-content\/uploads\/2019\/04\/Haie-fleurie.jpg"}],"twitter_card":"summary_large_image","twitter_misc":{"Dur\u00e9e de lecture estim\u00e9e":"4 minutes"},"schema":{"@context":"https:\/\/schema.org","@graph":[{"@type":"WebPage","@id":"https:\/\/www.arrosagedujardin.fr\/guide\/taille-des-arbustes\/","url":"https:\/\/www.arrosagedujardin.fr\/guide\/taille-des-arbustes\/","name":"Taille des arbustes","isPartOf":{"@id":"https:\/\/www.arrosagedujardin.fr\/guide\/#website"},"datePublished":"2019-04-15T08:53:49+00:00","dateModified":"2026-04-27T17:59:57+00:00","breadcrumb":{"@id":"https:\/\/www.arrosagedujardin.fr\/guide\/taille-des-arbustes\/#breadcrumb"},"inLanguage":"fr-FR","potentialAction":[{"@type":"ReadAction","target":["https:\/\/www.arrosagedujardin.fr\/guide\/taille-des-arbustes\/"]}]},{"@type":"BreadcrumbList","@id":"https:\/\/www.arrosagedujardin.fr\/guide\/taille-des-arbustes\/#breadcrumb","itemListElement":[{"@type":"ListItem","position":1,"name":"Home","item":"https:\/\/www.arrosagedujardin.fr\/guide\/"},{"@type":"ListItem","position":2,"name":"Taille des arbustes"}]},{"@type":"WebSite","@id":"https:\/\/www.arrosagedujardin.fr\/guide\/#website","url":"https:\/\/www.arrosagedujardin.fr\/guide\/","name":"","description":"Guide sur l&#039;entretien et l&#039;arrosage du jardin","potentialAction":[{"@type":"SearchAction","target":{"@type":"EntryPoint","urlTemplate":"https:\/\/www.arrosagedujardin.fr\/guide\/?s={search_term_string}"},"query-input":"required name=search_term_string"}],"inLanguage":"fr-FR"}]}},"_links":{"self":[{"href":"https:\/\/www.arrosagedujardin.fr\/guide\/wp-json\/wp\/v2\/pages\/3988"}],"collection":[{"href":"https:\/\/www.arrosagedujardin.fr\/guide\/wp-json\/wp\/v2\/pages"}],"about":[{"href":"https:\/\/www.arrosagedujardin.fr\/guide\/wp-json\/wp\/v2\/types\/page"}],"author":[{"embeddable":true,"href":"https:\/\/www.arrosagedujardin.fr\/guide\/wp-json\/wp\/v2\/users\/1"}],"replies":[{"embeddable":true,"href":"https:\/\/www.arrosagedujardin.fr\/guide\/wp-json\/wp\/v2\/comments?post=3988"}],"version-history":[{"count":33,"href":"https:\/\/www.arrosagedujardin.fr\/guide\/wp-json\/wp\/v2\/pages\/3988\/revisions"}],"predecessor-version":[{"id":8681,"href":"https:\/\/www.arrosagedujardin.fr\/guide\/wp-json\/wp\/v2\/pages\/3988\/revisions\/8681"}],"wp:attachment":[{"href":"https:\/\/www.arrosagedujardin.fr\/guide\/wp-json\/wp\/v2\/media?parent=3988"}],"curies":[{"name":"wp","href":"https:\/\/api.w.org\/{rel}","templated":true}]}}